{"id":307974,"date":"2025-11-01T15:22:32","date_gmt":"2025-11-01T14:22:32","guid":{"rendered":"https:\/\/devetoper.com\/properties\/vcalador\/"},"modified":"2025-11-01T15:22:32","modified_gmt":"2025-11-01T14:22:32","slug":"vcalador","status":"publish","type":"property","link":"https:\/\/devetoper.com\/de\/properties\/vcalador\/","title":{"rendered":"VCalaDor"},"content":{"rendered":"<p>\ud83c\udf0a Neue, einzigartige Entwicklung von modernen Villen in Cala d&#8217;Or (Alicante), Costa Blanca Nord \ud83d\udcc5 Fertigstellungstermin: bis zu 9 Monate nach Unterzeichnung des Reservierungsvertrags Diese Entwicklung, ist ein au\u00dfergew\u00f6hnlicher Ort, wo Meer und Design eine Einheit bilden. Es handelt sich um einen Raum f\u00fcr Menschen, die die Harmonie zwischen moderner Architektur, komfortablem Wohnen und der N\u00e4he zur Mittelmeerk\u00fcste suchen. ist eine au\u00dfergew\u00f6hnliche architektonische Investition, bei der Meer und Design eine Einheit bilden. Es handelt sich um eine Sammlung von 14 einzigartigen Residenzen:<\/p>\n<ul>\n<li>10 Pareados (Zwillings-Chalets) Villen Apollo und Astra<\/li>\n<li>4 unabh\u00e4ngige freistehende Villen Olimpo<\/li>\n<\/ul>\n<p>Auf einer nat\u00fcrlichen H\u00fcgelkuppe in Cala d&#8217;Or an der Costa Blanca gelegen, wurden diese H\u00e4user mit einem Augenmerk auf Gleichgewicht, Licht und Proportionen entworfen: &#8220;Hier baut man keine H\u00e4user &#8211; hier gestaltet man R\u00e4ume, um mit Harmonie, Sch\u00f6nheit und Zweckm\u00e4\u00dfigkeit zu leben. &#8220;Dies ist ein Projekt, bei dem Architektur, edle Materialien und Perfektion der Verarbeitung zusammenkommen, um ein unvergessliches Wohnerlebnis zu schaffen \ud83c\udfe1 Villenmodelle \ud83d\udd39 Modell Apolo &#8211;<span class=\"Apple-converted-space\"> <\/span>pareado house<\/p>\n<ul>\n<li>2 Schlafzimmer | 2 B\u00e4der<\/li>\n<li>Parzelle: 479 m\u00b2 | Fl\u00e4che: 116 m\u00b2<\/li>\n<li>Schwimmbad: 18 m\u00b2 \ud83d\udcb0 Preis ab: 540.000 \u20ac<\/li>\n<\/ul>\n<p>\ud83d\udd39 Astra Musterhaus<span class=\"Apple-converted-space\"> <\/span>pareado<\/p>\n<ul>\n<li>2-3 Schlafzimmer | 2 B\u00e4der<\/li>\n<li>Grundst\u00fccke von 416 m\u00b2 bis 565 m\u00b2 | Fl\u00e4che: 113-140 m\u00b2<\/li>\n<li>Schwimmbad: 18 m\u00b2 \ud83d\udcb0 Preis ab: 555.000 \u20ac<\/li>\n<\/ul>\n<p>\ud83d\udd39 Modell Olimpo &#8211; freistehende Villa<\/p>\n<ul>\n<li>4 Schlafzimmer | 3 B\u00e4der<\/li>\n<li>Grundst\u00fccke von 830 m\u00b2 bis 1.089 m\u00b2 | Fl\u00e4che: 182 m\u00b2<\/li>\n<li>Schwimmbad: 32 m\u00b2 \ud83d\udcb0 Preis ab: 870.000 \u20ac<\/li>\n<\/ul>\n<p>\u2728 Einzigartiges Konzept<\/p>\n<ul>\n<li>8 Astra Villen &#8211; wei\u00dfes, zeitgen\u00f6ssisches, skulpturales Design<\/li>\n<li>2 Villen Apolo &#8211; elegant, mit ausdrucksstarken Details in Anthrazit<\/li>\n<li>4 Villen Olimpo &#8211; eigenst\u00e4ndig, inspiriert durch das Modell Astra<\/li>\n<\/ul>\n<p>Jede Linie, jede Textur und Proportion wurde mit Absicht und Pr\u00e4zision entworfen. Die H\u00e4user wurden geschaffen, um zu inspirieren und zu \u00fcberdauern. \ud83c\udfd7\ufe0f Standard und Oberfl\u00e4chen Elysium Residences bieten eine exklusive Auswahl an Oberfl\u00e4chen als Standard, darunter.:<\/p>\n<p>\u2714\ufe0f Privater 18 m2 gro\u00dfer Swimmingpool und angelegte G\u00e4rten \u2714\ufe0f Ma\u00dfgeschneiderte Holzarbeiten \u2714\ufe0f Bodenhohe T\u00fcren \u2714\ufe0f K\u00fcchen und Wohnzimmer mit hochwertigen M\u00f6beln und Einbauger\u00e4ten \u2714\ufe0f PORCELANOSA-Oberfl\u00e4chen &#8211; ein strategischer Partner des Projekts \u2714\ufe0f Fu\u00dfb\u00f6den, die Innen- und Au\u00dfenbereiche nahtlos miteinander verbinden \u2714\ufe0f Individuelle Gestaltungsm\u00f6glichkeiten inklusive \u2714\ufe0f Porsche-Elektrofahrzeug-Ladeger\u00e4t serienm\u00e4\u00dfig \ud83c\udf0d Lage &#8211; Cala d&#8217;Or, Costa Blanca,<span style=\"font-family: var(--global-body-font-family)\"> befindet sich in einem der beliebtesten Teile der alicantinischen K\u00fcste. Ruhe, Steilk\u00fcste, versteckte Buchten und Panoramablick auf das Meer &#8211; und doch ist die gesamte Infrastruktur leicht zu erreichen<\/span>\ud83d\udccd Entfernungen:<\/p>\n<ul>\n<li>Strand &#8211; 2 km<\/li>\n<li>Flughafen Alicante &#8211; 30 Minuten<\/li>\n<li>Stadtzentrum von Alicante &#8211; 25 Minuten<\/li>\n<li>Krankenhaus San Juan &#8211; 25 min<\/li>\n<li>Europ\u00e4ische Schule von Alicante &#8211; 25 min<\/li>\n<li>Golf Bonalba &#8211; 15 min<\/li>\n<li>Benidorm &#8211; 20 min<\/li>\n<li>Terra M\u00edtica und Aqualandia &#8211; 15 min<\/li>\n<li>Apotheken und Superm\u00e4rkte &#8211; 1 min<\/li>\n<\/ul>\n<p>\ud83d\udddd\ufe0f Hauptvorteile<\/p>\n<ul>\n<li>14 exklusive Villen: Pareados und Unabh\u00e4ngige<\/li>\n<li>Grundst\u00fccke von 415 m\u00b2 bis 1.100 m\u00b2<\/li>\n<li>H\u00e4user mit 2-4 Schlafzimmern<\/li>\n<li>Privater Pool und Garten als Standard<\/li>\n<li>Hochwertige PORCELANOSA-Ausstattung<\/li>\n<li>Innenarchitektur und individuelle Gestaltungsm\u00f6glichkeiten<\/li>\n<li>Strand in 2 km Entfernung<\/li>\n<li>Preise ab \u20ac 540.000 &#8211; Schl\u00fcssel\u00fcbergabe<\/li>\n<\/ul>\n<p>\ud83d\udd14 Status der Entwicklung Derzeit in der Kommerzialisierungsphase, in Erwartung der endg\u00fcltigen Baugenehmigung. Sobald diese vorliegt, wird eine Mustervilla gebaut, und w\u00e4hrend des Open-House-Events k\u00f6nnen sich geladene G\u00e4ste &#8211; k\u00fcnftige Eigent\u00fcmer und Partner &#8211; pers\u00f6nlich von der Qualit\u00e4t der Ausf\u00fchrung \u00fcberzeugen. Wo Qualit\u00e4t die Regel und Zugeh\u00f6rigkeit das Privileg ist \ud83d\udce9 Kontaktieren Sie uns, um einen Besuch zu vereinbaren und sich \u00fcber verf\u00fcgbare Termine zu informieren Diese prestigetr\u00e4chtige Promotion bietet Designervillen &#8211; von intimen Pareado-H\u00e4usern bis hin zu luxuri\u00f6sen freistehenden Residenzen. Jedes Detail wurde entworfen, um ein Gef\u00fchl von Exklusivit\u00e4t und einen einzigartigen Lebensstil zu schaffen.<\/p>\n","protected":false},"excerpt":{"rendered":"<p>\ud83c\udf0a Neue, einzigartige Entwicklung von modernen Villen in Cala d&#8217;Or (Alicante), Costa Blanca Nord \ud83d\udcc5 Fertigstellungstermin: bis zu 9 Monate nach Unterzeichnung des Reservierungsvertrags Diese Entwicklung, ist ein au\u00dfergew\u00f6hnlicher Ort, wo Meer und Design eine Einheit bilden. Es handelt sich um einen Raum f\u00fcr Menschen, die die Harmonie zwischen moderner Architektur, komfortablem Wohnen und der&#8230;<\/p>\n","protected":false},"author":4,"featured_media":0,"menu_order":0,"template":"","meta":{"_acf_changed":false,"_kad_blocks_custom_css":"","_kad_blocks_head_custom_js":"","_kad_blocks_body_custom_js":"","_kad_blocks_footer_custom_js":"","_kad_post_transparent":"","_kad_post_title":"","_kad_post_layout":"","_kad_post_sidebar_id":"","_kad_post_content_style":"","_kad_post_vertical_padding":"","_kad_post_feature":"","_kad_post_feature_position":"","_kad_post_header":false,"_kad_post_footer":false,"_joinchat":[],"footnotes":""},"categories":[],"tags":[],"class_list":["post-307974","property","type-property","status-publish","hentry"],"acf":{"add_photos":[298601,298600,298596,298597,298603,298598,298599,298602,298604,298606,298607,298605,298609,298608],"video":""},"yoast_head":"<!-- This site is optimized with the Yoast SEO plugin v24.5 - https:\/\/yoast.com\/wordpress\/plugins\/seo\/ -->\n<title>VCalaDor - Devetoper<\/title>\n<meta name=\"robots\" content=\"noindex, follow\" \/>\n<meta property=\"og:locale\" content=\"de_DE\" \/>\n<meta property=\"og:type\" content=\"article\" \/>\n<meta property=\"og:title\" content=\"VCalaDor - Devetoper\" \/>\n<meta property=\"og:description\" content=\"\ud83c\udf0a Neue, einzigartige Entwicklung von modernen Villen in Cala d&#8217;Or (Alicante), Costa Blanca Nord \ud83d\udcc5 Fertigstellungstermin: bis zu 9 Monate nach Unterzeichnung des Reservierungsvertrags Diese Entwicklung, ist ein au\u00dfergew\u00f6hnlicher Ort, wo Meer und Design eine Einheit bilden. Es handelt sich um einen Raum f\u00fcr Menschen, die die Harmonie zwischen moderner Architektur, komfortablem Wohnen und der...\" \/>\n<meta property=\"og:url\" content=\"https:\/\/devetoper.com\/de\/properties\/vcalador\/\" \/>\n<meta property=\"og:site_name\" content=\"Devetoper\" \/>\n<meta property=\"article:publisher\" content=\"https:\/\/www.facebook.com\/DEVETOPERCOM\" \/>\n<meta property=\"og:image\" content=\"https:\/\/devetoper.com\/wp-content\/uploads\/2024\/05\/FALLBACK.png\" \/>\n\t<meta property=\"og:image:width\" content=\"1200\" \/>\n\t<meta property=\"og:image:height\" content=\"675\" \/>\n\t<meta property=\"og:image:type\" content=\"image\/png\" \/>\n<meta name=\"twitter:card\" content=\"summary_large_image\" \/>\n<meta name=\"twitter:site\" content=\"@DEVETOPER\" \/>\n<meta name=\"twitter:label1\" content=\"Gesch\u00e4tzte Lesezeit\" \/>\n\t<meta name=\"twitter:data1\" content=\"3 minute\" \/>\n<script type=\"application\/ld+json\" class=\"yoast-schema-graph\">{\"@context\":\"https:\/\/schema.org\",\"@graph\":[{\"@type\":[\"WebPage\",\"RealEstateListing\"],\"@id\":\"https:\/\/devetoper.com\/de\/properties\/vcalador\/\",\"url\":\"https:\/\/devetoper.com\/de\/properties\/vcalador\/\",\"name\":\"VCalaDor - Devetoper\",\"isPartOf\":{\"@id\":\"https:\/\/devetoper.com\/de\/#website\"},\"datePublished\":\"2025-11-01T14:22:32+00:00\",\"breadcrumb\":{\"@id\":\"https:\/\/devetoper.com\/de\/properties\/vcalador\/#breadcrumb\"},\"inLanguage\":\"de-DE\",\"potentialAction\":[{\"@type\":\"ReadAction\",\"target\":[\"https:\/\/devetoper.com\/de\/properties\/vcalador\/\"]}]},{\"@type\":\"BreadcrumbList\",\"@id\":\"https:\/\/devetoper.com\/de\/properties\/vcalador\/#breadcrumb\",\"itemListElement\":[{\"@type\":\"ListItem\",\"position\":1,\"name\":\"Startseite\",\"item\":\"https:\/\/devetoper.com\/de\/\"},{\"@type\":\"ListItem\",\"position\":2,\"name\":\"Properties\",\"item\":\"https:\/\/devetoper.com\/de\/properties\/\"},{\"@type\":\"ListItem\",\"position\":3,\"name\":\"VCalaDor\"}]},{\"@type\":\"WebSite\",\"@id\":\"https:\/\/devetoper.com\/de\/#website\",\"url\":\"https:\/\/devetoper.com\/de\/\",\"name\":\"Devetoper\",\"description\":\"\u041f\u0440\u043e\u0444\u0435\u0441\u0441\u0438\u043e\u043d\u0430\u043b\u0438\u0437\u043c, \u043e\u0431\u0435\u0441\u043f\u0435\u0447\u0438\u0432\u0430\u044e\u0449\u0438\u0439 \u0431\u0435\u0437\u043e\u043f\u0430\u0441\u043d\u043e\u0441\u0442\u044c \u043a\u0430\u0436\u0434\u043e\u0439 \u0442\u0440\u0430\u043d\u0437\u0430\u043a\u0446\u0438\u0438\",\"publisher\":{\"@id\":\"https:\/\/devetoper.com\/de\/#organization\"},\"potentialAction\":[{\"@type\":\"SearchAction\",\"target\":{\"@type\":\"EntryPoint\",\"urlTemplate\":\"https:\/\/devetoper.com\/de\/?s={search_term_string}\"},\"query-input\":{\"@type\":\"PropertyValueSpecification\",\"valueRequired\":true,\"valueName\":\"search_term_string\"}}],\"inLanguage\":\"de-DE\"},{\"@type\":\"Organization\",\"@id\":\"https:\/\/devetoper.com\/de\/#organization\",\"name\":\"Devetoper\",\"url\":\"https:\/\/devetoper.com\/de\/\",\"logo\":{\"@type\":\"ImageObject\",\"inLanguage\":\"de-DE\",\"@id\":\"https:\/\/devetoper.com\/de\/#\/schema\/logo\/image\/\",\"url\":\"https:\/\/devetoper.com\/wp-content\/uploads\/2024\/05\/ORG_FALLBACK.png\",\"contentUrl\":\"https:\/\/devetoper.com\/wp-content\/uploads\/2024\/05\/ORG_FALLBACK.png\",\"width\":696,\"height\":696,\"caption\":\"Devetoper\"},\"image\":{\"@id\":\"https:\/\/devetoper.com\/de\/#\/schema\/logo\/image\/\"},\"sameAs\":[\"https:\/\/www.facebook.com\/DEVETOPERCOM\",\"https:\/\/x.com\/DEVETOPER\",\"https:\/\/www.youtube.com\/channel\/UCRF8haCQIXnFKmW464sqApQ\",\"https:\/\/www.tiktok.com\/@devetoper\",\"https:\/\/www.instagram.com\/devetoper_\/\"]}]}<\/script>\n<!-- \/ Yoast SEO plugin. -->","yoast_head_json":{"title":"VCalaDor - Devetoper","robots":{"index":"noindex","follow":"follow"},"og_locale":"de_DE","og_type":"article","og_title":"VCalaDor - Devetoper","og_description":"\ud83c\udf0a Neue, einzigartige Entwicklung von modernen Villen in Cala d&#8217;Or (Alicante), Costa Blanca Nord \ud83d\udcc5 Fertigstellungstermin: bis zu 9 Monate nach Unterzeichnung des Reservierungsvertrags Diese Entwicklung, ist ein au\u00dfergew\u00f6hnlicher Ort, wo Meer und Design eine Einheit bilden. Es handelt sich um einen Raum f\u00fcr Menschen, die die Harmonie zwischen moderner Architektur, komfortablem Wohnen und der...","og_url":"https:\/\/devetoper.com\/de\/properties\/vcalador\/","og_site_name":"Devetoper","article_publisher":"https:\/\/www.facebook.com\/DEVETOPERCOM","og_image":[{"width":1200,"height":675,"url":"https:\/\/devetoper.com\/wp-content\/uploads\/2024\/05\/FALLBACK.png","type":"image\/png"}],"twitter_card":"summary_large_image","twitter_site":"@DEVETOPER","twitter_misc":{"Gesch\u00e4tzte Lesezeit":"3 minute"},"schema":{"@context":"https:\/\/schema.org","@graph":[{"@type":["WebPage","RealEstateListing"],"@id":"https:\/\/devetoper.com\/de\/properties\/vcalador\/","url":"https:\/\/devetoper.com\/de\/properties\/vcalador\/","name":"VCalaDor - Devetoper","isPartOf":{"@id":"https:\/\/devetoper.com\/de\/#website"},"datePublished":"2025-11-01T14:22:32+00:00","breadcrumb":{"@id":"https:\/\/devetoper.com\/de\/properties\/vcalador\/#breadcrumb"},"inLanguage":"de-DE","potentialAction":[{"@type":"ReadAction","target":["https:\/\/devetoper.com\/de\/properties\/vcalador\/"]}]},{"@type":"BreadcrumbList","@id":"https:\/\/devetoper.com\/de\/properties\/vcalador\/#breadcrumb","itemListElement":[{"@type":"ListItem","position":1,"name":"Startseite","item":"https:\/\/devetoper.com\/de\/"},{"@type":"ListItem","position":2,"name":"Properties","item":"https:\/\/devetoper.com\/de\/properties\/"},{"@type":"ListItem","position":3,"name":"VCalaDor"}]},{"@type":"WebSite","@id":"https:\/\/devetoper.com\/de\/#website","url":"https:\/\/devetoper.com\/de\/","name":"Devetoper","description":"\u041f\u0440\u043e\u0444\u0435\u0441\u0441\u0438\u043e\u043d\u0430\u043b\u0438\u0437\u043c, \u043e\u0431\u0435\u0441\u043f\u0435\u0447\u0438\u0432\u0430\u044e\u0449\u0438\u0439 \u0431\u0435\u0437\u043e\u043f\u0430\u0441\u043d\u043e\u0441\u0442\u044c \u043a\u0430\u0436\u0434\u043e\u0439 \u0442\u0440\u0430\u043d\u0437\u0430\u043a\u0446\u0438\u0438","publisher":{"@id":"https:\/\/devetoper.com\/de\/#organization"},"potentialAction":[{"@type":"SearchAction","target":{"@type":"EntryPoint","urlTemplate":"https:\/\/devetoper.com\/de\/?s={search_term_string}"},"query-input":{"@type":"PropertyValueSpecification","valueRequired":true,"valueName":"search_term_string"}}],"inLanguage":"de-DE"},{"@type":"Organization","@id":"https:\/\/devetoper.com\/de\/#organization","name":"Devetoper","url":"https:\/\/devetoper.com\/de\/","logo":{"@type":"ImageObject","inLanguage":"de-DE","@id":"https:\/\/devetoper.com\/de\/#\/schema\/logo\/image\/","url":"https:\/\/devetoper.com\/wp-content\/uploads\/2024\/05\/ORG_FALLBACK.png","contentUrl":"https:\/\/devetoper.com\/wp-content\/uploads\/2024\/05\/ORG_FALLBACK.png","width":696,"height":696,"caption":"Devetoper"},"image":{"@id":"https:\/\/devetoper.com\/de\/#\/schema\/logo\/image\/"},"sameAs":["https:\/\/www.facebook.com\/DEVETOPERCOM","https:\/\/x.com\/DEVETOPER","https:\/\/www.youtube.com\/channel\/UCRF8haCQIXnFKmW464sqApQ","https:\/\/www.tiktok.com\/@devetoper","https:\/\/www.instagram.com\/devetoper_\/"]}]}},"taxonomy_info":[],"featured_image_src_large":false,"author_info":{"display_name":"DEVETOPER","author_link":"https:\/\/devetoper.com\/de\/author\/main-agency\/"},"comment_info":"","jetpack_sharing_enabled":true,"_links":{"self":[{"href":"https:\/\/devetoper.com\/de\/wp-json\/wp\/v2\/property\/307974","targetHints":{"allow":["GET"]}}],"collection":[{"href":"https:\/\/devetoper.com\/de\/wp-json\/wp\/v2\/property"}],"about":[{"href":"https:\/\/devetoper.com\/de\/wp-json\/wp\/v2\/types\/property"}],"author":[{"embeddable":true,"href":"https:\/\/devetoper.com\/de\/wp-json\/wp\/v2\/users\/4"}],"version-history":[{"count":0,"href":"https:\/\/devetoper.com\/de\/wp-json\/wp\/v2\/property\/307974\/revisions"}],"acf:attachment":[{"embeddable":true,"href":"https:\/\/devetoper.com\/de\/wp-json\/wp\/v2\/media\/298608"},{"embeddable":true,"href":"https:\/\/devetoper.com\/de\/wp-json\/wp\/v2\/media\/298609"},{"embeddable":true,"href":"https:\/\/devetoper.com\/de\/wp-json\/wp\/v2\/media\/298605"},{"embeddable":true,"href":"https:\/\/devetoper.com\/de\/wp-json\/wp\/v2\/media\/298607"},{"embeddable":true,"href":"https:\/\/devetoper.com\/de\/wp-json\/wp\/v2\/media\/298606"},{"embeddable":true,"href":"https:\/\/devetoper.com\/de\/wp-json\/wp\/v2\/media\/298604"},{"embeddable":true,"href":"https:\/\/devetoper.com\/de\/wp-json\/wp\/v2\/media\/298602"},{"embeddable":true,"href":"https:\/\/devetoper.com\/de\/wp-json\/wp\/v2\/media\/298599"},{"embeddable":true,"href":"https:\/\/devetoper.com\/de\/wp-json\/wp\/v2\/media\/298598"},{"embeddable":true,"href":"https:\/\/devetoper.com\/de\/wp-json\/wp\/v2\/media\/298603"},{"embeddable":true,"href":"https:\/\/devetoper.com\/de\/wp-json\/wp\/v2\/media\/298597"},{"embeddable":true,"href":"https:\/\/devetoper.com\/de\/wp-json\/wp\/v2\/media\/298596"},{"embeddable":true,"href":"https:\/\/devetoper.com\/de\/wp-json\/wp\/v2\/media\/298600"},{"embeddable":true,"href":"https:\/\/devetoper.com\/de\/wp-json\/wp\/v2\/media\/298601"}],"wp:attachment":[{"href":"https:\/\/devetoper.com\/de\/wp-json\/wp\/v2\/media?parent=307974"}],"wp:term":[{"taxonomy":"category","embeddable":true,"href":"https:\/\/devetoper.com\/de\/wp-json\/wp\/v2\/categories?post=307974"},{"taxonomy":"post_tag","embeddable":true,"href":"https:\/\/devetoper.com\/de\/wp-json\/wp\/v2\/tags?post=307974"}],"curies":[{"name":"wp","href":"https:\/\/api.w.org\/{rel}","templated":true}]}}