{"id":328319,"date":"2025-12-11T23:42:45","date_gmt":"2025-12-11T22:42:45","guid":{"rendered":"https:\/\/devetoper.com\/properties\/his-964\/"},"modified":"2025-12-11T23:42:45","modified_gmt":"2025-12-11T22:42:45","slug":"his-964","status":"publish","type":"property","link":"https:\/\/devetoper.com\/de\/properties\/his-964\/","title":{"rendered":"HIS 964"},"content":{"rendered":"<div id=\"comp222325-203238899-row\" class=\"comp-row p-0 justify-content-center row position-relative  \">\n<div id=\"comp222325-203238899\" class=\"comp-mod  col-12 col-md-12 col-lg-6 p-0 page_container    row g-0\">\n<div class=\"position-relative p-0 g-0 cntb-5-block   ps-0 ps-lg-0 \"><img decoding=\"async\" class=\"cntb-img lazy cntb-5-0-archivo col-lg-12 ps-0 align-self-center entered loaded\" src=\"https:\/\/adm.aelca.es\/material\/aelca_blog_img\/8582_1683789892_230509_aleca_santander_noroeste.jpg\" alt=\"8582_1683789892_230509_aleca_santander_noroeste.jpg\" width=\"\" height=\"\" data-src=\"https:\/\/adm.aelca.es\/material\/aelca_blog_img\/8582_1683789892_230509_aleca_santander_noroeste.jpg\" data-ll-status=\"loaded\" \/><\/p>\n<div class=\"cntb-prev   cntb-text cntb-5-1-pie-de-foto   \"><\/div>\n<\/div>\n<\/div>\n<div id=\"comp222325-203238900\" class=\"comp-mod  col-12 col-md-12 col-lg-6 p-0 page_container    row g-0\">\n<div class=\"position-relative p-0 g-0 cntb-5-block   ps-0 ps-lg-0 \"><img decoding=\"async\" class=\"cntb-img lazy cntb-5-0-archivo col-lg-12 ps-0 align-self-center entered loaded\" src=\"https:\/\/adm.aelca.es\/material\/aelca_blog_img\/8583_1683789898_230510_aelca_santander_terraza.jpg\" alt=\"8583_1683789898_230510_aelca_santander_terraza.jpg\" width=\"\" height=\"\" data-src=\"https:\/\/adm.aelca.es\/material\/aelca_blog_img\/8583_1683789898_230510_aelca_santander_terraza.jpg\" data-ll-status=\"loaded\" \/><\/div>\n<\/div>\n<div>\n<h3 class=\"project-intro pb-0\"><span dir=\"auto\">Das Projekt Santander Avenue II besteht aus 70 Wohnungen mit 2 und 3 Schlafzimmern.<\/span><\/h3>\n<\/div>\n<\/div>\n<div id=\"comp222325-203238902-row\" class=\"comp-row p-0 justify-content-center row position-relative  \">\n<div id=\"comp222325-203238902\" class=\"comp-mod  col-12 col-md-12 col-lg-12 p-0 page_container   pt-lg-1  pb-lg-3  pt-lg-1  pb-lg-3   row g-0\">\n<div class=\"position-relative p-0 g-0 cntb-34-block  \">\n<div class=\"cntb-prev textlong203238902___52_   cntb-text cntb-34-0-texto \">\n<h2 class=\"textlong203238902___52_0\"><span class=\"textlong203238902___52_1\"><strong><span dir=\"auto\">Entdecken Sie Alei Santander II<\/span><\/strong><\/span><\/h2>\n<p><span class=\"textlong203238902___52_2\"><span dir=\"auto\">Alei Santander II ist ein gro\u00dfes Projekt, das aus 70 H\u00e4usern mit 2 und 3 Schlafzimmern, Terrasse, Parkplatz und Abstellraum besteht. <\/span><\/span><\/p>\n<p class=\"textlong203238902___52_3\"><span class=\"textlong203238902___52_2\"><span dir=\"auto\">Die H\u00e4user zeichnen sich durch ein modernes und funktionelles Design aus, das alle Ihre Bed\u00fcrfnisse erf\u00fcllt und maximalen Komfort bietet. Die K\u00fcche ist m\u00f6bliert und mit Haushaltsger\u00e4ten ausgestattet: Backofen, Mikrowelle, Cerankochfeld und Dunstabzugshaube.<\/span><\/span><\/p>\n<p class=\"textlong203238902___52_3\"><span class=\"textlong203238902___52_2\"><span dir=\"auto\">Damit Sie Ihr Haus genau so einrichten k\u00f6nnen, wie Sie es sich vorgestellt haben, bieten wir Ihnen die M\u00f6glichkeit, die Oberfl\u00e4chen der B\u00e4der und der K\u00fcche sowie der B\u00f6den im Haus individuell zu gestalten.<\/span><\/span><\/p>\n<p>F\u00dcR WEITERE INFORMATIONEN ZU DIESEM ANGEBOT WENDEN SIE SICH BITTE AN UNSEREN VERTRETER!!!!!!!!!!!!!!!!!!!!!!!!!!!!<\/p><\/div>\n<\/div>\n<\/div>\n<\/div>\n","protected":false},"excerpt":{"rendered":"<p>Das Projekt Santander Avenue II besteht aus 70 Wohnungen mit 2 und 3 Schlafzimmern. Entdecken Sie Alei Santander II Alei Santander II ist ein gro\u00dfes Projekt, das aus 70 H\u00e4usern mit 2 und 3 Schlafzimmern, Terrasse, Parkplatz und Abstellraum besteht. Die H\u00e4user zeichnen sich durch ein modernes und funktionelles Design aus, das alle Ihre Bed\u00fcrfnisse&#8230;<\/p>\n","protected":false},"author":1156,"featured_media":0,"menu_order":0,"template":"","meta":{"_acf_changed":false,"_kad_blocks_custom_css":"","_kad_blocks_head_custom_js":"","_kad_blocks_body_custom_js":"","_kad_blocks_footer_custom_js":"","_kad_post_transparent":"","_kad_post_title":"","_kad_post_layout":"","_kad_post_sidebar_id":"","_kad_post_content_style":"","_kad_post_vertical_padding":"","_kad_post_feature":"","_kad_post_feature_position":"","_kad_post_header":false,"_kad_post_footer":false,"_joinchat":[],"footnotes":""},"categories":[],"tags":[],"class_list":["post-328319","property","type-property","status-publish","hentry"],"acf":{"add_photos":[316053,316054,316055,316056,316057,316058,316059,316060],"video":""},"yoast_head":"<!-- This site is optimized with the Yoast SEO plugin v24.5 - https:\/\/yoast.com\/wordpress\/plugins\/seo\/ -->\n<title>HIS 964 - Devetoper<\/title>\n<meta name=\"robots\" content=\"noindex, follow\" \/>\n<meta property=\"og:locale\" content=\"de_DE\" \/>\n<meta property=\"og:type\" content=\"article\" \/>\n<meta property=\"og:title\" content=\"HIS 964 - Devetoper\" \/>\n<meta property=\"og:description\" content=\"Das Projekt Santander Avenue II besteht aus 70 Wohnungen mit 2 und 3 Schlafzimmern. Entdecken Sie Alei Santander II Alei Santander II ist ein gro\u00dfes Projekt, das aus 70 H\u00e4usern mit 2 und 3 Schlafzimmern, Terrasse, Parkplatz und Abstellraum besteht. Die H\u00e4user zeichnen sich durch ein modernes und funktionelles Design aus, das alle Ihre Bed\u00fcrfnisse...\" \/>\n<meta property=\"og:url\" content=\"https:\/\/devetoper.com\/de\/properties\/his-964\/\" \/>\n<meta property=\"og:site_name\" content=\"Devetoper\" \/>\n<meta property=\"article:publisher\" content=\"https:\/\/www.facebook.com\/DEVETOPERCOM\" \/>\n<meta property=\"og:image\" content=\"https:\/\/adm.aelca.es\/material\/aelca_blog_img\/8582_1683789892_230509_aleca_santander_noroeste.jpg\" \/>\n<meta name=\"twitter:card\" content=\"summary_large_image\" \/>\n<meta name=\"twitter:site\" content=\"@DEVETOPER\" \/>\n<meta name=\"twitter:label1\" content=\"Gesch\u00e4tzte Lesezeit\" \/>\n\t<meta name=\"twitter:data1\" content=\"1 minute\" \/>\n<script type=\"application\/ld+json\" class=\"yoast-schema-graph\">{\"@context\":\"https:\/\/schema.org\",\"@graph\":[{\"@type\":[\"WebPage\",\"RealEstateListing\"],\"@id\":\"https:\/\/devetoper.com\/de\/properties\/his-964\/\",\"url\":\"https:\/\/devetoper.com\/de\/properties\/his-964\/\",\"name\":\"HIS 964 - Devetoper\",\"isPartOf\":{\"@id\":\"https:\/\/devetoper.com\/de\/#website\"},\"primaryImageOfPage\":{\"@id\":\"https:\/\/devetoper.com\/de\/properties\/his-964\/#primaryimage\"},\"image\":{\"@id\":\"https:\/\/devetoper.com\/de\/properties\/his-964\/#primaryimage\"},\"thumbnailUrl\":\"https:\/\/adm.aelca.es\/material\/aelca_blog_img\/8582_1683789892_230509_aleca_santander_noroeste.jpg\",\"datePublished\":\"2025-12-11T22:42:45+00:00\",\"breadcrumb\":{\"@id\":\"https:\/\/devetoper.com\/de\/properties\/his-964\/#breadcrumb\"},\"inLanguage\":\"de-DE\",\"potentialAction\":[{\"@type\":\"ReadAction\",\"target\":[\"https:\/\/devetoper.com\/de\/properties\/his-964\/\"]}]},{\"@type\":\"ImageObject\",\"inLanguage\":\"de-DE\",\"@id\":\"https:\/\/devetoper.com\/de\/properties\/his-964\/#primaryimage\",\"url\":\"https:\/\/adm.aelca.es\/material\/aelca_blog_img\/8582_1683789892_230509_aleca_santander_noroeste.jpg\",\"contentUrl\":\"https:\/\/adm.aelca.es\/material\/aelca_blog_img\/8582_1683789892_230509_aleca_santander_noroeste.jpg\"},{\"@type\":\"BreadcrumbList\",\"@id\":\"https:\/\/devetoper.com\/de\/properties\/his-964\/#breadcrumb\",\"itemListElement\":[{\"@type\":\"ListItem\",\"position\":1,\"name\":\"Startseite\",\"item\":\"https:\/\/devetoper.com\/de\/\"},{\"@type\":\"ListItem\",\"position\":2,\"name\":\"Properties\",\"item\":\"https:\/\/devetoper.com\/de\/properties\/\"},{\"@type\":\"ListItem\",\"position\":3,\"name\":\"HIS 964\"}]},{\"@type\":\"WebSite\",\"@id\":\"https:\/\/devetoper.com\/de\/#website\",\"url\":\"https:\/\/devetoper.com\/de\/\",\"name\":\"Devetoper\",\"description\":\"\u041f\u0440\u043e\u0444\u0435\u0441\u0441\u0438\u043e\u043d\u0430\u043b\u0438\u0437\u043c, \u043e\u0431\u0435\u0441\u043f\u0435\u0447\u0438\u0432\u0430\u044e\u0449\u0438\u0439 \u0431\u0435\u0437\u043e\u043f\u0430\u0441\u043d\u043e\u0441\u0442\u044c \u043a\u0430\u0436\u0434\u043e\u0439 \u0442\u0440\u0430\u043d\u0437\u0430\u043a\u0446\u0438\u0438\",\"publisher\":{\"@id\":\"https:\/\/devetoper.com\/de\/#organization\"},\"potentialAction\":[{\"@type\":\"SearchAction\",\"target\":{\"@type\":\"EntryPoint\",\"urlTemplate\":\"https:\/\/devetoper.com\/de\/?s={search_term_string}\"},\"query-input\":{\"@type\":\"PropertyValueSpecification\",\"valueRequired\":true,\"valueName\":\"search_term_string\"}}],\"inLanguage\":\"de-DE\"},{\"@type\":\"Organization\",\"@id\":\"https:\/\/devetoper.com\/de\/#organization\",\"name\":\"Devetoper\",\"url\":\"https:\/\/devetoper.com\/de\/\",\"logo\":{\"@type\":\"ImageObject\",\"inLanguage\":\"de-DE\",\"@id\":\"https:\/\/devetoper.com\/de\/#\/schema\/logo\/image\/\",\"url\":\"https:\/\/devetoper.com\/wp-content\/uploads\/2024\/05\/ORG_FALLBACK.png\",\"contentUrl\":\"https:\/\/devetoper.com\/wp-content\/uploads\/2024\/05\/ORG_FALLBACK.png\",\"width\":696,\"height\":696,\"caption\":\"Devetoper\"},\"image\":{\"@id\":\"https:\/\/devetoper.com\/de\/#\/schema\/logo\/image\/\"},\"sameAs\":[\"https:\/\/www.facebook.com\/DEVETOPERCOM\",\"https:\/\/x.com\/DEVETOPER\",\"https:\/\/www.youtube.com\/channel\/UCRF8haCQIXnFKmW464sqApQ\",\"https:\/\/www.tiktok.com\/@devetoper\",\"https:\/\/www.instagram.com\/devetoper_\/\"]}]}<\/script>\n<!-- \/ Yoast SEO plugin. -->","yoast_head_json":{"title":"HIS 964 - Devetoper","robots":{"index":"noindex","follow":"follow"},"og_locale":"de_DE","og_type":"article","og_title":"HIS 964 - Devetoper","og_description":"Das Projekt Santander Avenue II besteht aus 70 Wohnungen mit 2 und 3 Schlafzimmern. Entdecken Sie Alei Santander II Alei Santander II ist ein gro\u00dfes Projekt, das aus 70 H\u00e4usern mit 2 und 3 Schlafzimmern, Terrasse, Parkplatz und Abstellraum besteht. Die H\u00e4user zeichnen sich durch ein modernes und funktionelles Design aus, das alle Ihre Bed\u00fcrfnisse...","og_url":"https:\/\/devetoper.com\/de\/properties\/his-964\/","og_site_name":"Devetoper","article_publisher":"https:\/\/www.facebook.com\/DEVETOPERCOM","og_image":[{"url":"https:\/\/adm.aelca.es\/material\/aelca_blog_img\/8582_1683789892_230509_aleca_santander_noroeste.jpg","type":"","width":"","height":""}],"twitter_card":"summary_large_image","twitter_site":"@DEVETOPER","twitter_misc":{"Gesch\u00e4tzte Lesezeit":"1 minute"},"schema":{"@context":"https:\/\/schema.org","@graph":[{"@type":["WebPage","RealEstateListing"],"@id":"https:\/\/devetoper.com\/de\/properties\/his-964\/","url":"https:\/\/devetoper.com\/de\/properties\/his-964\/","name":"HIS 964 - Devetoper","isPartOf":{"@id":"https:\/\/devetoper.com\/de\/#website"},"primaryImageOfPage":{"@id":"https:\/\/devetoper.com\/de\/properties\/his-964\/#primaryimage"},"image":{"@id":"https:\/\/devetoper.com\/de\/properties\/his-964\/#primaryimage"},"thumbnailUrl":"https:\/\/adm.aelca.es\/material\/aelca_blog_img\/8582_1683789892_230509_aleca_santander_noroeste.jpg","datePublished":"2025-12-11T22:42:45+00:00","breadcrumb":{"@id":"https:\/\/devetoper.com\/de\/properties\/his-964\/#breadcrumb"},"inLanguage":"de-DE","potentialAction":[{"@type":"ReadAction","target":["https:\/\/devetoper.com\/de\/properties\/his-964\/"]}]},{"@type":"ImageObject","inLanguage":"de-DE","@id":"https:\/\/devetoper.com\/de\/properties\/his-964\/#primaryimage","url":"https:\/\/adm.aelca.es\/material\/aelca_blog_img\/8582_1683789892_230509_aleca_santander_noroeste.jpg","contentUrl":"https:\/\/adm.aelca.es\/material\/aelca_blog_img\/8582_1683789892_230509_aleca_santander_noroeste.jpg"},{"@type":"BreadcrumbList","@id":"https:\/\/devetoper.com\/de\/properties\/his-964\/#breadcrumb","itemListElement":[{"@type":"ListItem","position":1,"name":"Startseite","item":"https:\/\/devetoper.com\/de\/"},{"@type":"ListItem","position":2,"name":"Properties","item":"https:\/\/devetoper.com\/de\/properties\/"},{"@type":"ListItem","position":3,"name":"HIS 964"}]},{"@type":"WebSite","@id":"https:\/\/devetoper.com\/de\/#website","url":"https:\/\/devetoper.com\/de\/","name":"Devetoper","description":"\u041f\u0440\u043e\u0444\u0435\u0441\u0441\u0438\u043e\u043d\u0430\u043b\u0438\u0437\u043c, \u043e\u0431\u0435\u0441\u043f\u0435\u0447\u0438\u0432\u0430\u044e\u0449\u0438\u0439 \u0431\u0435\u0437\u043e\u043f\u0430\u0441\u043d\u043e\u0441\u0442\u044c \u043a\u0430\u0436\u0434\u043e\u0439 \u0442\u0440\u0430\u043d\u0437\u0430\u043a\u0446\u0438\u0438","publisher":{"@id":"https:\/\/devetoper.com\/de\/#organization"},"potentialAction":[{"@type":"SearchAction","target":{"@type":"EntryPoint","urlTemplate":"https:\/\/devetoper.com\/de\/?s={search_term_string}"},"query-input":{"@type":"PropertyValueSpecification","valueRequired":true,"valueName":"search_term_string"}}],"inLanguage":"de-DE"},{"@type":"Organization","@id":"https:\/\/devetoper.com\/de\/#organization","name":"Devetoper","url":"https:\/\/devetoper.com\/de\/","logo":{"@type":"ImageObject","inLanguage":"de-DE","@id":"https:\/\/devetoper.com\/de\/#\/schema\/logo\/image\/","url":"https:\/\/devetoper.com\/wp-content\/uploads\/2024\/05\/ORG_FALLBACK.png","contentUrl":"https:\/\/devetoper.com\/wp-content\/uploads\/2024\/05\/ORG_FALLBACK.png","width":696,"height":696,"caption":"Devetoper"},"image":{"@id":"https:\/\/devetoper.com\/de\/#\/schema\/logo\/image\/"},"sameAs":["https:\/\/www.facebook.com\/DEVETOPERCOM","https:\/\/x.com\/DEVETOPER","https:\/\/www.youtube.com\/channel\/UCRF8haCQIXnFKmW464sqApQ","https:\/\/www.tiktok.com\/@devetoper","https:\/\/www.instagram.com\/devetoper_\/"]}]}},"taxonomy_info":[],"featured_image_src_large":false,"author_info":{"display_name":"DEVETOPER","author_link":"https:\/\/devetoper.com\/de\/author\/devetoper\/"},"comment_info":"","jetpack_sharing_enabled":true,"_links":{"self":[{"href":"https:\/\/devetoper.com\/de\/wp-json\/wp\/v2\/property\/328319","targetHints":{"allow":["GET"]}}],"collection":[{"href":"https:\/\/devetoper.com\/de\/wp-json\/wp\/v2\/property"}],"about":[{"href":"https:\/\/devetoper.com\/de\/wp-json\/wp\/v2\/types\/property"}],"author":[{"embeddable":true,"href":"https:\/\/devetoper.com\/de\/wp-json\/wp\/v2\/users\/1156"}],"version-history":[{"count":0,"href":"https:\/\/devetoper.com\/de\/wp-json\/wp\/v2\/property\/328319\/revisions"}],"acf:attachment":[{"embeddable":true,"href":"https:\/\/devetoper.com\/de\/wp-json\/wp\/v2\/media\/316060"},{"embeddable":true,"href":"https:\/\/devetoper.com\/de\/wp-json\/wp\/v2\/media\/316059"},{"embeddable":true,"href":"https:\/\/devetoper.com\/de\/wp-json\/wp\/v2\/media\/316058"},{"embeddable":true,"href":"https:\/\/devetoper.com\/de\/wp-json\/wp\/v2\/media\/316057"},{"embeddable":true,"href":"https:\/\/devetoper.com\/de\/wp-json\/wp\/v2\/media\/316056"},{"embeddable":true,"href":"https:\/\/devetoper.com\/de\/wp-json\/wp\/v2\/media\/316055"},{"embeddable":true,"href":"https:\/\/devetoper.com\/de\/wp-json\/wp\/v2\/media\/316054"},{"embeddable":true,"href":"https:\/\/devetoper.com\/de\/wp-json\/wp\/v2\/media\/316053"}],"wp:attachment":[{"href":"https:\/\/devetoper.com\/de\/wp-json\/wp\/v2\/media?parent=328319"}],"wp:term":[{"taxonomy":"category","embeddable":true,"href":"https:\/\/devetoper.com\/de\/wp-json\/wp\/v2\/categories?post=328319"},{"taxonomy":"post_tag","embeddable":true,"href":"https:\/\/devetoper.com\/de\/wp-json\/wp\/v2\/tags?post=328319"}],"curies":[{"name":"wp","href":"https:\/\/api.w.org\/{rel}","templated":true}]}}