{"id":328447,"date":"2025-12-12T01:12:19","date_gmt":"2025-12-12T00:12:19","guid":{"rendered":"https:\/\/devetoper.com\/properties\/his040\/"},"modified":"2025-12-12T01:12:19","modified_gmt":"2025-12-12T00:12:19","slug":"his040","status":"publish","type":"property","link":"https:\/\/devetoper.com\/de\/properties\/his040\/","title":{"rendered":"HIS040"},"content":{"rendered":"<p>\ud83c\uddf5\ud83c\uddf1 Immobilienangebot: Residencial Vesta &#8211; Ihr sonniges Zuhause in Oviedo Lage Residencial Vesta Oviedo, Asturien, Spanien Eckdaten Typ: Mehrfamilienhaus (Plurifamiliar) Anzahl der Wohnungen: 32 exklusive Einheiten Zimmer: 1, 2 oder 3 Schlafzimmer Extras: Garage, Abstellraum (Trastero) Preise: Wohnungen verf\u00fcgbar ab \u20ac262.000 Status: Baubeginn! (Inicio de construcci\u00f3n!) Investitionsbeschreibung Residencial Vesta ist eine neue, intime Wohnanlage in Oviedo, die 32 Wohnungen unterschiedlicher Gr\u00f6\u00dfe bietet, darunter ger\u00e4umige Terrassen und luxuri\u00f6se Penth\u00e4user mit Blick auf eine private, geschlossene Wohnanlage.Stil, Komfort und Wirtschaftlichkeit W\u00e4hlen Sie Ihren Stil (Elige tu Look): Sie haben die M\u00f6glichkeit, Ihre Wohnung ganz nach Ihrem Geschmack zu gestalten. Optimale Ausrichtung: Die Anlage ist perfekt nach S\u00fcden ausgerichtet, was au\u00dfergew\u00f6hnlichen thermischen Komfort, nat\u00fcrliche W\u00e4rme und hohe Energieeffizienz garantiert. Premium-Qualit\u00e4t: Die Wohnungen zeichnen sich durch gro\u00dfe Fenster und Terrassen aus und verf\u00fcgen \u00fcber hochwertige Ausstattungen mit W\u00e4rme- und Schalld\u00e4mmungssystemen, die zu erheblichen Energieeinsparungen f\u00fchren. Architektur: Das Projekt wurde von Don Mart\u00edn de la Fuente vom Studio PETREA entworfen, einem Architekten mit langj\u00e4hriger Erfahrung in dieser Stadt.<\/p>\n<p>Annehmlichkeiten f\u00fcr die Bewohner Den Bewohnern steht Folgendes zur Verf\u00fcgung: Private Urbanisation (geschlossene Anlage) Sch\u00f6ne Gr\u00fcnfl\u00e4chen Ein Gemeinschaftsschwimmbad Hervorragende Lage und Kommunikation Die Wohnanlage Residencial Vesta liegt nur 600 Meter vom Zentralen Universit\u00e4tskrankenhaus von Asturien (HUCA) entfernt. In der N\u00e4he befinden sich auch die Einkaufszentren &#8220;Los Prados&#8221; und &#8220;Parque Principado&#8221; sowie zahlreiche Lokale, die das soziale Leben des Viertels bereichern. Die Gegend bietet ein vielf\u00e4ltiges Angebot an Bildungseinrichtungen, darunter den st\u00e4dtischen Kindergarten Montenu\u00f1o und die Sportanlagen &#8220;Los Casta\u00f1ares&#8221; mit dem Fu\u00dfballplatz Luis Oliver. Die Wohnanlage ist gut angebunden und verf\u00fcgt \u00fcber einen direkten Anschluss an die Autobahn &#8220;Y&#8221;, die Oviedo, Gij\u00f3n und Avil\u00e9s verbindet. Die N\u00e4he der Bushaltestellen erm\u00f6glicht eine schnelle Anbindung an das Stadtzentrum (Linien C-J und D-F).<\/p>\n","protected":false},"excerpt":{"rendered":"<p>\ud83c\uddf5\ud83c\uddf1 Immobilienangebot: Residencial Vesta &#8211; Ihr sonniges Zuhause in Oviedo Lage Residencial Vesta Oviedo, Asturien, Spanien Eckdaten Typ: Mehrfamilienhaus (Plurifamiliar) Anzahl der Wohnungen: 32 exklusive Einheiten Zimmer: 1, 2 oder 3 Schlafzimmer Extras: Garage, Abstellraum (Trastero) Preise: Wohnungen verf\u00fcgbar ab \u20ac262.000 Status: Baubeginn! (Inicio de construcci\u00f3n!) Investitionsbeschreibung Residencial Vesta ist eine neue, intime Wohnanlage in&#8230;<\/p>\n","protected":false},"author":1156,"featured_media":0,"menu_order":0,"template":"","meta":{"_acf_changed":false,"_kad_blocks_custom_css":"","_kad_blocks_head_custom_js":"","_kad_blocks_body_custom_js":"","_kad_blocks_footer_custom_js":"","_kad_post_transparent":"","_kad_post_title":"","_kad_post_layout":"","_kad_post_sidebar_id":"","_kad_post_content_style":"","_kad_post_vertical_padding":"","_kad_post_feature":"","_kad_post_feature_position":"","_kad_post_header":false,"_kad_post_footer":false,"_joinchat":[],"footnotes":""},"categories":[],"tags":[],"class_list":["post-328447","property","type-property","status-publish","hentry"],"acf":{"add_photos":[316608,316607,316609,316606,316610,316611,316615,316613,316614,316616,316612],"video":""},"yoast_head":"<!-- This site is optimized with the Yoast SEO plugin v24.5 - https:\/\/yoast.com\/wordpress\/plugins\/seo\/ -->\n<title>HIS040 - Devetoper<\/title>\n<meta name=\"robots\" content=\"noindex, follow\" \/>\n<meta property=\"og:locale\" content=\"de_DE\" \/>\n<meta property=\"og:type\" content=\"article\" \/>\n<meta property=\"og:title\" content=\"HIS040 - Devetoper\" \/>\n<meta property=\"og:description\" content=\"\ud83c\uddf5\ud83c\uddf1 Immobilienangebot: Residencial Vesta &#8211; Ihr sonniges Zuhause in Oviedo Lage Residencial Vesta Oviedo, Asturien, Spanien Eckdaten Typ: Mehrfamilienhaus (Plurifamiliar) Anzahl der Wohnungen: 32 exklusive Einheiten Zimmer: 1, 2 oder 3 Schlafzimmer Extras: Garage, Abstellraum (Trastero) Preise: Wohnungen verf\u00fcgbar ab \u20ac262.000 Status: Baubeginn! (Inicio de construcci\u00f3n!) Investitionsbeschreibung Residencial Vesta ist eine neue, intime Wohnanlage in...\" \/>\n<meta property=\"og:url\" content=\"https:\/\/devetoper.com\/de\/properties\/his040\/\" \/>\n<meta property=\"og:site_name\" content=\"Devetoper\" \/>\n<meta property=\"article:publisher\" content=\"https:\/\/www.facebook.com\/DEVETOPERCOM\" \/>\n<meta property=\"og:image\" content=\"https:\/\/devetoper.com\/wp-content\/uploads\/2024\/05\/FALLBACK.png\" \/>\n\t<meta property=\"og:image:width\" content=\"1200\" \/>\n\t<meta property=\"og:image:height\" content=\"675\" \/>\n\t<meta property=\"og:image:type\" content=\"image\/png\" \/>\n<meta name=\"twitter:card\" content=\"summary_large_image\" \/>\n<meta name=\"twitter:site\" content=\"@DEVETOPER\" \/>\n<meta name=\"twitter:label1\" content=\"Gesch\u00e4tzte Lesezeit\" \/>\n\t<meta name=\"twitter:data1\" content=\"2 minute\" \/>\n<script type=\"application\/ld+json\" class=\"yoast-schema-graph\">{\"@context\":\"https:\/\/schema.org\",\"@graph\":[{\"@type\":[\"WebPage\",\"RealEstateListing\"],\"@id\":\"https:\/\/devetoper.com\/de\/properties\/his040\/\",\"url\":\"https:\/\/devetoper.com\/de\/properties\/his040\/\",\"name\":\"HIS040 - Devetoper\",\"isPartOf\":{\"@id\":\"https:\/\/devetoper.com\/de\/#website\"},\"datePublished\":\"2025-12-12T00:12:19+00:00\",\"breadcrumb\":{\"@id\":\"https:\/\/devetoper.com\/de\/properties\/his040\/#breadcrumb\"},\"inLanguage\":\"de-DE\",\"potentialAction\":[{\"@type\":\"ReadAction\",\"target\":[\"https:\/\/devetoper.com\/de\/properties\/his040\/\"]}]},{\"@type\":\"BreadcrumbList\",\"@id\":\"https:\/\/devetoper.com\/de\/properties\/his040\/#breadcrumb\",\"itemListElement\":[{\"@type\":\"ListItem\",\"position\":1,\"name\":\"Startseite\",\"item\":\"https:\/\/devetoper.com\/de\/\"},{\"@type\":\"ListItem\",\"position\":2,\"name\":\"Properties\",\"item\":\"https:\/\/devetoper.com\/de\/properties\/\"},{\"@type\":\"ListItem\",\"position\":3,\"name\":\"HIS040\"}]},{\"@type\":\"WebSite\",\"@id\":\"https:\/\/devetoper.com\/de\/#website\",\"url\":\"https:\/\/devetoper.com\/de\/\",\"name\":\"Devetoper\",\"description\":\"\u041f\u0440\u043e\u0444\u0435\u0441\u0441\u0438\u043e\u043d\u0430\u043b\u0438\u0437\u043c, \u043e\u0431\u0435\u0441\u043f\u0435\u0447\u0438\u0432\u0430\u044e\u0449\u0438\u0439 \u0431\u0435\u0437\u043e\u043f\u0430\u0441\u043d\u043e\u0441\u0442\u044c \u043a\u0430\u0436\u0434\u043e\u0439 \u0442\u0440\u0430\u043d\u0437\u0430\u043a\u0446\u0438\u0438\",\"publisher\":{\"@id\":\"https:\/\/devetoper.com\/de\/#organization\"},\"potentialAction\":[{\"@type\":\"SearchAction\",\"target\":{\"@type\":\"EntryPoint\",\"urlTemplate\":\"https:\/\/devetoper.com\/de\/?s={search_term_string}\"},\"query-input\":{\"@type\":\"PropertyValueSpecification\",\"valueRequired\":true,\"valueName\":\"search_term_string\"}}],\"inLanguage\":\"de-DE\"},{\"@type\":\"Organization\",\"@id\":\"https:\/\/devetoper.com\/de\/#organization\",\"name\":\"Devetoper\",\"url\":\"https:\/\/devetoper.com\/de\/\",\"logo\":{\"@type\":\"ImageObject\",\"inLanguage\":\"de-DE\",\"@id\":\"https:\/\/devetoper.com\/de\/#\/schema\/logo\/image\/\",\"url\":\"https:\/\/devetoper.com\/wp-content\/uploads\/2024\/05\/ORG_FALLBACK.png\",\"contentUrl\":\"https:\/\/devetoper.com\/wp-content\/uploads\/2024\/05\/ORG_FALLBACK.png\",\"width\":696,\"height\":696,\"caption\":\"Devetoper\"},\"image\":{\"@id\":\"https:\/\/devetoper.com\/de\/#\/schema\/logo\/image\/\"},\"sameAs\":[\"https:\/\/www.facebook.com\/DEVETOPERCOM\",\"https:\/\/x.com\/DEVETOPER\",\"https:\/\/www.youtube.com\/channel\/UCRF8haCQIXnFKmW464sqApQ\",\"https:\/\/www.tiktok.com\/@devetoper\",\"https:\/\/www.instagram.com\/devetoper_\/\"]}]}<\/script>\n<!-- \/ Yoast SEO plugin. -->","yoast_head_json":{"title":"HIS040 - Devetoper","robots":{"index":"noindex","follow":"follow"},"og_locale":"de_DE","og_type":"article","og_title":"HIS040 - Devetoper","og_description":"\ud83c\uddf5\ud83c\uddf1 Immobilienangebot: Residencial Vesta &#8211; Ihr sonniges Zuhause in Oviedo Lage Residencial Vesta Oviedo, Asturien, Spanien Eckdaten Typ: Mehrfamilienhaus (Plurifamiliar) Anzahl der Wohnungen: 32 exklusive Einheiten Zimmer: 1, 2 oder 3 Schlafzimmer Extras: Garage, Abstellraum (Trastero) Preise: Wohnungen verf\u00fcgbar ab \u20ac262.000 Status: Baubeginn! (Inicio de construcci\u00f3n!) Investitionsbeschreibung Residencial Vesta ist eine neue, intime Wohnanlage in...","og_url":"https:\/\/devetoper.com\/de\/properties\/his040\/","og_site_name":"Devetoper","article_publisher":"https:\/\/www.facebook.com\/DEVETOPERCOM","og_image":[{"width":1200,"height":675,"url":"https:\/\/devetoper.com\/wp-content\/uploads\/2024\/05\/FALLBACK.png","type":"image\/png"}],"twitter_card":"summary_large_image","twitter_site":"@DEVETOPER","twitter_misc":{"Gesch\u00e4tzte Lesezeit":"2 minute"},"schema":{"@context":"https:\/\/schema.org","@graph":[{"@type":["WebPage","RealEstateListing"],"@id":"https:\/\/devetoper.com\/de\/properties\/his040\/","url":"https:\/\/devetoper.com\/de\/properties\/his040\/","name":"HIS040 - Devetoper","isPartOf":{"@id":"https:\/\/devetoper.com\/de\/#website"},"datePublished":"2025-12-12T00:12:19+00:00","breadcrumb":{"@id":"https:\/\/devetoper.com\/de\/properties\/his040\/#breadcrumb"},"inLanguage":"de-DE","potentialAction":[{"@type":"ReadAction","target":["https:\/\/devetoper.com\/de\/properties\/his040\/"]}]},{"@type":"BreadcrumbList","@id":"https:\/\/devetoper.com\/de\/properties\/his040\/#breadcrumb","itemListElement":[{"@type":"ListItem","position":1,"name":"Startseite","item":"https:\/\/devetoper.com\/de\/"},{"@type":"ListItem","position":2,"name":"Properties","item":"https:\/\/devetoper.com\/de\/properties\/"},{"@type":"ListItem","position":3,"name":"HIS040"}]},{"@type":"WebSite","@id":"https:\/\/devetoper.com\/de\/#website","url":"https:\/\/devetoper.com\/de\/","name":"Devetoper","description":"\u041f\u0440\u043e\u0444\u0435\u0441\u0441\u0438\u043e\u043d\u0430\u043b\u0438\u0437\u043c, \u043e\u0431\u0435\u0441\u043f\u0435\u0447\u0438\u0432\u0430\u044e\u0449\u0438\u0439 \u0431\u0435\u0437\u043e\u043f\u0430\u0441\u043d\u043e\u0441\u0442\u044c \u043a\u0430\u0436\u0434\u043e\u0439 \u0442\u0440\u0430\u043d\u0437\u0430\u043a\u0446\u0438\u0438","publisher":{"@id":"https:\/\/devetoper.com\/de\/#organization"},"potentialAction":[{"@type":"SearchAction","target":{"@type":"EntryPoint","urlTemplate":"https:\/\/devetoper.com\/de\/?s={search_term_string}"},"query-input":{"@type":"PropertyValueSpecification","valueRequired":true,"valueName":"search_term_string"}}],"inLanguage":"de-DE"},{"@type":"Organization","@id":"https:\/\/devetoper.com\/de\/#organization","name":"Devetoper","url":"https:\/\/devetoper.com\/de\/","logo":{"@type":"ImageObject","inLanguage":"de-DE","@id":"https:\/\/devetoper.com\/de\/#\/schema\/logo\/image\/","url":"https:\/\/devetoper.com\/wp-content\/uploads\/2024\/05\/ORG_FALLBACK.png","contentUrl":"https:\/\/devetoper.com\/wp-content\/uploads\/2024\/05\/ORG_FALLBACK.png","width":696,"height":696,"caption":"Devetoper"},"image":{"@id":"https:\/\/devetoper.com\/de\/#\/schema\/logo\/image\/"},"sameAs":["https:\/\/www.facebook.com\/DEVETOPERCOM","https:\/\/x.com\/DEVETOPER","https:\/\/www.youtube.com\/channel\/UCRF8haCQIXnFKmW464sqApQ","https:\/\/www.tiktok.com\/@devetoper","https:\/\/www.instagram.com\/devetoper_\/"]}]}},"taxonomy_info":[],"featured_image_src_large":false,"author_info":{"display_name":"DEVETOPER","author_link":"https:\/\/devetoper.com\/de\/author\/devetoper\/"},"comment_info":"","jetpack_sharing_enabled":true,"_links":{"self":[{"href":"https:\/\/devetoper.com\/de\/wp-json\/wp\/v2\/property\/328447","targetHints":{"allow":["GET"]}}],"collection":[{"href":"https:\/\/devetoper.com\/de\/wp-json\/wp\/v2\/property"}],"about":[{"href":"https:\/\/devetoper.com\/de\/wp-json\/wp\/v2\/types\/property"}],"author":[{"embeddable":true,"href":"https:\/\/devetoper.com\/de\/wp-json\/wp\/v2\/users\/1156"}],"version-history":[{"count":0,"href":"https:\/\/devetoper.com\/de\/wp-json\/wp\/v2\/property\/328447\/revisions"}],"acf:attachment":[{"embeddable":true,"href":"https:\/\/devetoper.com\/de\/wp-json\/wp\/v2\/media\/316612"},{"embeddable":true,"href":"https:\/\/devetoper.com\/de\/wp-json\/wp\/v2\/media\/316616"},{"embeddable":true,"href":"https:\/\/devetoper.com\/de\/wp-json\/wp\/v2\/media\/316614"},{"embeddable":true,"href":"https:\/\/devetoper.com\/de\/wp-json\/wp\/v2\/media\/316613"},{"embeddable":true,"href":"https:\/\/devetoper.com\/de\/wp-json\/wp\/v2\/media\/316615"},{"embeddable":true,"href":"https:\/\/devetoper.com\/de\/wp-json\/wp\/v2\/media\/316611"},{"embeddable":true,"href":"https:\/\/devetoper.com\/de\/wp-json\/wp\/v2\/media\/316610"},{"embeddable":true,"href":"https:\/\/devetoper.com\/de\/wp-json\/wp\/v2\/media\/316606"},{"embeddable":true,"href":"https:\/\/devetoper.com\/de\/wp-json\/wp\/v2\/media\/316609"},{"embeddable":true,"href":"https:\/\/devetoper.com\/de\/wp-json\/wp\/v2\/media\/316607"},{"embeddable":true,"href":"https:\/\/devetoper.com\/de\/wp-json\/wp\/v2\/media\/316608"}],"wp:attachment":[{"href":"https:\/\/devetoper.com\/de\/wp-json\/wp\/v2\/media?parent=328447"}],"wp:term":[{"taxonomy":"category","embeddable":true,"href":"https:\/\/devetoper.com\/de\/wp-json\/wp\/v2\/categories?post=328447"},{"taxonomy":"post_tag","embeddable":true,"href":"https:\/\/devetoper.com\/de\/wp-json\/wp\/v2\/tags?post=328447"}],"curies":[{"name":"wp","href":"https:\/\/api.w.org\/{rel}","templated":true}]}}