{"id":328612,"date":"2025-11-20T15:10:04","date_gmt":"2025-11-20T14:10:04","guid":{"rendered":"https:\/\/devetoper.com\/properties\/his-977-2\/"},"modified":"2025-12-12T05:21:09","modified_gmt":"2025-12-12T04:21:09","slug":"his-977-2","status":"publish","type":"property","link":"https:\/\/devetoper.com\/de\/properties\/his-977-2\/","title":{"rendered":"HIS 977."},"content":{"rendered":"<section id=\"vista-general\" class=\"hero__detalle vc-component vc-autoid-82b85951f6585ce2f063279d8df495d10ae0cd00\" data-component-name=\"hero-detalle\" data-gtm-position=\"foto\">\n<div class=\"hero__box\">\n<div class=\"card-promo--info\"><\/div>\n<\/div>\n<\/section>\n<div id=\"descripcion\" class=\"text-top--promo-detalle vc-component vc-autoid-c729d72dd390446802ff84bb049a51b717eaeb5d\" data-component-name=\"text-top--promo-detalle\">\n<div class=\"circle circle-component vc-component vc-autoid-39ff394cf4ff9630d5320c4902665038bdf346e1\" data-component-name=\"circle\">\n<div><\/div>\n<\/div>\n<div class=\"box-text--2col\">\n<p data-sider-select-id=\"6ce158df-3851-4f25-b563-028cb23fbc52\"><strong><span dir=\"auto\">C\u00e9lere Parqueluz III<\/span><\/strong><span dir=\"auto\"> ist eine Wohnanlage, die f\u00fcr den Komfort von Ihnen und Ihrer Familie konzipiert wurde. Dieses Geb\u00e4ude vervollst\u00e4ndigt <\/span><strong><span dir=\"auto\">die Bebauung rund um die Plaza Marcos Fern\u00e1ndez<\/span><\/strong><span dir=\"auto\"> und verleiht dem Viertel ein koh\u00e4rentes Aussehen.<\/span><\/p>\n<p><span dir=\"auto\">Die Anlage besteht aus einem Geb\u00e4ude mit <\/span><strong><span dir=\"auto\">78 Wohnungen<\/span><\/strong><span dir=\"auto\">, die sich auf acht Etagen und Penth\u00e4user verteilen. Es gibt <\/span><strong><span dir=\"auto\">Wohnungen mit zwei, drei und vier Schlafzimmern<\/span><\/strong><span dir=\"auto\">, von denen die meisten \u00fcber herrliche Terrassen verf\u00fcgen.<\/span><span dir=\"auto\">Das Projekt bietet <\/span><strong><span dir=\"auto\">exklusive Gemeinschaftsbereiche<\/span><\/strong><span dir=\"auto\">, die sich von anderen Projekten abheben, darunter <\/span><strong><span dir=\"auto\">ein Au\u00dfenschwimmbad mit Sonnenterrasse im obersten Stockwerk<\/span><\/strong><span dir=\"auto\">, das einen einzigartigen Blick auf die Stadt bietet. Auf der gleichen Etage befindet sich auch ein <\/span><strong><span dir=\"auto\">Fitnesscenter<\/span><\/strong><span dir=\"auto\">. <\/span><span dir=\"auto\">C\u00e9lere Parqueluz III verf\u00fcgt \u00fcber die <\/span><strong><span dir=\"auto\">Energieklasse A<\/span><\/strong><span dir=\"auto\">, die Energie spart, damit Sie <\/span><strong><span dir=\"auto\">bequem und einfach leben k\u00f6nnen<\/span><\/strong><span dir=\"auto\">.<\/span><strong><span dir=\"auto\">V\u00eda C\u00e9lere<\/span><\/strong><span dir=\"auto\"> setzt auf Innovation und die Einf\u00fchrung immer <\/span><strong><span dir=\"auto\">effizienterer Systeme, die zu <\/span><\/strong><strong><span dir=\"auto\">nachhaltigeren und<\/span><\/strong><strong><span dir=\"auto\">umweltfreundlicheren<\/span><\/strong><span dir=\"auto\"> Geb\u00e4uden<\/span><strong><span dir=\"auto\">f\u00fchren <\/span><\/strong><span dir=\"auto\">.<\/span><span dir=\"auto\"> Wir konzentrieren uns auf Qualit\u00e4t, Vielseitigkeit und Nachhaltigkeit &#8211; grundlegende Aspekte der Entwicklung &#8211; und achten auf jedes Detail.<\/span><span dir=\"auto\">C\u00e9lere Parqueluz III sind <\/span><strong><span dir=\"auto\">H\u00e4user, die Ihre Zukunft bauen<\/span><\/strong><span dir=\"auto\">.<\/span><\/p>\n<p data-sider-select-id=\"19b4489f-e01e-4a8c-baf5-3c3f494e8de8\"><span dir=\"auto\">Die neue Wohnanlage <\/span><strong><span dir=\"auto\">C\u00e9lere Parqueluz III<\/span><\/strong><span dir=\"auto\"> befindet sich zwischen der <\/span><strong><span dir=\"auto\">C\/Ciudad de la Habana<\/span><\/strong><span dir=\"auto\"> und der <\/span><strong><span dir=\"auto\">Calle Jos\u00e9 Garrote Tebar<\/span><\/strong><span dir=\"auto\">, neben der <\/span><strong><span dir=\"auto\">Plaza Marcos Fern\u00e1ndez<\/span><\/strong><span dir=\"auto\">, im Herzen von Valladolid, in einem der gr\u00f6\u00dften Wohngebiete, Parquesol.<\/span><\/p>\n<p><span dir=\"auto\">In der Umgebung gibt es <\/span><strong><span dir=\"auto\">ein breites Angebot an Gesch\u00e4ften und Dienstleistungen<\/span><\/strong><span dir=\"auto\">, die alle Ihre Bed\u00fcrfnisse abdecken. In der N\u00e4he der Wohnsiedlung befinden sich mehrere Superm\u00e4rkte, und wichtige Einrichtungen wie das Gesundheitszentrum Parquesol liegen gleich gegen\u00fcber, neben dem Stadtzentrum und der Stadtbibliothek.<\/span><strong><span dir=\"auto\">Schulen und Institute<\/span><\/strong><span dir=\"auto\">, die nur wenige Meter entfernt sind, vervollst\u00e4ndigen das Angebot eines voll integrierten Viertels (u.a. die \u00f6ffentliche Schule Marina Escobar, die Schule Ignacio Mart\u00edn Bar\u00f3, das Gymnasium Parquesol, das Gymnasium Juli\u00e1n Mar\u00edas).<\/span><span dir=\"auto\"> Die Buslinien 8, 9, 10, C1 und C2<\/span><strong><span dir=\"auto\">bieten eine hervorragende Anbindung an den Rest der Stadt<\/span><\/strong><span dir=\"auto\">.<\/span><span dir=\"auto\"> Von der Plaza Marcos Fern\u00e1ndez aus erreicht man die s\u00fcdliche Ringstra\u00dfe in weniger als 1 km, so dass man \u00fcberall hinkommt, wo man hin will.<\/span><span dir=\"auto\">Die Wohnanlage C\u00e9lere Parqueluz III r\u00fchmt sich <\/span><strong><span dir=\"auto\">einer unvergleichlichen Lage<\/span><\/strong><span dir=\"auto\">; es handelt sich um eine privilegierte Wohnanlage mit einer au\u00dfergew\u00f6hnlichen Lage, die es Ihnen erm\u00f6glicht, <\/span><strong><span dir=\"auto\">alles, was Sie brauchen, in der N\u00e4he zu haben<\/span><\/strong><span dir=\"auto\">.<\/span><\/div>\n<\/div>\n","protected":false},"excerpt":{"rendered":"<p>C\u00e9lere Parqueluz III ist eine Wohnanlage, die f\u00fcr den Komfort von Ihnen und Ihrer Familie konzipiert wurde. Dieses Geb\u00e4ude vervollst\u00e4ndigt die Bebauung rund um die Plaza Marcos Fern\u00e1ndez und verleiht dem Viertel ein koh\u00e4rentes Aussehen. Die Anlage besteht aus einem Geb\u00e4ude mit 78 Wohnungen, die sich auf acht Etagen und Penth\u00e4user verteilen. Es gibt Wohnungen&#8230;<\/p>\n","protected":false},"author":1156,"featured_media":0,"menu_order":0,"template":"","meta":{"_acf_changed":false,"_kad_blocks_custom_css":"","_kad_blocks_head_custom_js":"","_kad_blocks_body_custom_js":"","_kad_blocks_footer_custom_js":"","_kad_post_transparent":"","_kad_post_title":"","_kad_post_layout":"","_kad_post_sidebar_id":"","_kad_post_content_style":"","_kad_post_vertical_padding":"","_kad_post_feature":"","_kad_post_feature_position":"","_kad_post_header":false,"_kad_post_footer":false,"_joinchat":[],"footnotes":""},"categories":[14],"tags":[],"class_list":["post-328612","property","type-property","status-publish","hentry","category-bez-kategorii"],"acf":{"add_photos":[317339,317338,317340,317342,317348,317349,317341,317334,317336,317343,317337,317346,317335,317344,317333,317347,317345],"video":""},"yoast_head":"<!-- This site is optimized with the Yoast SEO plugin v24.5 - https:\/\/yoast.com\/wordpress\/plugins\/seo\/ -->\n<title>HIS 977. - Devetoper<\/title>\n<meta name=\"robots\" content=\"noindex, follow\" \/>\n<meta property=\"og:locale\" content=\"de_DE\" \/>\n<meta property=\"og:type\" content=\"article\" \/>\n<meta property=\"og:title\" content=\"HIS 977. - Devetoper\" \/>\n<meta property=\"og:description\" content=\"C\u00e9lere Parqueluz III ist eine Wohnanlage, die f\u00fcr den Komfort von Ihnen und Ihrer Familie konzipiert wurde. Dieses Geb\u00e4ude vervollst\u00e4ndigt die Bebauung rund um die Plaza Marcos Fern\u00e1ndez und verleiht dem Viertel ein koh\u00e4rentes Aussehen. Die Anlage besteht aus einem Geb\u00e4ude mit 78 Wohnungen, die sich auf acht Etagen und Penth\u00e4user verteilen. Es gibt Wohnungen...\" \/>\n<meta property=\"og:url\" content=\"https:\/\/devetoper.com\/de\/properties\/his-977-2\/\" \/>\n<meta property=\"og:site_name\" content=\"Devetoper\" \/>\n<meta property=\"article:publisher\" content=\"https:\/\/www.facebook.com\/DEVETOPERCOM\" \/>\n<meta property=\"article:modified_time\" content=\"2025-12-12T04:21:09+00:00\" \/>\n<meta property=\"og:image\" content=\"https:\/\/devetoper.com\/wp-content\/uploads\/2024\/05\/FALLBACK.png\" \/>\n\t<meta property=\"og:image:width\" content=\"1200\" \/>\n\t<meta property=\"og:image:height\" content=\"675\" \/>\n\t<meta property=\"og:image:type\" content=\"image\/png\" \/>\n<meta name=\"twitter:card\" content=\"summary_large_image\" \/>\n<meta name=\"twitter:site\" content=\"@DEVETOPER\" \/>\n<meta name=\"twitter:label1\" content=\"Gesch\u00e4tzte Lesezeit\" \/>\n\t<meta name=\"twitter:data1\" content=\"2 minute\" \/>\n<script type=\"application\/ld+json\" class=\"yoast-schema-graph\">{\"@context\":\"https:\/\/schema.org\",\"@graph\":[{\"@type\":[\"WebPage\",\"RealEstateListing\"],\"@id\":\"https:\/\/devetoper.com\/de\/properties\/his-977-2\/\",\"url\":\"https:\/\/devetoper.com\/de\/properties\/his-977-2\/\",\"name\":\"HIS 977. - Devetoper\",\"isPartOf\":{\"@id\":\"https:\/\/devetoper.com\/de\/#website\"},\"datePublished\":\"2025-11-20T14:10:04+00:00\",\"dateModified\":\"2025-12-12T04:21:09+00:00\",\"breadcrumb\":{\"@id\":\"https:\/\/devetoper.com\/de\/properties\/his-977-2\/#breadcrumb\"},\"inLanguage\":\"de-DE\",\"potentialAction\":[{\"@type\":\"ReadAction\",\"target\":[\"https:\/\/devetoper.com\/de\/properties\/his-977-2\/\"]}]},{\"@type\":\"BreadcrumbList\",\"@id\":\"https:\/\/devetoper.com\/de\/properties\/his-977-2\/#breadcrumb\",\"itemListElement\":[{\"@type\":\"ListItem\",\"position\":1,\"name\":\"Startseite\",\"item\":\"https:\/\/devetoper.com\/de\/\"},{\"@type\":\"ListItem\",\"position\":2,\"name\":\"Properties\",\"item\":\"https:\/\/devetoper.com\/de\/properties\/\"},{\"@type\":\"ListItem\",\"position\":3,\"name\":\"HIS 977.\"}]},{\"@type\":\"WebSite\",\"@id\":\"https:\/\/devetoper.com\/de\/#website\",\"url\":\"https:\/\/devetoper.com\/de\/\",\"name\":\"Devetoper\",\"description\":\"\u041f\u0440\u043e\u0444\u0435\u0441\u0441\u0438\u043e\u043d\u0430\u043b\u0438\u0437\u043c, \u043e\u0431\u0435\u0441\u043f\u0435\u0447\u0438\u0432\u0430\u044e\u0449\u0438\u0439 \u0431\u0435\u0437\u043e\u043f\u0430\u0441\u043d\u043e\u0441\u0442\u044c \u043a\u0430\u0436\u0434\u043e\u0439 \u0442\u0440\u0430\u043d\u0437\u0430\u043a\u0446\u0438\u0438\",\"publisher\":{\"@id\":\"https:\/\/devetoper.com\/de\/#organization\"},\"potentialAction\":[{\"@type\":\"SearchAction\",\"target\":{\"@type\":\"EntryPoint\",\"urlTemplate\":\"https:\/\/devetoper.com\/de\/?s={search_term_string}\"},\"query-input\":{\"@type\":\"PropertyValueSpecification\",\"valueRequired\":true,\"valueName\":\"search_term_string\"}}],\"inLanguage\":\"de-DE\"},{\"@type\":\"Organization\",\"@id\":\"https:\/\/devetoper.com\/de\/#organization\",\"name\":\"Devetoper\",\"url\":\"https:\/\/devetoper.com\/de\/\",\"logo\":{\"@type\":\"ImageObject\",\"inLanguage\":\"de-DE\",\"@id\":\"https:\/\/devetoper.com\/de\/#\/schema\/logo\/image\/\",\"url\":\"https:\/\/devetoper.com\/wp-content\/uploads\/2024\/05\/ORG_FALLBACK.png\",\"contentUrl\":\"https:\/\/devetoper.com\/wp-content\/uploads\/2024\/05\/ORG_FALLBACK.png\",\"width\":696,\"height\":696,\"caption\":\"Devetoper\"},\"image\":{\"@id\":\"https:\/\/devetoper.com\/de\/#\/schema\/logo\/image\/\"},\"sameAs\":[\"https:\/\/www.facebook.com\/DEVETOPERCOM\",\"https:\/\/x.com\/DEVETOPER\",\"https:\/\/www.youtube.com\/channel\/UCRF8haCQIXnFKmW464sqApQ\",\"https:\/\/www.tiktok.com\/@devetoper\",\"https:\/\/www.instagram.com\/devetoper_\/\"]}]}<\/script>\n<!-- \/ Yoast SEO plugin. -->","yoast_head_json":{"title":"HIS 977. - Devetoper","robots":{"index":"noindex","follow":"follow"},"og_locale":"de_DE","og_type":"article","og_title":"HIS 977. - Devetoper","og_description":"C\u00e9lere Parqueluz III ist eine Wohnanlage, die f\u00fcr den Komfort von Ihnen und Ihrer Familie konzipiert wurde. Dieses Geb\u00e4ude vervollst\u00e4ndigt die Bebauung rund um die Plaza Marcos Fern\u00e1ndez und verleiht dem Viertel ein koh\u00e4rentes Aussehen. Die Anlage besteht aus einem Geb\u00e4ude mit 78 Wohnungen, die sich auf acht Etagen und Penth\u00e4user verteilen. Es gibt Wohnungen...","og_url":"https:\/\/devetoper.com\/de\/properties\/his-977-2\/","og_site_name":"Devetoper","article_publisher":"https:\/\/www.facebook.com\/DEVETOPERCOM","article_modified_time":"2025-12-12T04:21:09+00:00","og_image":[{"width":1200,"height":675,"url":"https:\/\/devetoper.com\/wp-content\/uploads\/2024\/05\/FALLBACK.png","type":"image\/png"}],"twitter_card":"summary_large_image","twitter_site":"@DEVETOPER","twitter_misc":{"Gesch\u00e4tzte Lesezeit":"2 minute"},"schema":{"@context":"https:\/\/schema.org","@graph":[{"@type":["WebPage","RealEstateListing"],"@id":"https:\/\/devetoper.com\/de\/properties\/his-977-2\/","url":"https:\/\/devetoper.com\/de\/properties\/his-977-2\/","name":"HIS 977. - Devetoper","isPartOf":{"@id":"https:\/\/devetoper.com\/de\/#website"},"datePublished":"2025-11-20T14:10:04+00:00","dateModified":"2025-12-12T04:21:09+00:00","breadcrumb":{"@id":"https:\/\/devetoper.com\/de\/properties\/his-977-2\/#breadcrumb"},"inLanguage":"de-DE","potentialAction":[{"@type":"ReadAction","target":["https:\/\/devetoper.com\/de\/properties\/his-977-2\/"]}]},{"@type":"BreadcrumbList","@id":"https:\/\/devetoper.com\/de\/properties\/his-977-2\/#breadcrumb","itemListElement":[{"@type":"ListItem","position":1,"name":"Startseite","item":"https:\/\/devetoper.com\/de\/"},{"@type":"ListItem","position":2,"name":"Properties","item":"https:\/\/devetoper.com\/de\/properties\/"},{"@type":"ListItem","position":3,"name":"HIS 977."}]},{"@type":"WebSite","@id":"https:\/\/devetoper.com\/de\/#website","url":"https:\/\/devetoper.com\/de\/","name":"Devetoper","description":"\u041f\u0440\u043e\u0444\u0435\u0441\u0441\u0438\u043e\u043d\u0430\u043b\u0438\u0437\u043c, \u043e\u0431\u0435\u0441\u043f\u0435\u0447\u0438\u0432\u0430\u044e\u0449\u0438\u0439 \u0431\u0435\u0437\u043e\u043f\u0430\u0441\u043d\u043e\u0441\u0442\u044c \u043a\u0430\u0436\u0434\u043e\u0439 \u0442\u0440\u0430\u043d\u0437\u0430\u043a\u0446\u0438\u0438","publisher":{"@id":"https:\/\/devetoper.com\/de\/#organization"},"potentialAction":[{"@type":"SearchAction","target":{"@type":"EntryPoint","urlTemplate":"https:\/\/devetoper.com\/de\/?s={search_term_string}"},"query-input":{"@type":"PropertyValueSpecification","valueRequired":true,"valueName":"search_term_string"}}],"inLanguage":"de-DE"},{"@type":"Organization","@id":"https:\/\/devetoper.com\/de\/#organization","name":"Devetoper","url":"https:\/\/devetoper.com\/de\/","logo":{"@type":"ImageObject","inLanguage":"de-DE","@id":"https:\/\/devetoper.com\/de\/#\/schema\/logo\/image\/","url":"https:\/\/devetoper.com\/wp-content\/uploads\/2024\/05\/ORG_FALLBACK.png","contentUrl":"https:\/\/devetoper.com\/wp-content\/uploads\/2024\/05\/ORG_FALLBACK.png","width":696,"height":696,"caption":"Devetoper"},"image":{"@id":"https:\/\/devetoper.com\/de\/#\/schema\/logo\/image\/"},"sameAs":["https:\/\/www.facebook.com\/DEVETOPERCOM","https:\/\/x.com\/DEVETOPER","https:\/\/www.youtube.com\/channel\/UCRF8haCQIXnFKmW464sqApQ","https:\/\/www.tiktok.com\/@devetoper","https:\/\/www.instagram.com\/devetoper_\/"]}]}},"taxonomy_info":{"category":[{"value":14,"label":"Bez kategorii"}]},"featured_image_src_large":false,"author_info":{"display_name":"DEVETOPER","author_link":"https:\/\/devetoper.com\/de\/author\/devetoper\/"},"comment_info":"","jetpack_sharing_enabled":true,"_links":{"self":[{"href":"https:\/\/devetoper.com\/de\/wp-json\/wp\/v2\/property\/328612","targetHints":{"allow":["GET"]}}],"collection":[{"href":"https:\/\/devetoper.com\/de\/wp-json\/wp\/v2\/property"}],"about":[{"href":"https:\/\/devetoper.com\/de\/wp-json\/wp\/v2\/types\/property"}],"author":[{"embeddable":true,"href":"https:\/\/devetoper.com\/de\/wp-json\/wp\/v2\/users\/1156"}],"version-history":[{"count":0,"href":"https:\/\/devetoper.com\/de\/wp-json\/wp\/v2\/property\/328612\/revisions"}],"acf:attachment":[{"embeddable":true,"href":"https:\/\/devetoper.com\/de\/wp-json\/wp\/v2\/media\/317345"},{"embeddable":true,"href":"https:\/\/devetoper.com\/de\/wp-json\/wp\/v2\/media\/317347"},{"embeddable":true,"href":"https:\/\/devetoper.com\/de\/wp-json\/wp\/v2\/media\/317333"},{"embeddable":true,"href":"https:\/\/devetoper.com\/de\/wp-json\/wp\/v2\/media\/317344"},{"embeddable":true,"href":"https:\/\/devetoper.com\/de\/wp-json\/wp\/v2\/media\/317335"},{"embeddable":true,"href":"https:\/\/devetoper.com\/de\/wp-json\/wp\/v2\/media\/317346"},{"embeddable":true,"href":"https:\/\/devetoper.com\/de\/wp-json\/wp\/v2\/media\/317337"},{"embeddable":true,"href":"https:\/\/devetoper.com\/de\/wp-json\/wp\/v2\/media\/317343"},{"embeddable":true,"href":"https:\/\/devetoper.com\/de\/wp-json\/wp\/v2\/media\/317336"},{"embeddable":true,"href":"https:\/\/devetoper.com\/de\/wp-json\/wp\/v2\/media\/317334"},{"embeddable":true,"href":"https:\/\/devetoper.com\/de\/wp-json\/wp\/v2\/media\/317341"},{"embeddable":true,"href":"https:\/\/devetoper.com\/de\/wp-json\/wp\/v2\/media\/317349"},{"embeddable":true,"href":"https:\/\/devetoper.com\/de\/wp-json\/wp\/v2\/media\/317348"},{"embeddable":true,"href":"https:\/\/devetoper.com\/de\/wp-json\/wp\/v2\/media\/317342"},{"embeddable":true,"href":"https:\/\/devetoper.com\/de\/wp-json\/wp\/v2\/media\/317340"},{"embeddable":true,"href":"https:\/\/devetoper.com\/de\/wp-json\/wp\/v2\/media\/317338"},{"embeddable":true,"href":"https:\/\/devetoper.com\/de\/wp-json\/wp\/v2\/media\/317339"}],"wp:attachment":[{"href":"https:\/\/devetoper.com\/de\/wp-json\/wp\/v2\/media?parent=328612"}],"wp:term":[{"taxonomy":"category","embeddable":true,"href":"https:\/\/devetoper.com\/de\/wp-json\/wp\/v2\/categories?post=328612"},{"taxonomy":"post_tag","embeddable":true,"href":"https:\/\/devetoper.com\/de\/wp-json\/wp\/v2\/tags?post=328612"}],"curies":[{"name":"wp","href":"https:\/\/api.w.org\/{rel}","templated":true}]}}