{"id":330856,"date":"2025-12-15T08:34:59","date_gmt":"2025-12-15T07:34:59","guid":{"rendered":"https:\/\/devetoper.com\/properties\/n6794\/"},"modified":"2025-12-15T08:34:59","modified_gmt":"2025-12-15T07:34:59","slug":"n6794","status":"publish","type":"property","link":"https:\/\/devetoper.com\/de\/properties\/n6794\/","title":{"rendered":"N6794"},"content":{"rendered":"<p>NEUER WOHNKOMPLEX IN MAR DE CRISTAL Neubau einer modernen Wohnanlage mit Wohnungen und Penth\u00e4usern in unmittelbarer N\u00e4he der Strandpromenade und der langen, sch\u00f6nen Sandstr\u00e4nde von Mar de Cristal. Sie haben die Wahl zwischen Erdgeschosswohnungen mit privatem Garten, Wohnungen im mittleren Stockwerk mit Terrasse und Penth\u00e4usern mit privatem Solarium. Die Wohnungen mit 2 oder 3 Schlafzimmern und 2 B\u00e4dern sind modern gestaltet und verf\u00fcgen \u00fcber einen offenen Wohnbereich, der K\u00fcche, Esszimmer und Wohnzimmer in einem gro\u00dfen Raum mit Zugang zur Terrasse vereint. Das Hauptschlafzimmer hat ein eigenes Bad, die Wohnungen sind hochwertig ausgestattet, haben Einbauschr\u00e4nke, eine vorinstallierte Klimaanlage, einen Hauswirtschaftsraum und einen Tiefgaragenstellplatz.Alle Gesch\u00e4fte des t\u00e4glichen Bedarfs wie Superm\u00e4rkte, Bars und Restaurants befinden sich das ganze Jahr \u00fcber in unmittelbarer N\u00e4he der Anlage. Mar de Cristal verf\u00fcgt \u00fcber sch\u00f6ne Sandstr\u00e4nde, ein Tenniszentrum, einen Jachthafen, Superm\u00e4rkte, Bars und Restaurants. Der Nationalpark Calblanque, in dem Sie unber\u00fchrte lange wei\u00dfe Sandstr\u00e4nde finden, sowie der ber\u00fchmte La Manga Club und die lebhafte Stadt Los Belones sind nur 5 Autominuten vom Dorf entfernt. Der Flughafen Murcia ist 25 Minuten und Alicante 1 Stunde entfernt. Sie k\u00f6nnen auch die historischen St\u00e4dte Cartagena und Murcia besuchen.<\/p>\n","protected":false},"excerpt":{"rendered":"<p>NEUER WOHNKOMPLEX IN MAR DE CRISTAL Neubau einer modernen Wohnanlage mit Wohnungen und Penth\u00e4usern in unmittelbarer N\u00e4he der Strandpromenade und der langen, sch\u00f6nen Sandstr\u00e4nde von Mar de Cristal. Sie haben die Wahl zwischen Erdgeschosswohnungen mit privatem Garten, Wohnungen im mittleren Stockwerk mit Terrasse und Penth\u00e4usern mit privatem Solarium. Die Wohnungen mit 2 oder 3 Schlafzimmern&#8230;<\/p>\n","protected":false},"author":4,"featured_media":0,"menu_order":0,"template":"","meta":{"_acf_changed":false,"_kad_blocks_custom_css":"","_kad_blocks_head_custom_js":"","_kad_blocks_body_custom_js":"","_kad_blocks_footer_custom_js":"","_kad_post_transparent":"","_kad_post_title":"","_kad_post_layout":"","_kad_post_sidebar_id":"","_kad_post_content_style":"","_kad_post_vertical_padding":"","_kad_post_feature":"","_kad_post_feature_position":"","_kad_post_header":false,"_kad_post_footer":false,"_joinchat":[],"footnotes":""},"categories":[],"tags":[],"class_list":["post-330856","property","type-property","status-publish","hentry"],"acf":{"add_photos":[125018,125019,125020,125021,125022,125023,125024,125025,125026,125027,125028,125029,125030,125031,125032,125033,125034,125035,125036,125037,125038,125039,125040,125041,125042,125043,125044,125045,125046,125047,125048,125049,125050,125051,125052,125053,125054,125055,125056,125057],"video":""},"yoast_head":"<!-- This site is optimized with the Yoast SEO plugin v24.5 - https:\/\/yoast.com\/wordpress\/plugins\/seo\/ -->\n<title>N6794 - Devetoper<\/title>\n<meta name=\"robots\" content=\"noindex, follow\" \/>\n<meta property=\"og:locale\" content=\"de_DE\" \/>\n<meta property=\"og:type\" content=\"article\" \/>\n<meta property=\"og:title\" content=\"N6794 - Devetoper\" \/>\n<meta property=\"og:description\" content=\"NEUER WOHNKOMPLEX IN MAR DE CRISTAL Neubau einer modernen Wohnanlage mit Wohnungen und Penth\u00e4usern in unmittelbarer N\u00e4he der Strandpromenade und der langen, sch\u00f6nen Sandstr\u00e4nde von Mar de Cristal. Sie haben die Wahl zwischen Erdgeschosswohnungen mit privatem Garten, Wohnungen im mittleren Stockwerk mit Terrasse und Penth\u00e4usern mit privatem Solarium. Die Wohnungen mit 2 oder 3 Schlafzimmern...\" \/>\n<meta property=\"og:url\" content=\"https:\/\/devetoper.com\/de\/properties\/n6794\/\" \/>\n<meta property=\"og:site_name\" content=\"Devetoper\" \/>\n<meta property=\"article:publisher\" content=\"https:\/\/www.facebook.com\/DEVETOPERCOM\" \/>\n<meta property=\"og:image\" content=\"https:\/\/devetoper.com\/wp-content\/uploads\/2024\/05\/FALLBACK.png\" \/>\n\t<meta property=\"og:image:width\" content=\"1200\" \/>\n\t<meta property=\"og:image:height\" content=\"675\" \/>\n\t<meta property=\"og:image:type\" content=\"image\/png\" \/>\n<meta name=\"twitter:card\" content=\"summary_large_image\" \/>\n<meta name=\"twitter:site\" content=\"@DEVETOPER\" \/>\n<meta name=\"twitter:label1\" content=\"Gesch\u00e4tzte Lesezeit\" \/>\n\t<meta name=\"twitter:data1\" content=\"1 minute\" \/>\n<script type=\"application\/ld+json\" class=\"yoast-schema-graph\">{\"@context\":\"https:\/\/schema.org\",\"@graph\":[{\"@type\":[\"WebPage\",\"RealEstateListing\"],\"@id\":\"https:\/\/devetoper.com\/de\/properties\/n6794\/\",\"url\":\"https:\/\/devetoper.com\/de\/properties\/n6794\/\",\"name\":\"N6794 - Devetoper\",\"isPartOf\":{\"@id\":\"https:\/\/devetoper.com\/de\/#website\"},\"datePublished\":\"2025-12-15T07:34:59+00:00\",\"breadcrumb\":{\"@id\":\"https:\/\/devetoper.com\/de\/properties\/n6794\/#breadcrumb\"},\"inLanguage\":\"de-DE\",\"potentialAction\":[{\"@type\":\"ReadAction\",\"target\":[\"https:\/\/devetoper.com\/de\/properties\/n6794\/\"]}]},{\"@type\":\"BreadcrumbList\",\"@id\":\"https:\/\/devetoper.com\/de\/properties\/n6794\/#breadcrumb\",\"itemListElement\":[{\"@type\":\"ListItem\",\"position\":1,\"name\":\"Startseite\",\"item\":\"https:\/\/devetoper.com\/de\/\"},{\"@type\":\"ListItem\",\"position\":2,\"name\":\"Properties\",\"item\":\"https:\/\/devetoper.com\/de\/properties\/\"},{\"@type\":\"ListItem\",\"position\":3,\"name\":\"N6794\"}]},{\"@type\":\"WebSite\",\"@id\":\"https:\/\/devetoper.com\/de\/#website\",\"url\":\"https:\/\/devetoper.com\/de\/\",\"name\":\"Devetoper\",\"description\":\"\u041f\u0440\u043e\u0444\u0435\u0441\u0441\u0438\u043e\u043d\u0430\u043b\u0438\u0437\u043c, \u043e\u0431\u0435\u0441\u043f\u0435\u0447\u0438\u0432\u0430\u044e\u0449\u0438\u0439 \u0431\u0435\u0437\u043e\u043f\u0430\u0441\u043d\u043e\u0441\u0442\u044c \u043a\u0430\u0436\u0434\u043e\u0439 \u0442\u0440\u0430\u043d\u0437\u0430\u043a\u0446\u0438\u0438\",\"publisher\":{\"@id\":\"https:\/\/devetoper.com\/de\/#organization\"},\"potentialAction\":[{\"@type\":\"SearchAction\",\"target\":{\"@type\":\"EntryPoint\",\"urlTemplate\":\"https:\/\/devetoper.com\/de\/?s={search_term_string}\"},\"query-input\":{\"@type\":\"PropertyValueSpecification\",\"valueRequired\":true,\"valueName\":\"search_term_string\"}}],\"inLanguage\":\"de-DE\"},{\"@type\":\"Organization\",\"@id\":\"https:\/\/devetoper.com\/de\/#organization\",\"name\":\"Devetoper\",\"url\":\"https:\/\/devetoper.com\/de\/\",\"logo\":{\"@type\":\"ImageObject\",\"inLanguage\":\"de-DE\",\"@id\":\"https:\/\/devetoper.com\/de\/#\/schema\/logo\/image\/\",\"url\":\"https:\/\/devetoper.com\/wp-content\/uploads\/2024\/05\/ORG_FALLBACK.png\",\"contentUrl\":\"https:\/\/devetoper.com\/wp-content\/uploads\/2024\/05\/ORG_FALLBACK.png\",\"width\":696,\"height\":696,\"caption\":\"Devetoper\"},\"image\":{\"@id\":\"https:\/\/devetoper.com\/de\/#\/schema\/logo\/image\/\"},\"sameAs\":[\"https:\/\/www.facebook.com\/DEVETOPERCOM\",\"https:\/\/x.com\/DEVETOPER\",\"https:\/\/www.youtube.com\/channel\/UCRF8haCQIXnFKmW464sqApQ\",\"https:\/\/www.tiktok.com\/@devetoper\",\"https:\/\/www.instagram.com\/devetoper_\/\"]}]}<\/script>\n<!-- \/ Yoast SEO plugin. -->","yoast_head_json":{"title":"N6794 - Devetoper","robots":{"index":"noindex","follow":"follow"},"og_locale":"de_DE","og_type":"article","og_title":"N6794 - Devetoper","og_description":"NEUER WOHNKOMPLEX IN MAR DE CRISTAL Neubau einer modernen Wohnanlage mit Wohnungen und Penth\u00e4usern in unmittelbarer N\u00e4he der Strandpromenade und der langen, sch\u00f6nen Sandstr\u00e4nde von Mar de Cristal. Sie haben die Wahl zwischen Erdgeschosswohnungen mit privatem Garten, Wohnungen im mittleren Stockwerk mit Terrasse und Penth\u00e4usern mit privatem Solarium. Die Wohnungen mit 2 oder 3 Schlafzimmern...","og_url":"https:\/\/devetoper.com\/de\/properties\/n6794\/","og_site_name":"Devetoper","article_publisher":"https:\/\/www.facebook.com\/DEVETOPERCOM","og_image":[{"width":1200,"height":675,"url":"https:\/\/devetoper.com\/wp-content\/uploads\/2024\/05\/FALLBACK.png","type":"image\/png"}],"twitter_card":"summary_large_image","twitter_site":"@DEVETOPER","twitter_misc":{"Gesch\u00e4tzte Lesezeit":"1 minute"},"schema":{"@context":"https:\/\/schema.org","@graph":[{"@type":["WebPage","RealEstateListing"],"@id":"https:\/\/devetoper.com\/de\/properties\/n6794\/","url":"https:\/\/devetoper.com\/de\/properties\/n6794\/","name":"N6794 - Devetoper","isPartOf":{"@id":"https:\/\/devetoper.com\/de\/#website"},"datePublished":"2025-12-15T07:34:59+00:00","breadcrumb":{"@id":"https:\/\/devetoper.com\/de\/properties\/n6794\/#breadcrumb"},"inLanguage":"de-DE","potentialAction":[{"@type":"ReadAction","target":["https:\/\/devetoper.com\/de\/properties\/n6794\/"]}]},{"@type":"BreadcrumbList","@id":"https:\/\/devetoper.com\/de\/properties\/n6794\/#breadcrumb","itemListElement":[{"@type":"ListItem","position":1,"name":"Startseite","item":"https:\/\/devetoper.com\/de\/"},{"@type":"ListItem","position":2,"name":"Properties","item":"https:\/\/devetoper.com\/de\/properties\/"},{"@type":"ListItem","position":3,"name":"N6794"}]},{"@type":"WebSite","@id":"https:\/\/devetoper.com\/de\/#website","url":"https:\/\/devetoper.com\/de\/","name":"Devetoper","description":"\u041f\u0440\u043e\u0444\u0435\u0441\u0441\u0438\u043e\u043d\u0430\u043b\u0438\u0437\u043c, \u043e\u0431\u0435\u0441\u043f\u0435\u0447\u0438\u0432\u0430\u044e\u0449\u0438\u0439 \u0431\u0435\u0437\u043e\u043f\u0430\u0441\u043d\u043e\u0441\u0442\u044c \u043a\u0430\u0436\u0434\u043e\u0439 \u0442\u0440\u0430\u043d\u0437\u0430\u043a\u0446\u0438\u0438","publisher":{"@id":"https:\/\/devetoper.com\/de\/#organization"},"potentialAction":[{"@type":"SearchAction","target":{"@type":"EntryPoint","urlTemplate":"https:\/\/devetoper.com\/de\/?s={search_term_string}"},"query-input":{"@type":"PropertyValueSpecification","valueRequired":true,"valueName":"search_term_string"}}],"inLanguage":"de-DE"},{"@type":"Organization","@id":"https:\/\/devetoper.com\/de\/#organization","name":"Devetoper","url":"https:\/\/devetoper.com\/de\/","logo":{"@type":"ImageObject","inLanguage":"de-DE","@id":"https:\/\/devetoper.com\/de\/#\/schema\/logo\/image\/","url":"https:\/\/devetoper.com\/wp-content\/uploads\/2024\/05\/ORG_FALLBACK.png","contentUrl":"https:\/\/devetoper.com\/wp-content\/uploads\/2024\/05\/ORG_FALLBACK.png","width":696,"height":696,"caption":"Devetoper"},"image":{"@id":"https:\/\/devetoper.com\/de\/#\/schema\/logo\/image\/"},"sameAs":["https:\/\/www.facebook.com\/DEVETOPERCOM","https:\/\/x.com\/DEVETOPER","https:\/\/www.youtube.com\/channel\/UCRF8haCQIXnFKmW464sqApQ","https:\/\/www.tiktok.com\/@devetoper","https:\/\/www.instagram.com\/devetoper_\/"]}]}},"taxonomy_info":[],"featured_image_src_large":false,"author_info":{"display_name":"DEVETOPER","author_link":"https:\/\/devetoper.com\/de\/author\/main-agency\/"},"comment_info":"","jetpack_sharing_enabled":true,"_links":{"self":[{"href":"https:\/\/devetoper.com\/de\/wp-json\/wp\/v2\/property\/330856","targetHints":{"allow":["GET"]}}],"collection":[{"href":"https:\/\/devetoper.com\/de\/wp-json\/wp\/v2\/property"}],"about":[{"href":"https:\/\/devetoper.com\/de\/wp-json\/wp\/v2\/types\/property"}],"author":[{"embeddable":true,"href":"https:\/\/devetoper.com\/de\/wp-json\/wp\/v2\/users\/4"}],"version-history":[{"count":0,"href":"https:\/\/devetoper.com\/de\/wp-json\/wp\/v2\/property\/330856\/revisions"}],"acf:attachment":[{"embeddable":true,"href":"https:\/\/devetoper.com\/de\/wp-json\/wp\/v2\/media\/125057"},{"embeddable":true,"href":"https:\/\/devetoper.com\/de\/wp-json\/wp\/v2\/media\/125056"},{"embeddable":true,"href":"https:\/\/devetoper.com\/de\/wp-json\/wp\/v2\/media\/125055"},{"embeddable":true,"href":"https:\/\/devetoper.com\/de\/wp-json\/wp\/v2\/media\/125054"},{"embeddable":true,"href":"https:\/\/devetoper.com\/de\/wp-json\/wp\/v2\/media\/125053"},{"embeddable":true,"href":"https:\/\/devetoper.com\/de\/wp-json\/wp\/v2\/media\/125052"},{"embeddable":true,"href":"https:\/\/devetoper.com\/de\/wp-json\/wp\/v2\/media\/125051"},{"embeddable":true,"href":"https:\/\/devetoper.com\/de\/wp-json\/wp\/v2\/media\/125050"},{"embeddable":true,"href":"https:\/\/devetoper.com\/de\/wp-json\/wp\/v2\/media\/125049"},{"embeddable":true,"href":"https:\/\/devetoper.com\/de\/wp-json\/wp\/v2\/media\/125048"},{"embeddable":true,"href":"https:\/\/devetoper.com\/de\/wp-json\/wp\/v2\/media\/125047"},{"embeddable":true,"href":"https:\/\/devetoper.com\/de\/wp-json\/wp\/v2\/media\/125046"},{"embeddable":true,"href":"https:\/\/devetoper.com\/de\/wp-json\/wp\/v2\/media\/125045"},{"embeddable":true,"href":"https:\/\/devetoper.com\/de\/wp-json\/wp\/v2\/media\/125044"},{"embeddable":true,"href":"https:\/\/devetoper.com\/de\/wp-json\/wp\/v2\/media\/125043"},{"embeddable":true,"href":"https:\/\/devetoper.com\/de\/wp-json\/wp\/v2\/media\/125042"},{"embeddable":true,"href":"https:\/\/devetoper.com\/de\/wp-json\/wp\/v2\/media\/125041"},{"embeddable":true,"href":"https:\/\/devetoper.com\/de\/wp-json\/wp\/v2\/media\/125040"},{"embeddable":true,"href":"https:\/\/devetoper.com\/de\/wp-json\/wp\/v2\/media\/125039"},{"embeddable":true,"href":"https:\/\/devetoper.com\/de\/wp-json\/wp\/v2\/media\/125038"},{"embeddable":true,"href":"https:\/\/devetoper.com\/de\/wp-json\/wp\/v2\/media\/125037"},{"embeddable":true,"href":"https:\/\/devetoper.com\/de\/wp-json\/wp\/v2\/media\/125036"},{"embeddable":true,"href":"https:\/\/devetoper.com\/de\/wp-json\/wp\/v2\/media\/125035"},{"embeddable":true,"href":"https:\/\/devetoper.com\/de\/wp-json\/wp\/v2\/media\/125034"},{"embeddable":true,"href":"https:\/\/devetoper.com\/de\/wp-json\/wp\/v2\/media\/125033"},{"embeddable":true,"href":"https:\/\/devetoper.com\/de\/wp-json\/wp\/v2\/media\/125032"},{"embeddable":true,"href":"https:\/\/devetoper.com\/de\/wp-json\/wp\/v2\/media\/125031"},{"embeddable":true,"href":"https:\/\/devetoper.com\/de\/wp-json\/wp\/v2\/media\/125030"},{"embeddable":true,"href":"https:\/\/devetoper.com\/de\/wp-json\/wp\/v2\/media\/125029"},{"embeddable":true,"href":"https:\/\/devetoper.com\/de\/wp-json\/wp\/v2\/media\/125028"},{"embeddable":true,"href":"https:\/\/devetoper.com\/de\/wp-json\/wp\/v2\/media\/125027"},{"embeddable":true,"href":"https:\/\/devetoper.com\/de\/wp-json\/wp\/v2\/media\/125026"},{"embeddable":true,"href":"https:\/\/devetoper.com\/de\/wp-json\/wp\/v2\/media\/125025"},{"embeddable":true,"href":"https:\/\/devetoper.com\/de\/wp-json\/wp\/v2\/media\/125024"},{"embeddable":true,"href":"https:\/\/devetoper.com\/de\/wp-json\/wp\/v2\/media\/125023"},{"embeddable":true,"href":"https:\/\/devetoper.com\/de\/wp-json\/wp\/v2\/media\/125022"},{"embeddable":true,"href":"https:\/\/devetoper.com\/de\/wp-json\/wp\/v2\/media\/125021"},{"embeddable":true,"href":"https:\/\/devetoper.com\/de\/wp-json\/wp\/v2\/media\/125020"},{"embeddable":true,"href":"https:\/\/devetoper.com\/de\/wp-json\/wp\/v2\/media\/125019"},{"embeddable":true,"href":"https:\/\/devetoper.com\/de\/wp-json\/wp\/v2\/media\/125018"}],"wp:attachment":[{"href":"https:\/\/devetoper.com\/de\/wp-json\/wp\/v2\/media?parent=330856"}],"wp:term":[{"taxonomy":"category","embeddable":true,"href":"https:\/\/devetoper.com\/de\/wp-json\/wp\/v2\/categories?post=330856"},{"taxonomy":"post_tag","embeddable":true,"href":"https:\/\/devetoper.com\/de\/wp-json\/wp\/v2\/tags?post=330856"}],"curies":[{"name":"wp","href":"https:\/\/api.w.org\/{rel}","templated":true}]}}