{"id":333701,"date":"2025-12-21T01:13:40","date_gmt":"2025-12-21T00:13:40","guid":{"rendered":"https:\/\/devetoper.com\/properties\/his950-4\/"},"modified":"2025-12-21T01:13:40","modified_gmt":"2025-12-21T00:13:40","slug":"his950-4","status":"publish","type":"property","link":"https:\/\/devetoper.com\/de\/properties\/his950-4\/","title":{"rendered":"HIS950"},"content":{"rendered":"<p><span dir=\"auto\">Wir pr\u00e4sentieren ein exklusives Wohngeb\u00e4ude in der Calle M\u00fasico Vicente Spiteri in Playa de San Juan, das mit Blick auf Komfort, Stil und Lebensqualit\u00e4t entworfen wurde. Die erstklassige Lage in der N\u00e4he von Playa de San Juan verbindet die Vorz\u00fcge der Strandlage mit st\u00e4dtischen Annehmlichkeiten.<\/span><span dir=\"auto\">Das Geb\u00e4ude umfasst 38 Zwei- und Drei-Zimmer-Wohnungen auf acht Etagen sowie ein Penthouse mit Solarium. Alle Wohnungen sind \u00fcber Eck ausgerichtet, um ein Maximum an Aussicht, nat\u00fcrlichem Licht und Bel\u00fcftung zu gew\u00e4hrleisten. Jede Wohnung verf\u00fcgt \u00fcber ger\u00e4umige Terrassen, auf denen Sie die Landschaft und die mediterrane Brise genie\u00dfen k\u00f6nnen, und \u00fcber<\/span><strong><span dir=\"auto\">R\u00e4ume, in denen Sie sich wohl f\u00fchlen.<\/span><\/strong><\/p>\n<ul>\n<li><span dir=\"auto\">Au\u00dfergew\u00f6hnliche Gemeinschaftsbereiche: Schwimmbad, Fitnessraum, G\u00e4rten und Entspannungsbereich.<\/span><\/li>\n<li><span dir=\"auto\">Erdgeschosswohnungen mit privaten G\u00e4rten und offenen Terrassen.<\/span><\/li>\n<li><span dir=\"auto\">Penthouse-Wohnungen mit direktem Zugang zu privaten Sonnenterrassen, ideal f\u00fcr die Abgeschiedenheit.<\/span><\/li>\n<\/ul>\n<p><strong><span dir=\"auto\">Leben Sie in einem Raum, der f\u00fcr das t\u00e4gliche Vergn\u00fcgen und die Entspannung konzipiert wurde, umgeben von Annehmlichkeiten und Natur.<\/span><\/strong><span dir=\"auto\">Der Strand von San Juan, das Juwel am Meer von Alicante, erstreckt sich wie eine goldene Leinwand von El Campello bis Cabo de la Huerta. Bekannt f\u00fcr seinen feinen Sand und das kristallklare Wasser, ist er mehr als nur ein Reiseziel; er ist ein Lebensstil, der das ganze Jahr \u00fcber fasziniert.<\/span><span dir=\"auto\">Wenn die Sonne untergeht, erwacht die ikonische Strandpromenade mit ihren lebhaften Terrassen zum Leben, wo man die Meeresbrise und die exquisite lokale K\u00fcche genie\u00dfen kann. Dieser Strand mit seinen Sportm\u00f6glichkeiten wie Beachvolleyball, Windsurfen und Fu\u00dfball ist ein Treffpunkt f\u00fcr Sportbegeisterte und Erholungssuchende am Mittelmeer gleicherma\u00dfen.<\/span><span dir=\"auto\">Die N\u00e4he zum prestigetr\u00e4chtigen Golfplatz von Alicante und ein sorgf\u00e4ltig ausgew\u00e4hltes Freizeitangebot vervollst\u00e4ndigen diese einzigartige Enklave, in der Tradition und Moderne zu einer au\u00dfergew\u00f6hnlichen Lebensqualit\u00e4t verschmelzen<\/span><span dir=\"auto\">.<\/span><span dir=\"auto\">Playa de San Juan ist nicht nur ein Ort, sondern eine Erfahrung, die nat\u00fcrliche Sch\u00f6nheit, einen aktiven Lebensstil und ein authentisches mediterranes Klima vereint.<\/span><\/p>\n","protected":false},"excerpt":{"rendered":"<p>Wir pr\u00e4sentieren ein exklusives Wohngeb\u00e4ude in der Calle M\u00fasico Vicente Spiteri in Playa de San Juan, das mit Blick auf Komfort, Stil und Lebensqualit\u00e4t entworfen wurde. Die erstklassige Lage in der N\u00e4he von Playa de San Juan verbindet die Vorz\u00fcge der Strandlage mit st\u00e4dtischen Annehmlichkeiten.Das Geb\u00e4ude umfasst 38 Zwei- und Drei-Zimmer-Wohnungen auf acht Etagen sowie&#8230;<\/p>\n","protected":false},"author":1156,"featured_media":0,"menu_order":0,"template":"","meta":{"_acf_changed":false,"_kad_blocks_custom_css":"","_kad_blocks_head_custom_js":"","_kad_blocks_body_custom_js":"","_kad_blocks_footer_custom_js":"","_kad_post_transparent":"","_kad_post_title":"","_kad_post_layout":"","_kad_post_sidebar_id":"","_kad_post_content_style":"","_kad_post_vertical_padding":"","_kad_post_feature":"","_kad_post_feature_position":"","_kad_post_header":false,"_kad_post_footer":false,"_joinchat":[],"footnotes":""},"categories":[],"tags":[],"class_list":["post-333701","property","type-property","status-publish","hentry"],"acf":{"add_photos":[313937,313941,313950,313940,313942,313943,313938,313946,313939,313949,313948,313944,313947,313945,313951,313952,313954,313953,313955],"video":""},"yoast_head":"<!-- This site is optimized with the Yoast SEO plugin v24.5 - https:\/\/yoast.com\/wordpress\/plugins\/seo\/ -->\n<title>HIS950 - Devetoper<\/title>\n<meta name=\"robots\" content=\"noindex, follow\" \/>\n<meta property=\"og:locale\" content=\"de_DE\" \/>\n<meta property=\"og:type\" content=\"article\" \/>\n<meta property=\"og:title\" content=\"HIS950 - Devetoper\" \/>\n<meta property=\"og:description\" content=\"Wir pr\u00e4sentieren ein exklusives Wohngeb\u00e4ude in der Calle M\u00fasico Vicente Spiteri in Playa de San Juan, das mit Blick auf Komfort, Stil und Lebensqualit\u00e4t entworfen wurde. Die erstklassige Lage in der N\u00e4he von Playa de San Juan verbindet die Vorz\u00fcge der Strandlage mit st\u00e4dtischen Annehmlichkeiten.Das Geb\u00e4ude umfasst 38 Zwei- und Drei-Zimmer-Wohnungen auf acht Etagen sowie...\" \/>\n<meta property=\"og:url\" content=\"https:\/\/devetoper.com\/de\/properties\/his950-4\/\" \/>\n<meta property=\"og:site_name\" content=\"Devetoper\" \/>\n<meta property=\"article:publisher\" content=\"https:\/\/www.facebook.com\/DEVETOPERCOM\" \/>\n<meta property=\"og:image\" content=\"https:\/\/devetoper.com\/wp-content\/uploads\/2024\/05\/FALLBACK.png\" \/>\n\t<meta property=\"og:image:width\" content=\"1200\" \/>\n\t<meta property=\"og:image:height\" content=\"675\" \/>\n\t<meta property=\"og:image:type\" content=\"image\/png\" \/>\n<meta name=\"twitter:card\" content=\"summary_large_image\" \/>\n<meta name=\"twitter:site\" content=\"@DEVETOPER\" \/>\n<meta name=\"twitter:label1\" content=\"Gesch\u00e4tzte Lesezeit\" \/>\n\t<meta name=\"twitter:data1\" content=\"2 minute\" \/>\n<script type=\"application\/ld+json\" class=\"yoast-schema-graph\">{\"@context\":\"https:\/\/schema.org\",\"@graph\":[{\"@type\":[\"WebPage\",\"RealEstateListing\"],\"@id\":\"https:\/\/devetoper.com\/de\/properties\/his950-4\/\",\"url\":\"https:\/\/devetoper.com\/de\/properties\/his950-4\/\",\"name\":\"HIS950 - Devetoper\",\"isPartOf\":{\"@id\":\"https:\/\/devetoper.com\/de\/#website\"},\"datePublished\":\"2025-12-21T00:13:40+00:00\",\"breadcrumb\":{\"@id\":\"https:\/\/devetoper.com\/de\/properties\/his950-4\/#breadcrumb\"},\"inLanguage\":\"de-DE\",\"potentialAction\":[{\"@type\":\"ReadAction\",\"target\":[\"https:\/\/devetoper.com\/de\/properties\/his950-4\/\"]}]},{\"@type\":\"BreadcrumbList\",\"@id\":\"https:\/\/devetoper.com\/de\/properties\/his950-4\/#breadcrumb\",\"itemListElement\":[{\"@type\":\"ListItem\",\"position\":1,\"name\":\"Startseite\",\"item\":\"https:\/\/devetoper.com\/de\/\"},{\"@type\":\"ListItem\",\"position\":2,\"name\":\"Properties\",\"item\":\"https:\/\/devetoper.com\/de\/properties\/\"},{\"@type\":\"ListItem\",\"position\":3,\"name\":\"HIS950\"}]},{\"@type\":\"WebSite\",\"@id\":\"https:\/\/devetoper.com\/de\/#website\",\"url\":\"https:\/\/devetoper.com\/de\/\",\"name\":\"Devetoper\",\"description\":\"\u041f\u0440\u043e\u0444\u0435\u0441\u0441\u0438\u043e\u043d\u0430\u043b\u0438\u0437\u043c, \u043e\u0431\u0435\u0441\u043f\u0435\u0447\u0438\u0432\u0430\u044e\u0449\u0438\u0439 \u0431\u0435\u0437\u043e\u043f\u0430\u0441\u043d\u043e\u0441\u0442\u044c \u043a\u0430\u0436\u0434\u043e\u0439 \u0442\u0440\u0430\u043d\u0437\u0430\u043a\u0446\u0438\u0438\",\"publisher\":{\"@id\":\"https:\/\/devetoper.com\/de\/#organization\"},\"potentialAction\":[{\"@type\":\"SearchAction\",\"target\":{\"@type\":\"EntryPoint\",\"urlTemplate\":\"https:\/\/devetoper.com\/de\/?s={search_term_string}\"},\"query-input\":{\"@type\":\"PropertyValueSpecification\",\"valueRequired\":true,\"valueName\":\"search_term_string\"}}],\"inLanguage\":\"de-DE\"},{\"@type\":\"Organization\",\"@id\":\"https:\/\/devetoper.com\/de\/#organization\",\"name\":\"Devetoper\",\"url\":\"https:\/\/devetoper.com\/de\/\",\"logo\":{\"@type\":\"ImageObject\",\"inLanguage\":\"de-DE\",\"@id\":\"https:\/\/devetoper.com\/de\/#\/schema\/logo\/image\/\",\"url\":\"https:\/\/devetoper.com\/wp-content\/uploads\/2024\/05\/ORG_FALLBACK.png\",\"contentUrl\":\"https:\/\/devetoper.com\/wp-content\/uploads\/2024\/05\/ORG_FALLBACK.png\",\"width\":696,\"height\":696,\"caption\":\"Devetoper\"},\"image\":{\"@id\":\"https:\/\/devetoper.com\/de\/#\/schema\/logo\/image\/\"},\"sameAs\":[\"https:\/\/www.facebook.com\/DEVETOPERCOM\",\"https:\/\/x.com\/DEVETOPER\",\"https:\/\/www.youtube.com\/channel\/UCRF8haCQIXnFKmW464sqApQ\",\"https:\/\/www.tiktok.com\/@devetoper\",\"https:\/\/www.instagram.com\/devetoper_\/\"]}]}<\/script>\n<!-- \/ Yoast SEO plugin. -->","yoast_head_json":{"title":"HIS950 - Devetoper","robots":{"index":"noindex","follow":"follow"},"og_locale":"de_DE","og_type":"article","og_title":"HIS950 - Devetoper","og_description":"Wir pr\u00e4sentieren ein exklusives Wohngeb\u00e4ude in der Calle M\u00fasico Vicente Spiteri in Playa de San Juan, das mit Blick auf Komfort, Stil und Lebensqualit\u00e4t entworfen wurde. Die erstklassige Lage in der N\u00e4he von Playa de San Juan verbindet die Vorz\u00fcge der Strandlage mit st\u00e4dtischen Annehmlichkeiten.Das Geb\u00e4ude umfasst 38 Zwei- und Drei-Zimmer-Wohnungen auf acht Etagen sowie...","og_url":"https:\/\/devetoper.com\/de\/properties\/his950-4\/","og_site_name":"Devetoper","article_publisher":"https:\/\/www.facebook.com\/DEVETOPERCOM","og_image":[{"width":1200,"height":675,"url":"https:\/\/devetoper.com\/wp-content\/uploads\/2024\/05\/FALLBACK.png","type":"image\/png"}],"twitter_card":"summary_large_image","twitter_site":"@DEVETOPER","twitter_misc":{"Gesch\u00e4tzte Lesezeit":"2 minute"},"schema":{"@context":"https:\/\/schema.org","@graph":[{"@type":["WebPage","RealEstateListing"],"@id":"https:\/\/devetoper.com\/de\/properties\/his950-4\/","url":"https:\/\/devetoper.com\/de\/properties\/his950-4\/","name":"HIS950 - Devetoper","isPartOf":{"@id":"https:\/\/devetoper.com\/de\/#website"},"datePublished":"2025-12-21T00:13:40+00:00","breadcrumb":{"@id":"https:\/\/devetoper.com\/de\/properties\/his950-4\/#breadcrumb"},"inLanguage":"de-DE","potentialAction":[{"@type":"ReadAction","target":["https:\/\/devetoper.com\/de\/properties\/his950-4\/"]}]},{"@type":"BreadcrumbList","@id":"https:\/\/devetoper.com\/de\/properties\/his950-4\/#breadcrumb","itemListElement":[{"@type":"ListItem","position":1,"name":"Startseite","item":"https:\/\/devetoper.com\/de\/"},{"@type":"ListItem","position":2,"name":"Properties","item":"https:\/\/devetoper.com\/de\/properties\/"},{"@type":"ListItem","position":3,"name":"HIS950"}]},{"@type":"WebSite","@id":"https:\/\/devetoper.com\/de\/#website","url":"https:\/\/devetoper.com\/de\/","name":"Devetoper","description":"\u041f\u0440\u043e\u0444\u0435\u0441\u0441\u0438\u043e\u043d\u0430\u043b\u0438\u0437\u043c, \u043e\u0431\u0435\u0441\u043f\u0435\u0447\u0438\u0432\u0430\u044e\u0449\u0438\u0439 \u0431\u0435\u0437\u043e\u043f\u0430\u0441\u043d\u043e\u0441\u0442\u044c \u043a\u0430\u0436\u0434\u043e\u0439 \u0442\u0440\u0430\u043d\u0437\u0430\u043a\u0446\u0438\u0438","publisher":{"@id":"https:\/\/devetoper.com\/de\/#organization"},"potentialAction":[{"@type":"SearchAction","target":{"@type":"EntryPoint","urlTemplate":"https:\/\/devetoper.com\/de\/?s={search_term_string}"},"query-input":{"@type":"PropertyValueSpecification","valueRequired":true,"valueName":"search_term_string"}}],"inLanguage":"de-DE"},{"@type":"Organization","@id":"https:\/\/devetoper.com\/de\/#organization","name":"Devetoper","url":"https:\/\/devetoper.com\/de\/","logo":{"@type":"ImageObject","inLanguage":"de-DE","@id":"https:\/\/devetoper.com\/de\/#\/schema\/logo\/image\/","url":"https:\/\/devetoper.com\/wp-content\/uploads\/2024\/05\/ORG_FALLBACK.png","contentUrl":"https:\/\/devetoper.com\/wp-content\/uploads\/2024\/05\/ORG_FALLBACK.png","width":696,"height":696,"caption":"Devetoper"},"image":{"@id":"https:\/\/devetoper.com\/de\/#\/schema\/logo\/image\/"},"sameAs":["https:\/\/www.facebook.com\/DEVETOPERCOM","https:\/\/x.com\/DEVETOPER","https:\/\/www.youtube.com\/channel\/UCRF8haCQIXnFKmW464sqApQ","https:\/\/www.tiktok.com\/@devetoper","https:\/\/www.instagram.com\/devetoper_\/"]}]}},"taxonomy_info":[],"featured_image_src_large":false,"author_info":{"display_name":"DEVETOPER","author_link":"https:\/\/devetoper.com\/de\/author\/devetoper\/"},"comment_info":"","jetpack_sharing_enabled":true,"_links":{"self":[{"href":"https:\/\/devetoper.com\/de\/wp-json\/wp\/v2\/property\/333701","targetHints":{"allow":["GET"]}}],"collection":[{"href":"https:\/\/devetoper.com\/de\/wp-json\/wp\/v2\/property"}],"about":[{"href":"https:\/\/devetoper.com\/de\/wp-json\/wp\/v2\/types\/property"}],"author":[{"embeddable":true,"href":"https:\/\/devetoper.com\/de\/wp-json\/wp\/v2\/users\/1156"}],"version-history":[{"count":0,"href":"https:\/\/devetoper.com\/de\/wp-json\/wp\/v2\/property\/333701\/revisions"}],"acf:attachment":[{"embeddable":true,"href":"https:\/\/devetoper.com\/de\/wp-json\/wp\/v2\/media\/313955"},{"embeddable":true,"href":"https:\/\/devetoper.com\/de\/wp-json\/wp\/v2\/media\/313953"},{"embeddable":true,"href":"https:\/\/devetoper.com\/de\/wp-json\/wp\/v2\/media\/313954"},{"embeddable":true,"href":"https:\/\/devetoper.com\/de\/wp-json\/wp\/v2\/media\/313952"},{"embeddable":true,"href":"https:\/\/devetoper.com\/de\/wp-json\/wp\/v2\/media\/313951"},{"embeddable":true,"href":"https:\/\/devetoper.com\/de\/wp-json\/wp\/v2\/media\/313945"},{"embeddable":true,"href":"https:\/\/devetoper.com\/de\/wp-json\/wp\/v2\/media\/313947"},{"embeddable":true,"href":"https:\/\/devetoper.com\/de\/wp-json\/wp\/v2\/media\/313944"},{"embeddable":true,"href":"https:\/\/devetoper.com\/de\/wp-json\/wp\/v2\/media\/313948"},{"embeddable":true,"href":"https:\/\/devetoper.com\/de\/wp-json\/wp\/v2\/media\/313949"},{"embeddable":true,"href":"https:\/\/devetoper.com\/de\/wp-json\/wp\/v2\/media\/313939"},{"embeddable":true,"href":"https:\/\/devetoper.com\/de\/wp-json\/wp\/v2\/media\/313946"},{"embeddable":true,"href":"https:\/\/devetoper.com\/de\/wp-json\/wp\/v2\/media\/313938"},{"embeddable":true,"href":"https:\/\/devetoper.com\/de\/wp-json\/wp\/v2\/media\/313943"},{"embeddable":true,"href":"https:\/\/devetoper.com\/de\/wp-json\/wp\/v2\/media\/313942"},{"embeddable":true,"href":"https:\/\/devetoper.com\/de\/wp-json\/wp\/v2\/media\/313940"},{"embeddable":true,"href":"https:\/\/devetoper.com\/de\/wp-json\/wp\/v2\/media\/313950"},{"embeddable":true,"href":"https:\/\/devetoper.com\/de\/wp-json\/wp\/v2\/media\/313941"},{"embeddable":true,"href":"https:\/\/devetoper.com\/de\/wp-json\/wp\/v2\/media\/313937"}],"wp:attachment":[{"href":"https:\/\/devetoper.com\/de\/wp-json\/wp\/v2\/media?parent=333701"}],"wp:term":[{"taxonomy":"category","embeddable":true,"href":"https:\/\/devetoper.com\/de\/wp-json\/wp\/v2\/categories?post=333701"},{"taxonomy":"post_tag","embeddable":true,"href":"https:\/\/devetoper.com\/de\/wp-json\/wp\/v2\/tags?post=333701"}],"curies":[{"name":"wp","href":"https:\/\/api.w.org\/{rel}","templated":true}]}}