{"id":333828,"date":"2025-12-21T02:33:46","date_gmt":"2025-12-21T01:33:46","guid":{"rendered":"https:\/\/devetoper.com\/properties\/his969-4\/"},"modified":"2025-12-21T02:33:46","modified_gmt":"2025-12-21T01:33:46","slug":"his969-4","status":"publish","type":"property","link":"https:\/\/devetoper.com\/de\/properties\/his969-4\/","title":{"rendered":"HIS969"},"content":{"rendered":"<section id=\"vista-general\" class=\"hero__detalle vc-component vc-autoid-82adceab39539ca2b240a853304a8f1474e41895\" data-component-name=\"hero-detalle\" data-gtm-position=\"foto\">\n<div class=\"hero__box\"><\/div>\n<\/section>\n<div id=\"descripcion\" class=\"text-top--promo-detalle vc-component vc-autoid-ecc810c2d8f2a669df02dd9e57e75c5b87f62568\" data-component-name=\"text-top--promo-detalle\">\n<div class=\"circle circle-component vc-component vc-autoid-9e0ba5e11f3cba483461c61e0eceba90b2209ae9\" data-component-name=\"circle\">\n<div><\/div>\n<\/div>\n<div class=\"box-text--2col\">\n<p><span dir=\"auto\">Die neue <\/span><strong><span dir=\"auto\">Wohnanlage <\/span><\/strong><strong><span dir=\"auto\">C\u00e9lere Moixer\u00f3<\/span><\/strong><span dir=\"auto\"> besteht aus <\/span><strong><span dir=\"auto\">54 H\u00e4usern mit 2, 3 und 4 Schlafzimmern, die sich auf sieben Etagen verteilen<\/span><\/strong><span dir=\"auto\">, alle mit Parkplatz und Abstellraum, in einer privilegierten Umgebung mit beeindruckendem Blick auf den Wald von Castellarnau in Terrassa.<\/span><span dir=\"auto\">Die H\u00e4user zeichnen sich durch ihr <\/span><strong><span dir=\"auto\">exzellentes Design und ihre F\u00fclle an nat\u00fcrlichem Licht<\/span><\/strong><span dir=\"auto\"> aus. Alle R\u00e4ume sind ger\u00e4umig und offen gestaltet; ihre Aufteilung wurde so konzipiert, dass sie Ihnen ein H\u00f6chstma\u00df an Komfort im t\u00e4glichen Leben bieten, daher haben wir sie mit getrennten Tag- und Nachtzonen entworfen. Die Wohnanlage verf\u00fcgt \u00fcber eine Dachterrasse mit Grill, die ideal ist, um Zeit mit der Familie und Freunden zu verbringen, sowie \u00fcber Gemeinschaftsr\u00e4ume, die zum Sonnenbaden und Entspannen einladen<\/span><span dir=\"auto\">. Moderne Ausstattungsmerkmale und Oberfl\u00e4chen machen C\u00e9lere Moixer\u00f3 zu einem einzigartigen Lebensraum, der Ihnen die M\u00f6glichkeit bietet, Ihre Wohnung durch die Wahl verschiedener Bodenbel\u00e4ge und Fliesen individuell zu gestalten.<\/span><span dir=\"auto\">C\u00e9lere Moixer\u00f3 sind H\u00e4user, in denen Sie Ihre Zukunft gestalten k\u00f6nnen.<\/span><em><span dir=\"auto\">*Diese Energieeffizienzklasse dient nur zur Information, ist vorl\u00e4ufig und kann sich in der Planungsphase noch \u00e4ndern.<\/span><\/em><em><span dir=\"auto\">*Die Dachm\u00f6blierung<\/span><\/em><em><span dir=\"auto\"> ist<\/span><\/em><em><span dir=\"auto\">nicht inbegriffen.*Die<\/span><\/em><span dir=\"auto\">Wohnanlage C\u00e9lere <\/span><strong><span dir=\"auto\">Moixer\u00f3 befindet sich in der Calle Moixer\u00f3 im Stadtteil Gripia von Terrassa<\/span><\/strong><span dir=\"auto\">.<\/span><span dir=\"auto\"> Die<\/span><span dir=\"auto\">Siedlung <\/span><span dir=\"auto\"> bietet ein breites Angebot an Dienstleistungen wie Kinderkrippen, Schulen, Gesundheitszentren, Sportzentren, Apotheken und Superm\u00e4rkte und insbesondere ein Einkaufszentrum in unmittelbarer N\u00e4he der Siedlung.<\/span><span dir=\"auto\">Was die Verkehrsanbindung betrifft, so <\/span><strong><span dir=\"auto\">befindet sich<\/span><\/strong><span dir=\"auto\">die Siedlung <\/span><strong><span dir=\"auto\">in der N\u00e4he des Bahnhofs Renfe Terrassa<\/span><\/strong><span dir=\"auto\"> Este, der Haltestellen der Stadtbuslinien 3 und 14 und hat eine gute Anbindung an die Autobahn C-58 und die Nationalstra\u00dfe N-150.<\/span><\/div>\n<\/div>\n","protected":false},"excerpt":{"rendered":"<p>Die neue Wohnanlage C\u00e9lere Moixer\u00f3 besteht aus 54 H\u00e4usern mit 2, 3 und 4 Schlafzimmern, die sich auf sieben Etagen verteilen, alle mit Parkplatz und Abstellraum, in einer privilegierten Umgebung mit beeindruckendem Blick auf den Wald von Castellarnau in Terrassa.Die H\u00e4user zeichnen sich durch ihr exzellentes Design und ihre F\u00fclle an nat\u00fcrlichem Licht aus. Alle&#8230;<\/p>\n","protected":false},"author":1156,"featured_media":0,"menu_order":0,"template":"","meta":{"_acf_changed":false,"_kad_blocks_custom_css":"","_kad_blocks_head_custom_js":"","_kad_blocks_body_custom_js":"","_kad_blocks_footer_custom_js":"","_kad_post_transparent":"","_kad_post_title":"","_kad_post_layout":"","_kad_post_sidebar_id":"","_kad_post_content_style":"","_kad_post_vertical_padding":"","_kad_post_feature":"","_kad_post_feature_position":"","_kad_post_header":false,"_kad_post_footer":false,"_joinchat":[],"footnotes":""},"categories":[],"tags":[],"class_list":["post-333828","property","type-property","status-publish","hentry"],"acf":{"add_photos":[321238,321239,321240,321241,321242,321243,321244,321245,321246,321247,321248,321249,321250],"video":""},"yoast_head":"<!-- This site is optimized with the Yoast SEO plugin v24.5 - https:\/\/yoast.com\/wordpress\/plugins\/seo\/ -->\n<title>HIS969 - Devetoper<\/title>\n<meta name=\"robots\" content=\"noindex, follow\" \/>\n<meta property=\"og:locale\" content=\"de_DE\" \/>\n<meta property=\"og:type\" content=\"article\" \/>\n<meta property=\"og:title\" content=\"HIS969 - Devetoper\" \/>\n<meta property=\"og:description\" content=\"Die neue Wohnanlage C\u00e9lere Moixer\u00f3 besteht aus 54 H\u00e4usern mit 2, 3 und 4 Schlafzimmern, die sich auf sieben Etagen verteilen, alle mit Parkplatz und Abstellraum, in einer privilegierten Umgebung mit beeindruckendem Blick auf den Wald von Castellarnau in Terrassa.Die H\u00e4user zeichnen sich durch ihr exzellentes Design und ihre F\u00fclle an nat\u00fcrlichem Licht aus. Alle...\" \/>\n<meta property=\"og:url\" content=\"https:\/\/devetoper.com\/de\/properties\/his969-4\/\" \/>\n<meta property=\"og:site_name\" content=\"Devetoper\" \/>\n<meta property=\"article:publisher\" content=\"https:\/\/www.facebook.com\/DEVETOPERCOM\" \/>\n<meta property=\"og:image\" content=\"https:\/\/devetoper.com\/wp-content\/uploads\/2024\/05\/FALLBACK.png\" \/>\n\t<meta property=\"og:image:width\" content=\"1200\" \/>\n\t<meta property=\"og:image:height\" content=\"675\" \/>\n\t<meta property=\"og:image:type\" content=\"image\/png\" \/>\n<meta name=\"twitter:card\" content=\"summary_large_image\" \/>\n<meta name=\"twitter:site\" content=\"@DEVETOPER\" \/>\n<meta name=\"twitter:label1\" content=\"Gesch\u00e4tzte Lesezeit\" \/>\n\t<meta name=\"twitter:data1\" content=\"1 minute\" \/>\n<script type=\"application\/ld+json\" class=\"yoast-schema-graph\">{\"@context\":\"https:\/\/schema.org\",\"@graph\":[{\"@type\":[\"WebPage\",\"RealEstateListing\"],\"@id\":\"https:\/\/devetoper.com\/de\/properties\/his969-4\/\",\"url\":\"https:\/\/devetoper.com\/de\/properties\/his969-4\/\",\"name\":\"HIS969 - Devetoper\",\"isPartOf\":{\"@id\":\"https:\/\/devetoper.com\/de\/#website\"},\"datePublished\":\"2025-12-21T01:33:46+00:00\",\"breadcrumb\":{\"@id\":\"https:\/\/devetoper.com\/de\/properties\/his969-4\/#breadcrumb\"},\"inLanguage\":\"de-DE\",\"potentialAction\":[{\"@type\":\"ReadAction\",\"target\":[\"https:\/\/devetoper.com\/de\/properties\/his969-4\/\"]}]},{\"@type\":\"BreadcrumbList\",\"@id\":\"https:\/\/devetoper.com\/de\/properties\/his969-4\/#breadcrumb\",\"itemListElement\":[{\"@type\":\"ListItem\",\"position\":1,\"name\":\"Startseite\",\"item\":\"https:\/\/devetoper.com\/de\/\"},{\"@type\":\"ListItem\",\"position\":2,\"name\":\"Properties\",\"item\":\"https:\/\/devetoper.com\/de\/properties\/\"},{\"@type\":\"ListItem\",\"position\":3,\"name\":\"HIS969\"}]},{\"@type\":\"WebSite\",\"@id\":\"https:\/\/devetoper.com\/de\/#website\",\"url\":\"https:\/\/devetoper.com\/de\/\",\"name\":\"Devetoper\",\"description\":\"\u041f\u0440\u043e\u0444\u0435\u0441\u0441\u0438\u043e\u043d\u0430\u043b\u0438\u0437\u043c, \u043e\u0431\u0435\u0441\u043f\u0435\u0447\u0438\u0432\u0430\u044e\u0449\u0438\u0439 \u0431\u0435\u0437\u043e\u043f\u0430\u0441\u043d\u043e\u0441\u0442\u044c \u043a\u0430\u0436\u0434\u043e\u0439 \u0442\u0440\u0430\u043d\u0437\u0430\u043a\u0446\u0438\u0438\",\"publisher\":{\"@id\":\"https:\/\/devetoper.com\/de\/#organization\"},\"potentialAction\":[{\"@type\":\"SearchAction\",\"target\":{\"@type\":\"EntryPoint\",\"urlTemplate\":\"https:\/\/devetoper.com\/de\/?s={search_term_string}\"},\"query-input\":{\"@type\":\"PropertyValueSpecification\",\"valueRequired\":true,\"valueName\":\"search_term_string\"}}],\"inLanguage\":\"de-DE\"},{\"@type\":\"Organization\",\"@id\":\"https:\/\/devetoper.com\/de\/#organization\",\"name\":\"Devetoper\",\"url\":\"https:\/\/devetoper.com\/de\/\",\"logo\":{\"@type\":\"ImageObject\",\"inLanguage\":\"de-DE\",\"@id\":\"https:\/\/devetoper.com\/de\/#\/schema\/logo\/image\/\",\"url\":\"https:\/\/devetoper.com\/wp-content\/uploads\/2024\/05\/ORG_FALLBACK.png\",\"contentUrl\":\"https:\/\/devetoper.com\/wp-content\/uploads\/2024\/05\/ORG_FALLBACK.png\",\"width\":696,\"height\":696,\"caption\":\"Devetoper\"},\"image\":{\"@id\":\"https:\/\/devetoper.com\/de\/#\/schema\/logo\/image\/\"},\"sameAs\":[\"https:\/\/www.facebook.com\/DEVETOPERCOM\",\"https:\/\/x.com\/DEVETOPER\",\"https:\/\/www.youtube.com\/channel\/UCRF8haCQIXnFKmW464sqApQ\",\"https:\/\/www.tiktok.com\/@devetoper\",\"https:\/\/www.instagram.com\/devetoper_\/\"]}]}<\/script>\n<!-- \/ Yoast SEO plugin. -->","yoast_head_json":{"title":"HIS969 - Devetoper","robots":{"index":"noindex","follow":"follow"},"og_locale":"de_DE","og_type":"article","og_title":"HIS969 - Devetoper","og_description":"Die neue Wohnanlage C\u00e9lere Moixer\u00f3 besteht aus 54 H\u00e4usern mit 2, 3 und 4 Schlafzimmern, die sich auf sieben Etagen verteilen, alle mit Parkplatz und Abstellraum, in einer privilegierten Umgebung mit beeindruckendem Blick auf den Wald von Castellarnau in Terrassa.Die H\u00e4user zeichnen sich durch ihr exzellentes Design und ihre F\u00fclle an nat\u00fcrlichem Licht aus. Alle...","og_url":"https:\/\/devetoper.com\/de\/properties\/his969-4\/","og_site_name":"Devetoper","article_publisher":"https:\/\/www.facebook.com\/DEVETOPERCOM","og_image":[{"width":1200,"height":675,"url":"https:\/\/devetoper.com\/wp-content\/uploads\/2024\/05\/FALLBACK.png","type":"image\/png"}],"twitter_card":"summary_large_image","twitter_site":"@DEVETOPER","twitter_misc":{"Gesch\u00e4tzte Lesezeit":"1 minute"},"schema":{"@context":"https:\/\/schema.org","@graph":[{"@type":["WebPage","RealEstateListing"],"@id":"https:\/\/devetoper.com\/de\/properties\/his969-4\/","url":"https:\/\/devetoper.com\/de\/properties\/his969-4\/","name":"HIS969 - Devetoper","isPartOf":{"@id":"https:\/\/devetoper.com\/de\/#website"},"datePublished":"2025-12-21T01:33:46+00:00","breadcrumb":{"@id":"https:\/\/devetoper.com\/de\/properties\/his969-4\/#breadcrumb"},"inLanguage":"de-DE","potentialAction":[{"@type":"ReadAction","target":["https:\/\/devetoper.com\/de\/properties\/his969-4\/"]}]},{"@type":"BreadcrumbList","@id":"https:\/\/devetoper.com\/de\/properties\/his969-4\/#breadcrumb","itemListElement":[{"@type":"ListItem","position":1,"name":"Startseite","item":"https:\/\/devetoper.com\/de\/"},{"@type":"ListItem","position":2,"name":"Properties","item":"https:\/\/devetoper.com\/de\/properties\/"},{"@type":"ListItem","position":3,"name":"HIS969"}]},{"@type":"WebSite","@id":"https:\/\/devetoper.com\/de\/#website","url":"https:\/\/devetoper.com\/de\/","name":"Devetoper","description":"\u041f\u0440\u043e\u0444\u0435\u0441\u0441\u0438\u043e\u043d\u0430\u043b\u0438\u0437\u043c, \u043e\u0431\u0435\u0441\u043f\u0435\u0447\u0438\u0432\u0430\u044e\u0449\u0438\u0439 \u0431\u0435\u0437\u043e\u043f\u0430\u0441\u043d\u043e\u0441\u0442\u044c \u043a\u0430\u0436\u0434\u043e\u0439 \u0442\u0440\u0430\u043d\u0437\u0430\u043a\u0446\u0438\u0438","publisher":{"@id":"https:\/\/devetoper.com\/de\/#organization"},"potentialAction":[{"@type":"SearchAction","target":{"@type":"EntryPoint","urlTemplate":"https:\/\/devetoper.com\/de\/?s={search_term_string}"},"query-input":{"@type":"PropertyValueSpecification","valueRequired":true,"valueName":"search_term_string"}}],"inLanguage":"de-DE"},{"@type":"Organization","@id":"https:\/\/devetoper.com\/de\/#organization","name":"Devetoper","url":"https:\/\/devetoper.com\/de\/","logo":{"@type":"ImageObject","inLanguage":"de-DE","@id":"https:\/\/devetoper.com\/de\/#\/schema\/logo\/image\/","url":"https:\/\/devetoper.com\/wp-content\/uploads\/2024\/05\/ORG_FALLBACK.png","contentUrl":"https:\/\/devetoper.com\/wp-content\/uploads\/2024\/05\/ORG_FALLBACK.png","width":696,"height":696,"caption":"Devetoper"},"image":{"@id":"https:\/\/devetoper.com\/de\/#\/schema\/logo\/image\/"},"sameAs":["https:\/\/www.facebook.com\/DEVETOPERCOM","https:\/\/x.com\/DEVETOPER","https:\/\/www.youtube.com\/channel\/UCRF8haCQIXnFKmW464sqApQ","https:\/\/www.tiktok.com\/@devetoper","https:\/\/www.instagram.com\/devetoper_\/"]}]}},"taxonomy_info":[],"featured_image_src_large":false,"author_info":{"display_name":"DEVETOPER","author_link":"https:\/\/devetoper.com\/de\/author\/devetoper\/"},"comment_info":"","jetpack_sharing_enabled":true,"_links":{"self":[{"href":"https:\/\/devetoper.com\/de\/wp-json\/wp\/v2\/property\/333828","targetHints":{"allow":["GET"]}}],"collection":[{"href":"https:\/\/devetoper.com\/de\/wp-json\/wp\/v2\/property"}],"about":[{"href":"https:\/\/devetoper.com\/de\/wp-json\/wp\/v2\/types\/property"}],"author":[{"embeddable":true,"href":"https:\/\/devetoper.com\/de\/wp-json\/wp\/v2\/users\/1156"}],"version-history":[{"count":0,"href":"https:\/\/devetoper.com\/de\/wp-json\/wp\/v2\/property\/333828\/revisions"}],"acf:attachment":[{"embeddable":true,"href":"https:\/\/devetoper.com\/de\/wp-json\/wp\/v2\/media\/321250"},{"embeddable":true,"href":"https:\/\/devetoper.com\/de\/wp-json\/wp\/v2\/media\/321249"},{"embeddable":true,"href":"https:\/\/devetoper.com\/de\/wp-json\/wp\/v2\/media\/321248"},{"embeddable":true,"href":"https:\/\/devetoper.com\/de\/wp-json\/wp\/v2\/media\/321247"},{"embeddable":true,"href":"https:\/\/devetoper.com\/de\/wp-json\/wp\/v2\/media\/321246"},{"embeddable":true,"href":"https:\/\/devetoper.com\/de\/wp-json\/wp\/v2\/media\/321245"},{"embeddable":true,"href":"https:\/\/devetoper.com\/de\/wp-json\/wp\/v2\/media\/321244"},{"embeddable":true,"href":"https:\/\/devetoper.com\/de\/wp-json\/wp\/v2\/media\/321243"},{"embeddable":true,"href":"https:\/\/devetoper.com\/de\/wp-json\/wp\/v2\/media\/321242"},{"embeddable":true,"href":"https:\/\/devetoper.com\/de\/wp-json\/wp\/v2\/media\/321241"},{"embeddable":true,"href":"https:\/\/devetoper.com\/de\/wp-json\/wp\/v2\/media\/321240"},{"embeddable":true,"href":"https:\/\/devetoper.com\/de\/wp-json\/wp\/v2\/media\/321239"},{"embeddable":true,"href":"https:\/\/devetoper.com\/de\/wp-json\/wp\/v2\/media\/321238"}],"wp:attachment":[{"href":"https:\/\/devetoper.com\/de\/wp-json\/wp\/v2\/media?parent=333828"}],"wp:term":[{"taxonomy":"category","embeddable":true,"href":"https:\/\/devetoper.com\/de\/wp-json\/wp\/v2\/categories?post=333828"},{"taxonomy":"post_tag","embeddable":true,"href":"https:\/\/devetoper.com\/de\/wp-json\/wp\/v2\/tags?post=333828"}],"curies":[{"name":"wp","href":"https:\/\/api.w.org\/{rel}","templated":true}]}}