{"id":342230,"date":"2026-01-12T02:41:16","date_gmt":"2026-01-12T01:41:16","guid":{"rendered":"https:\/\/devetoper.com\/properties\/mne-032\/"},"modified":"2026-01-12T02:41:16","modified_gmt":"2026-01-12T01:41:16","slug":"mne-032","status":"publish","type":"property","link":"https:\/\/devetoper.com\/de\/properties\/mne-032\/","title":{"rendered":"MNE-032"},"content":{"rendered":"<p data-start=\"632\" data-end=\"1013\">PREIS AUF ANFRAGE<\/p>\n<p>Diese <strong data-start=\"635\" data-end=\"660\">Weltklasse-Villa<\/strong> ist eine der <strong data-start=\"675\" data-end=\"756\">prestigetr\u00e4chtigsten und einzigartigsten Residenzen an der gesamten Adriak\u00fcste<\/strong> und verbindet <strong data-start=\"765\" data-end=\"813\">raffinierte Eleganz mit Luxus und Privatsph\u00e4re<\/strong>. Das Anwesen umfasst mehr als <strong data-start=\"840\" data-end=\"852\">8.156 m\u00b2<\/strong> sorgf\u00e4ltig gestalteter <strong data-start=\"880\" data-end=\"920\">mediterraner G\u00e4rten und Terrassen<\/strong>, die sich harmonisch in die nat\u00fcrliche Umgebung einf\u00fcgen.<\/p>\n<p data-start=\"1015\" data-end=\"1292\">Die Hauptresidenz umfasst <strong data-start=\"1036\" data-end=\"1075\">ca. 1.777 m\u00b2 luxuri\u00f6ser Wohnfl\u00e4che<\/strong>, verteilt auf <strong data-start=\"1090\" data-end=\"1122\">f\u00fcnf elegante Etagen<\/strong>, mit <strong data-start=\"1126\" data-end=\"1159\">erstklassiger Ausstattung<\/strong> und architektonischen Details, die an <strong data-start=\"1215\" data-end=\"1253\">die aristokratischen Anwesen Europas<\/strong> erinnern.<\/p>\n<p data-start=\"1294\" data-end=\"1532\">Dar\u00fcber hinaus befindet sich auf dem Gel\u00e4nde <strong data-start=\"1328\" data-end=\"1371\">ein 473 m\u00b2 gro\u00dfes Nebengeb\u00e4ude<\/strong> mit <strong data-start=\"1375\" data-end=\"1415\">vier Apartments f\u00fcr das Personal<\/strong>, was dieses Anwesen nicht nur zu einer Residenz, sondern zu einem repr\u00e4sentativen Komplex macht.<\/p>\n","protected":false},"excerpt":{"rendered":"<p>PREIS AUF ANFRAGE Diese Weltklasse-Villa ist eine der prestigetr\u00e4chtigsten und einzigartigsten Residenzen an der gesamten Adriak\u00fcste und verbindet raffinierte Eleganz mit Luxus und Privatsph\u00e4re. Das Anwesen umfasst mehr als 8.156 m\u00b2 sorgf\u00e4ltig gestalteter mediterraner G\u00e4rten und Terrassen, die sich harmonisch in die nat\u00fcrliche Umgebung einf\u00fcgen. Die Hauptresidenz umfasst ca. 1.777 m\u00b2 luxuri\u00f6ser Wohnfl\u00e4che, verteilt auf&#8230;<\/p>\n","protected":false},"author":1156,"featured_media":0,"menu_order":0,"template":"","meta":{"_acf_changed":false,"_kad_blocks_custom_css":"","_kad_blocks_head_custom_js":"","_kad_blocks_body_custom_js":"","_kad_blocks_footer_custom_js":"","_kad_post_transparent":"","_kad_post_title":"","_kad_post_layout":"","_kad_post_sidebar_id":"","_kad_post_content_style":"","_kad_post_vertical_padding":"","_kad_post_feature":"","_kad_post_feature_position":"","_kad_post_header":false,"_kad_post_footer":false,"_joinchat":[],"footnotes":""},"categories":[],"tags":[],"class_list":["post-342230","property","type-property","status-publish","hentry"],"acf":{"add_photos":[341791,341796,341793,341792,341798,341794,341797,341795],"video":""},"yoast_head":"<!-- This site is optimized with the Yoast SEO plugin v24.5 - https:\/\/yoast.com\/wordpress\/plugins\/seo\/ -->\n<title>MNE-032 - Devetoper<\/title>\n<meta name=\"robots\" content=\"noindex, follow\" \/>\n<meta property=\"og:locale\" content=\"de_DE\" \/>\n<meta property=\"og:type\" content=\"article\" \/>\n<meta property=\"og:title\" content=\"MNE-032 - Devetoper\" \/>\n<meta property=\"og:description\" content=\"PREIS AUF ANFRAGE Diese Weltklasse-Villa ist eine der prestigetr\u00e4chtigsten und einzigartigsten Residenzen an der gesamten Adriak\u00fcste und verbindet raffinierte Eleganz mit Luxus und Privatsph\u00e4re. Das Anwesen umfasst mehr als 8.156 m\u00b2 sorgf\u00e4ltig gestalteter mediterraner G\u00e4rten und Terrassen, die sich harmonisch in die nat\u00fcrliche Umgebung einf\u00fcgen. Die Hauptresidenz umfasst ca. 1.777 m\u00b2 luxuri\u00f6ser Wohnfl\u00e4che, verteilt auf...\" \/>\n<meta property=\"og:url\" content=\"https:\/\/devetoper.com\/de\/properties\/mne-032\/\" \/>\n<meta property=\"og:site_name\" content=\"Devetoper\" \/>\n<meta property=\"article:publisher\" content=\"https:\/\/www.facebook.com\/DEVETOPERCOM\" \/>\n<meta property=\"og:image\" content=\"https:\/\/devetoper.com\/wp-content\/uploads\/2024\/05\/FALLBACK.png\" \/>\n\t<meta property=\"og:image:width\" content=\"1200\" \/>\n\t<meta property=\"og:image:height\" content=\"675\" \/>\n\t<meta property=\"og:image:type\" content=\"image\/png\" \/>\n<meta name=\"twitter:card\" content=\"summary_large_image\" \/>\n<meta name=\"twitter:site\" content=\"@DEVETOPER\" \/>\n<meta name=\"twitter:label1\" content=\"Gesch\u00e4tzte Lesezeit\" \/>\n\t<meta name=\"twitter:data1\" content=\"1 minute\" \/>\n<script type=\"application\/ld+json\" class=\"yoast-schema-graph\">{\"@context\":\"https:\/\/schema.org\",\"@graph\":[{\"@type\":[\"WebPage\",\"RealEstateListing\"],\"@id\":\"https:\/\/devetoper.com\/de\/properties\/mne-032\/\",\"url\":\"https:\/\/devetoper.com\/de\/properties\/mne-032\/\",\"name\":\"MNE-032 - Devetoper\",\"isPartOf\":{\"@id\":\"https:\/\/devetoper.com\/de\/#website\"},\"datePublished\":\"2026-01-12T01:41:16+00:00\",\"breadcrumb\":{\"@id\":\"https:\/\/devetoper.com\/de\/properties\/mne-032\/#breadcrumb\"},\"inLanguage\":\"de-DE\",\"potentialAction\":[{\"@type\":\"ReadAction\",\"target\":[\"https:\/\/devetoper.com\/de\/properties\/mne-032\/\"]}]},{\"@type\":\"BreadcrumbList\",\"@id\":\"https:\/\/devetoper.com\/de\/properties\/mne-032\/#breadcrumb\",\"itemListElement\":[{\"@type\":\"ListItem\",\"position\":1,\"name\":\"Startseite\",\"item\":\"https:\/\/devetoper.com\/de\/\"},{\"@type\":\"ListItem\",\"position\":2,\"name\":\"Properties\",\"item\":\"https:\/\/devetoper.com\/de\/properties\/\"},{\"@type\":\"ListItem\",\"position\":3,\"name\":\"MNE-032\"}]},{\"@type\":\"WebSite\",\"@id\":\"https:\/\/devetoper.com\/de\/#website\",\"url\":\"https:\/\/devetoper.com\/de\/\",\"name\":\"Devetoper\",\"description\":\"\u041f\u0440\u043e\u0444\u0435\u0441\u0441\u0438\u043e\u043d\u0430\u043b\u0438\u0437\u043c, \u043e\u0431\u0435\u0441\u043f\u0435\u0447\u0438\u0432\u0430\u044e\u0449\u0438\u0439 \u0431\u0435\u0437\u043e\u043f\u0430\u0441\u043d\u043e\u0441\u0442\u044c \u043a\u0430\u0436\u0434\u043e\u0439 \u0442\u0440\u0430\u043d\u0437\u0430\u043a\u0446\u0438\u0438\",\"publisher\":{\"@id\":\"https:\/\/devetoper.com\/de\/#organization\"},\"potentialAction\":[{\"@type\":\"SearchAction\",\"target\":{\"@type\":\"EntryPoint\",\"urlTemplate\":\"https:\/\/devetoper.com\/de\/?s={search_term_string}\"},\"query-input\":{\"@type\":\"PropertyValueSpecification\",\"valueRequired\":true,\"valueName\":\"search_term_string\"}}],\"inLanguage\":\"de-DE\"},{\"@type\":\"Organization\",\"@id\":\"https:\/\/devetoper.com\/de\/#organization\",\"name\":\"Devetoper\",\"url\":\"https:\/\/devetoper.com\/de\/\",\"logo\":{\"@type\":\"ImageObject\",\"inLanguage\":\"de-DE\",\"@id\":\"https:\/\/devetoper.com\/de\/#\/schema\/logo\/image\/\",\"url\":\"https:\/\/devetoper.com\/wp-content\/uploads\/2024\/05\/ORG_FALLBACK.png\",\"contentUrl\":\"https:\/\/devetoper.com\/wp-content\/uploads\/2024\/05\/ORG_FALLBACK.png\",\"width\":696,\"height\":696,\"caption\":\"Devetoper\"},\"image\":{\"@id\":\"https:\/\/devetoper.com\/de\/#\/schema\/logo\/image\/\"},\"sameAs\":[\"https:\/\/www.facebook.com\/DEVETOPERCOM\",\"https:\/\/x.com\/DEVETOPER\",\"https:\/\/www.youtube.com\/channel\/UCRF8haCQIXnFKmW464sqApQ\",\"https:\/\/www.tiktok.com\/@devetoper\",\"https:\/\/www.instagram.com\/devetoper_\/\"]}]}<\/script>\n<!-- \/ Yoast SEO plugin. -->","yoast_head_json":{"title":"MNE-032 - Devetoper","robots":{"index":"noindex","follow":"follow"},"og_locale":"de_DE","og_type":"article","og_title":"MNE-032 - Devetoper","og_description":"PREIS AUF ANFRAGE Diese Weltklasse-Villa ist eine der prestigetr\u00e4chtigsten und einzigartigsten Residenzen an der gesamten Adriak\u00fcste und verbindet raffinierte Eleganz mit Luxus und Privatsph\u00e4re. Das Anwesen umfasst mehr als 8.156 m\u00b2 sorgf\u00e4ltig gestalteter mediterraner G\u00e4rten und Terrassen, die sich harmonisch in die nat\u00fcrliche Umgebung einf\u00fcgen. Die Hauptresidenz umfasst ca. 1.777 m\u00b2 luxuri\u00f6ser Wohnfl\u00e4che, verteilt auf...","og_url":"https:\/\/devetoper.com\/de\/properties\/mne-032\/","og_site_name":"Devetoper","article_publisher":"https:\/\/www.facebook.com\/DEVETOPERCOM","og_image":[{"width":1200,"height":675,"url":"https:\/\/devetoper.com\/wp-content\/uploads\/2024\/05\/FALLBACK.png","type":"image\/png"}],"twitter_card":"summary_large_image","twitter_site":"@DEVETOPER","twitter_misc":{"Gesch\u00e4tzte Lesezeit":"1 minute"},"schema":{"@context":"https:\/\/schema.org","@graph":[{"@type":["WebPage","RealEstateListing"],"@id":"https:\/\/devetoper.com\/de\/properties\/mne-032\/","url":"https:\/\/devetoper.com\/de\/properties\/mne-032\/","name":"MNE-032 - Devetoper","isPartOf":{"@id":"https:\/\/devetoper.com\/de\/#website"},"datePublished":"2026-01-12T01:41:16+00:00","breadcrumb":{"@id":"https:\/\/devetoper.com\/de\/properties\/mne-032\/#breadcrumb"},"inLanguage":"de-DE","potentialAction":[{"@type":"ReadAction","target":["https:\/\/devetoper.com\/de\/properties\/mne-032\/"]}]},{"@type":"BreadcrumbList","@id":"https:\/\/devetoper.com\/de\/properties\/mne-032\/#breadcrumb","itemListElement":[{"@type":"ListItem","position":1,"name":"Startseite","item":"https:\/\/devetoper.com\/de\/"},{"@type":"ListItem","position":2,"name":"Properties","item":"https:\/\/devetoper.com\/de\/properties\/"},{"@type":"ListItem","position":3,"name":"MNE-032"}]},{"@type":"WebSite","@id":"https:\/\/devetoper.com\/de\/#website","url":"https:\/\/devetoper.com\/de\/","name":"Devetoper","description":"\u041f\u0440\u043e\u0444\u0435\u0441\u0441\u0438\u043e\u043d\u0430\u043b\u0438\u0437\u043c, \u043e\u0431\u0435\u0441\u043f\u0435\u0447\u0438\u0432\u0430\u044e\u0449\u0438\u0439 \u0431\u0435\u0437\u043e\u043f\u0430\u0441\u043d\u043e\u0441\u0442\u044c \u043a\u0430\u0436\u0434\u043e\u0439 \u0442\u0440\u0430\u043d\u0437\u0430\u043a\u0446\u0438\u0438","publisher":{"@id":"https:\/\/devetoper.com\/de\/#organization"},"potentialAction":[{"@type":"SearchAction","target":{"@type":"EntryPoint","urlTemplate":"https:\/\/devetoper.com\/de\/?s={search_term_string}"},"query-input":{"@type":"PropertyValueSpecification","valueRequired":true,"valueName":"search_term_string"}}],"inLanguage":"de-DE"},{"@type":"Organization","@id":"https:\/\/devetoper.com\/de\/#organization","name":"Devetoper","url":"https:\/\/devetoper.com\/de\/","logo":{"@type":"ImageObject","inLanguage":"de-DE","@id":"https:\/\/devetoper.com\/de\/#\/schema\/logo\/image\/","url":"https:\/\/devetoper.com\/wp-content\/uploads\/2024\/05\/ORG_FALLBACK.png","contentUrl":"https:\/\/devetoper.com\/wp-content\/uploads\/2024\/05\/ORG_FALLBACK.png","width":696,"height":696,"caption":"Devetoper"},"image":{"@id":"https:\/\/devetoper.com\/de\/#\/schema\/logo\/image\/"},"sameAs":["https:\/\/www.facebook.com\/DEVETOPERCOM","https:\/\/x.com\/DEVETOPER","https:\/\/www.youtube.com\/channel\/UCRF8haCQIXnFKmW464sqApQ","https:\/\/www.tiktok.com\/@devetoper","https:\/\/www.instagram.com\/devetoper_\/"]}]}},"taxonomy_info":[],"featured_image_src_large":false,"author_info":{"display_name":"DEVETOPER","author_link":"https:\/\/devetoper.com\/de\/author\/devetoper\/"},"comment_info":"","jetpack_sharing_enabled":true,"_links":{"self":[{"href":"https:\/\/devetoper.com\/de\/wp-json\/wp\/v2\/property\/342230","targetHints":{"allow":["GET"]}}],"collection":[{"href":"https:\/\/devetoper.com\/de\/wp-json\/wp\/v2\/property"}],"about":[{"href":"https:\/\/devetoper.com\/de\/wp-json\/wp\/v2\/types\/property"}],"author":[{"embeddable":true,"href":"https:\/\/devetoper.com\/de\/wp-json\/wp\/v2\/users\/1156"}],"version-history":[{"count":0,"href":"https:\/\/devetoper.com\/de\/wp-json\/wp\/v2\/property\/342230\/revisions"}],"acf:attachment":[{"embeddable":true,"href":"https:\/\/devetoper.com\/de\/wp-json\/wp\/v2\/media\/341795"},{"embeddable":true,"href":"https:\/\/devetoper.com\/de\/wp-json\/wp\/v2\/media\/341797"},{"embeddable":true,"href":"https:\/\/devetoper.com\/de\/wp-json\/wp\/v2\/media\/341794"},{"embeddable":true,"href":"https:\/\/devetoper.com\/de\/wp-json\/wp\/v2\/media\/341798"},{"embeddable":true,"href":"https:\/\/devetoper.com\/de\/wp-json\/wp\/v2\/media\/341792"},{"embeddable":true,"href":"https:\/\/devetoper.com\/de\/wp-json\/wp\/v2\/media\/341793"},{"embeddable":true,"href":"https:\/\/devetoper.com\/de\/wp-json\/wp\/v2\/media\/341796"},{"embeddable":true,"href":"https:\/\/devetoper.com\/de\/wp-json\/wp\/v2\/media\/341791"}],"wp:attachment":[{"href":"https:\/\/devetoper.com\/de\/wp-json\/wp\/v2\/media?parent=342230"}],"wp:term":[{"taxonomy":"category","embeddable":true,"href":"https:\/\/devetoper.com\/de\/wp-json\/wp\/v2\/categories?post=342230"},{"taxonomy":"post_tag","embeddable":true,"href":"https:\/\/devetoper.com\/de\/wp-json\/wp\/v2\/tags?post=342230"}],"curies":[{"name":"wp","href":"https:\/\/api.w.org\/{rel}","templated":true}]}}