{"id":344364,"date":"2024-05-17T09:01:38","date_gmt":"2024-05-17T08:01:38","guid":{"rendered":"https:\/\/devetoper.com\/properties\/n7423\/"},"modified":"2026-01-16T07:00:32","modified_gmt":"2026-01-16T06:00:32","slug":"n7423","status":"publish","type":"property","link":"https:\/\/devetoper.com\/de\/properties\/n7423\/","title":{"rendered":"N7423"},"content":{"rendered":"<p>NEUER WOHNKOMPLEX IN VERA New Build residential of apartments in Vera just 400m from the huge Vera beach named &#8220;El Playazo&#8221;.<\/p>\n<p> Die Typologie umfasst Erdgeschosswohnungen mit zwei privaten G\u00e4rten, jeweils in unterschiedlicher Ausrichtung, sodass Sie je nach Tages- oder Jahreszeit nach Belieben Sonne oder Schatten genie\u00dfen k\u00f6nnen. Die ersten Stockwerke verf\u00fcgen \u00fcber Terrassen und die Penth\u00e4user \u00fcber gro\u00dfe Sonnenterrassen. Alle Wohnungen haben besonders hohe Decken (2,95 m), was ein gro\u00dfz\u00fcgiges Raumgef\u00fchl vermittelt.<\/p>\n<p> Die K\u00fcche ist komplett m\u00f6bliert und ausgestattet und in den Wohn- und Essbereich mit Bar integriert. <\/p>\n<p> Die T\u00fcren und Schr\u00e4nke sind wei\u00df lackiert, der Boden besteht aus Laminat. Die Klimaanlage (W\u00e4rme\/K\u00e4lte) und das Warmwasser werden durch ein modernes DAIKIN Aerothermal-Ger\u00e4t erzeugt, eine Technologie, mit der im Vergleich zu herk\u00f6mmlichen Systemen bis zu 70 % Strom eingespart werden k\u00f6nnen. <\/p>\n<p> Alle Badezimmer sind mit einer Dusche anstelle einer Badewanne, eingelassenen Spiegeln sowie einer Steinplatte und einer Glaswand im Hauptbadezimmer ausgestattet. <\/p>\n<p> Die Jalousien im Wohnzimmer und im Hauptschlafzimmer sind elektrisch, hermetisch verschlossen und mit verstellbaren Lamellen ausgestattet. <\/p>\n<p> Jeder Block der Wohnanlage verf\u00fcgt \u00fcber einen eigenen Aufzug. Sowohl die Geb\u00e4ude als auch die Wohnungen weisen eine Reihe von Merkmalen der bioklimatischen Architektur auf (Ausrichtung, Isolierung, Fenster und Fensterl\u00e4den, Pergolen), die eine optimale nat\u00fcrliche Regulierung der Bel\u00fcftung, Temperatur und des Lichteinfalls zu verschiedenen Jahreszeiten erm\u00f6glichen. <\/p>\n<p> Die Gemeinschaftsfl\u00e4chen bestehen aus Fu\u00dfg\u00e4ngerzonen und Gr\u00fcnfl\u00e4chen mit einem gro\u00dfen Swimmingpool f\u00fcr Erwachsene und einem weiteren f\u00fcr Kinder auf dem zentralen Platz. <\/p>\n<p> Die gesamte Urbanisation ist barrierefrei f\u00fcr Menschen mit Behinderungen. Hier sind Ruhe und Entspannung garantiert.     Vera ist einer der besten Orte f\u00fcr Naturisten in Europa und bekannt f\u00fcr die Qualit\u00e4t und Sauberkeit seiner Gew\u00e4sser. Es bietet sechs Kilometer Strand (Las Marinas-Bolaga, Puerto Rey, El Playazo, Quitapellejos).<\/p>\n<p> Vera grenzt an ber\u00fchmte Touristenziele wie Mojacar und die H\u00f6hlen von Almanzora. Der Wohnkomplex liegt etwa 1,5 Autostunden vom Flughafen Murcia-Corvera und etwa 2 Stunden vom Flughafen Alicante entfernt.<\/p>\n","protected":false},"excerpt":{"rendered":"<p>NEUER WOHNKOMPLEX IN VERA New Build residential of apartments in Vera just 400m from the huge Vera beach named &#8220;El Playazo&#8221;. Die Typologie umfasst Erdgeschosswohnungen mit zwei privaten G\u00e4rten, jeweils in unterschiedlicher Ausrichtung, sodass Sie je nach Tages- oder Jahreszeit nach Belieben Sonne oder Schatten genie\u00dfen k\u00f6nnen. Die ersten Stockwerke verf\u00fcgen \u00fcber Terrassen und die&#8230;<\/p>\n","protected":false},"author":4,"featured_media":0,"menu_order":0,"template":"","meta":{"_acf_changed":false,"_kad_blocks_custom_css":"","_kad_blocks_head_custom_js":"","_kad_blocks_body_custom_js":"","_kad_blocks_footer_custom_js":"","_kad_post_transparent":"","_kad_post_title":"","_kad_post_layout":"","_kad_post_sidebar_id":"","_kad_post_content_style":"","_kad_post_vertical_padding":"","_kad_post_feature":"","_kad_post_feature_position":"","_kad_post_header":false,"_kad_post_footer":false,"_joinchat":[],"footnotes":""},"categories":[],"tags":[],"class_list":["post-344364","property","type-property","status-publish","hentry"],"acf":{"add_photos":[125748,125749,125750,125751,125752,125753,125754,125755,125756,125757,125758,125759,125760,125761,125762,125763,125764,125765,125766,125767,125768,125769,125770,125771,125772,125773,125774,125775,125776,125777,125778],"video":""},"yoast_head":"<!-- This site is optimized with the Yoast SEO plugin v24.5 - https:\/\/yoast.com\/wordpress\/plugins\/seo\/ -->\n<title>N7423 - Devetoper<\/title>\n<meta name=\"robots\" content=\"noindex, follow\" \/>\n<meta property=\"og:locale\" content=\"de_DE\" \/>\n<meta property=\"og:type\" content=\"article\" \/>\n<meta property=\"og:title\" content=\"N7423 - Devetoper\" \/>\n<meta property=\"og:description\" content=\"NEUER WOHNKOMPLEX IN VERA New Build residential of apartments in Vera just 400m from the huge Vera beach named &#8220;El Playazo&#8221;. Die Typologie umfasst Erdgeschosswohnungen mit zwei privaten G\u00e4rten, jeweils in unterschiedlicher Ausrichtung, sodass Sie je nach Tages- oder Jahreszeit nach Belieben Sonne oder Schatten genie\u00dfen k\u00f6nnen. Die ersten Stockwerke verf\u00fcgen \u00fcber Terrassen und die...\" \/>\n<meta property=\"og:url\" content=\"https:\/\/devetoper.com\/de\/properties\/n7423\/\" \/>\n<meta property=\"og:site_name\" content=\"Devetoper\" \/>\n<meta property=\"article:publisher\" content=\"https:\/\/www.facebook.com\/DEVETOPERCOM\" \/>\n<meta property=\"article:modified_time\" content=\"2026-01-16T06:00:32+00:00\" \/>\n<meta property=\"og:image\" content=\"https:\/\/devetoper.com\/wp-content\/uploads\/2024\/05\/FALLBACK.png\" \/>\n\t<meta property=\"og:image:width\" content=\"1200\" \/>\n\t<meta property=\"og:image:height\" content=\"675\" \/>\n\t<meta property=\"og:image:type\" content=\"image\/png\" \/>\n<meta name=\"twitter:card\" content=\"summary_large_image\" \/>\n<meta name=\"twitter:site\" content=\"@DEVETOPER\" \/>\n<meta name=\"twitter:label1\" content=\"Gesch\u00e4tzte Lesezeit\" \/>\n\t<meta name=\"twitter:data1\" content=\"2 minute\" \/>\n<script type=\"application\/ld+json\" class=\"yoast-schema-graph\">{\"@context\":\"https:\/\/schema.org\",\"@graph\":[{\"@type\":[\"WebPage\",\"RealEstateListing\"],\"@id\":\"https:\/\/devetoper.com\/de\/properties\/n7423\/\",\"url\":\"https:\/\/devetoper.com\/de\/properties\/n7423\/\",\"name\":\"N7423 - Devetoper\",\"isPartOf\":{\"@id\":\"https:\/\/devetoper.com\/de\/#website\"},\"datePublished\":\"2024-05-17T08:01:38+00:00\",\"dateModified\":\"2026-01-16T06:00:32+00:00\",\"breadcrumb\":{\"@id\":\"https:\/\/devetoper.com\/de\/properties\/n7423\/#breadcrumb\"},\"inLanguage\":\"de-DE\",\"potentialAction\":[{\"@type\":\"ReadAction\",\"target\":[\"https:\/\/devetoper.com\/de\/properties\/n7423\/\"]}]},{\"@type\":\"BreadcrumbList\",\"@id\":\"https:\/\/devetoper.com\/de\/properties\/n7423\/#breadcrumb\",\"itemListElement\":[{\"@type\":\"ListItem\",\"position\":1,\"name\":\"Startseite\",\"item\":\"https:\/\/devetoper.com\/de\/\"},{\"@type\":\"ListItem\",\"position\":2,\"name\":\"Properties\",\"item\":\"https:\/\/devetoper.com\/de\/properties\/\"},{\"@type\":\"ListItem\",\"position\":3,\"name\":\"N7423\"}]},{\"@type\":\"WebSite\",\"@id\":\"https:\/\/devetoper.com\/de\/#website\",\"url\":\"https:\/\/devetoper.com\/de\/\",\"name\":\"Devetoper\",\"description\":\"\u041f\u0440\u043e\u0444\u0435\u0441\u0441\u0438\u043e\u043d\u0430\u043b\u0438\u0437\u043c, \u043e\u0431\u0435\u0441\u043f\u0435\u0447\u0438\u0432\u0430\u044e\u0449\u0438\u0439 \u0431\u0435\u0437\u043e\u043f\u0430\u0441\u043d\u043e\u0441\u0442\u044c \u043a\u0430\u0436\u0434\u043e\u0439 \u0442\u0440\u0430\u043d\u0437\u0430\u043a\u0446\u0438\u0438\",\"publisher\":{\"@id\":\"https:\/\/devetoper.com\/de\/#organization\"},\"potentialAction\":[{\"@type\":\"SearchAction\",\"target\":{\"@type\":\"EntryPoint\",\"urlTemplate\":\"https:\/\/devetoper.com\/de\/?s={search_term_string}\"},\"query-input\":{\"@type\":\"PropertyValueSpecification\",\"valueRequired\":true,\"valueName\":\"search_term_string\"}}],\"inLanguage\":\"de-DE\"},{\"@type\":\"Organization\",\"@id\":\"https:\/\/devetoper.com\/de\/#organization\",\"name\":\"Devetoper\",\"url\":\"https:\/\/devetoper.com\/de\/\",\"logo\":{\"@type\":\"ImageObject\",\"inLanguage\":\"de-DE\",\"@id\":\"https:\/\/devetoper.com\/de\/#\/schema\/logo\/image\/\",\"url\":\"https:\/\/devetoper.com\/wp-content\/uploads\/2024\/05\/ORG_FALLBACK.png\",\"contentUrl\":\"https:\/\/devetoper.com\/wp-content\/uploads\/2024\/05\/ORG_FALLBACK.png\",\"width\":696,\"height\":696,\"caption\":\"Devetoper\"},\"image\":{\"@id\":\"https:\/\/devetoper.com\/de\/#\/schema\/logo\/image\/\"},\"sameAs\":[\"https:\/\/www.facebook.com\/DEVETOPERCOM\",\"https:\/\/x.com\/DEVETOPER\",\"https:\/\/www.youtube.com\/channel\/UCRF8haCQIXnFKmW464sqApQ\",\"https:\/\/www.tiktok.com\/@devetoper\",\"https:\/\/www.instagram.com\/devetoper_\/\"]}]}<\/script>\n<!-- \/ Yoast SEO plugin. -->","yoast_head_json":{"title":"N7423 - Devetoper","robots":{"index":"noindex","follow":"follow"},"og_locale":"de_DE","og_type":"article","og_title":"N7423 - Devetoper","og_description":"NEUER WOHNKOMPLEX IN VERA New Build residential of apartments in Vera just 400m from the huge Vera beach named &#8220;El Playazo&#8221;. Die Typologie umfasst Erdgeschosswohnungen mit zwei privaten G\u00e4rten, jeweils in unterschiedlicher Ausrichtung, sodass Sie je nach Tages- oder Jahreszeit nach Belieben Sonne oder Schatten genie\u00dfen k\u00f6nnen. Die ersten Stockwerke verf\u00fcgen \u00fcber Terrassen und die...","og_url":"https:\/\/devetoper.com\/de\/properties\/n7423\/","og_site_name":"Devetoper","article_publisher":"https:\/\/www.facebook.com\/DEVETOPERCOM","article_modified_time":"2026-01-16T06:00:32+00:00","og_image":[{"width":1200,"height":675,"url":"https:\/\/devetoper.com\/wp-content\/uploads\/2024\/05\/FALLBACK.png","type":"image\/png"}],"twitter_card":"summary_large_image","twitter_site":"@DEVETOPER","twitter_misc":{"Gesch\u00e4tzte Lesezeit":"2 minute"},"schema":{"@context":"https:\/\/schema.org","@graph":[{"@type":["WebPage","RealEstateListing"],"@id":"https:\/\/devetoper.com\/de\/properties\/n7423\/","url":"https:\/\/devetoper.com\/de\/properties\/n7423\/","name":"N7423 - Devetoper","isPartOf":{"@id":"https:\/\/devetoper.com\/de\/#website"},"datePublished":"2024-05-17T08:01:38+00:00","dateModified":"2026-01-16T06:00:32+00:00","breadcrumb":{"@id":"https:\/\/devetoper.com\/de\/properties\/n7423\/#breadcrumb"},"inLanguage":"de-DE","potentialAction":[{"@type":"ReadAction","target":["https:\/\/devetoper.com\/de\/properties\/n7423\/"]}]},{"@type":"BreadcrumbList","@id":"https:\/\/devetoper.com\/de\/properties\/n7423\/#breadcrumb","itemListElement":[{"@type":"ListItem","position":1,"name":"Startseite","item":"https:\/\/devetoper.com\/de\/"},{"@type":"ListItem","position":2,"name":"Properties","item":"https:\/\/devetoper.com\/de\/properties\/"},{"@type":"ListItem","position":3,"name":"N7423"}]},{"@type":"WebSite","@id":"https:\/\/devetoper.com\/de\/#website","url":"https:\/\/devetoper.com\/de\/","name":"Devetoper","description":"\u041f\u0440\u043e\u0444\u0435\u0441\u0441\u0438\u043e\u043d\u0430\u043b\u0438\u0437\u043c, \u043e\u0431\u0435\u0441\u043f\u0435\u0447\u0438\u0432\u0430\u044e\u0449\u0438\u0439 \u0431\u0435\u0437\u043e\u043f\u0430\u0441\u043d\u043e\u0441\u0442\u044c \u043a\u0430\u0436\u0434\u043e\u0439 \u0442\u0440\u0430\u043d\u0437\u0430\u043a\u0446\u0438\u0438","publisher":{"@id":"https:\/\/devetoper.com\/de\/#organization"},"potentialAction":[{"@type":"SearchAction","target":{"@type":"EntryPoint","urlTemplate":"https:\/\/devetoper.com\/de\/?s={search_term_string}"},"query-input":{"@type":"PropertyValueSpecification","valueRequired":true,"valueName":"search_term_string"}}],"inLanguage":"de-DE"},{"@type":"Organization","@id":"https:\/\/devetoper.com\/de\/#organization","name":"Devetoper","url":"https:\/\/devetoper.com\/de\/","logo":{"@type":"ImageObject","inLanguage":"de-DE","@id":"https:\/\/devetoper.com\/de\/#\/schema\/logo\/image\/","url":"https:\/\/devetoper.com\/wp-content\/uploads\/2024\/05\/ORG_FALLBACK.png","contentUrl":"https:\/\/devetoper.com\/wp-content\/uploads\/2024\/05\/ORG_FALLBACK.png","width":696,"height":696,"caption":"Devetoper"},"image":{"@id":"https:\/\/devetoper.com\/de\/#\/schema\/logo\/image\/"},"sameAs":["https:\/\/www.facebook.com\/DEVETOPERCOM","https:\/\/x.com\/DEVETOPER","https:\/\/www.youtube.com\/channel\/UCRF8haCQIXnFKmW464sqApQ","https:\/\/www.tiktok.com\/@devetoper","https:\/\/www.instagram.com\/devetoper_\/"]}]}},"taxonomy_info":[],"featured_image_src_large":false,"author_info":{"display_name":"DEVETOPER","author_link":"https:\/\/devetoper.com\/de\/author\/main-agency\/"},"comment_info":"","jetpack_sharing_enabled":true,"_links":{"self":[{"href":"https:\/\/devetoper.com\/de\/wp-json\/wp\/v2\/property\/344364","targetHints":{"allow":["GET"]}}],"collection":[{"href":"https:\/\/devetoper.com\/de\/wp-json\/wp\/v2\/property"}],"about":[{"href":"https:\/\/devetoper.com\/de\/wp-json\/wp\/v2\/types\/property"}],"author":[{"embeddable":true,"href":"https:\/\/devetoper.com\/de\/wp-json\/wp\/v2\/users\/4"}],"version-history":[{"count":0,"href":"https:\/\/devetoper.com\/de\/wp-json\/wp\/v2\/property\/344364\/revisions"}],"acf:attachment":[{"embeddable":true,"href":"https:\/\/devetoper.com\/de\/wp-json\/wp\/v2\/media\/125778"},{"embeddable":true,"href":"https:\/\/devetoper.com\/de\/wp-json\/wp\/v2\/media\/125777"},{"embeddable":true,"href":"https:\/\/devetoper.com\/de\/wp-json\/wp\/v2\/media\/125776"},{"embeddable":true,"href":"https:\/\/devetoper.com\/de\/wp-json\/wp\/v2\/media\/125775"},{"embeddable":true,"href":"https:\/\/devetoper.com\/de\/wp-json\/wp\/v2\/media\/125774"},{"embeddable":true,"href":"https:\/\/devetoper.com\/de\/wp-json\/wp\/v2\/media\/125773"},{"embeddable":true,"href":"https:\/\/devetoper.com\/de\/wp-json\/wp\/v2\/media\/125772"},{"embeddable":true,"href":"https:\/\/devetoper.com\/de\/wp-json\/wp\/v2\/media\/125771"},{"embeddable":true,"href":"https:\/\/devetoper.com\/de\/wp-json\/wp\/v2\/media\/125770"},{"embeddable":true,"href":"https:\/\/devetoper.com\/de\/wp-json\/wp\/v2\/media\/125769"},{"embeddable":true,"href":"https:\/\/devetoper.com\/de\/wp-json\/wp\/v2\/media\/125768"},{"embeddable":true,"href":"https:\/\/devetoper.com\/de\/wp-json\/wp\/v2\/media\/125767"},{"embeddable":true,"href":"https:\/\/devetoper.com\/de\/wp-json\/wp\/v2\/media\/125766"},{"embeddable":true,"href":"https:\/\/devetoper.com\/de\/wp-json\/wp\/v2\/media\/125765"},{"embeddable":true,"href":"https:\/\/devetoper.com\/de\/wp-json\/wp\/v2\/media\/125764"},{"embeddable":true,"href":"https:\/\/devetoper.com\/de\/wp-json\/wp\/v2\/media\/125763"},{"embeddable":true,"href":"https:\/\/devetoper.com\/de\/wp-json\/wp\/v2\/media\/125762"},{"embeddable":true,"href":"https:\/\/devetoper.com\/de\/wp-json\/wp\/v2\/media\/125761"},{"embeddable":true,"href":"https:\/\/devetoper.com\/de\/wp-json\/wp\/v2\/media\/125760"},{"embeddable":true,"href":"https:\/\/devetoper.com\/de\/wp-json\/wp\/v2\/media\/125759"},{"embeddable":true,"href":"https:\/\/devetoper.com\/de\/wp-json\/wp\/v2\/media\/125758"},{"embeddable":true,"href":"https:\/\/devetoper.com\/de\/wp-json\/wp\/v2\/media\/125757"},{"embeddable":true,"href":"https:\/\/devetoper.com\/de\/wp-json\/wp\/v2\/media\/125756"},{"embeddable":true,"href":"https:\/\/devetoper.com\/de\/wp-json\/wp\/v2\/media\/125755"},{"embeddable":true,"href":"https:\/\/devetoper.com\/de\/wp-json\/wp\/v2\/media\/125754"},{"embeddable":true,"href":"https:\/\/devetoper.com\/de\/wp-json\/wp\/v2\/media\/125753"},{"embeddable":true,"href":"https:\/\/devetoper.com\/de\/wp-json\/wp\/v2\/media\/125752"},{"embeddable":true,"href":"https:\/\/devetoper.com\/de\/wp-json\/wp\/v2\/media\/125751"},{"embeddable":true,"href":"https:\/\/devetoper.com\/de\/wp-json\/wp\/v2\/media\/125750"},{"embeddable":true,"href":"https:\/\/devetoper.com\/de\/wp-json\/wp\/v2\/media\/125749"},{"embeddable":true,"href":"https:\/\/devetoper.com\/de\/wp-json\/wp\/v2\/media\/125748"}],"wp:attachment":[{"href":"https:\/\/devetoper.com\/de\/wp-json\/wp\/v2\/media?parent=344364"}],"wp:term":[{"taxonomy":"category","embeddable":true,"href":"https:\/\/devetoper.com\/de\/wp-json\/wp\/v2\/categories?post=344364"},{"taxonomy":"post_tag","embeddable":true,"href":"https:\/\/devetoper.com\/de\/wp-json\/wp\/v2\/tags?post=344364"}],"curies":[{"name":"wp","href":"https:\/\/api.w.org\/{rel}","templated":true}]}}