{"id":349177,"date":"2026-01-25T15:13:38","date_gmt":"2026-01-25T14:13:38","guid":{"rendered":"https:\/\/devetoper.com\/properties\/n8643\/"},"modified":"2026-01-25T15:13:38","modified_gmt":"2026-01-25T14:13:38","slug":"n8643","status":"publish","type":"property","link":"https:\/\/devetoper.com\/de\/properties\/n8643\/","title":{"rendered":"N8643"},"content":{"rendered":"<p>Neue H\u00e4user mit Panoramablick in Finestrat-Benidorm Exklusive Wohnanlage mit Meer- und Stadtblick<br \/>\nWillkommen in der zweiten Phase einer exklusiven neuen Wohnanlage in Finestrat-Benidorm mit herrlichem Panoramablick auf das Mittelmeer und die Skyline von Benidorm. Diese modernen H\u00e4user verf\u00fcgen \u00fcber 2 oder 3 Schlafzimmer, 2 Badezimmer und ger\u00e4umige, lichtdurchflutete Wohnzimmer.<br \/>\nBungalows im obersten Stockwerk mit privater Sonnenterrasse. Bungalows im Erdgeschoss mit privatem Garten und der M\u00f6glichkeit, einen privaten Pool hinzuzuf\u00fcgen. Diese H\u00e4user wurden aus hochwertigen Materialien gebaut, maximieren das nat\u00fcrliche Licht den ganzen Tag \u00fcber und verf\u00fcgen \u00fcber gro\u00dfe Terrassen, um die \u00fcber 320 Sonnentage in Alicante zu genie\u00dfen.<\/p>\n<p>Ausgezeichnete Lage in der N\u00e4he der besten Attraktionen der Costa Blanca Dieser exklusive Wohnkomplex befindet sich in der N\u00e4he einiger der besten Str\u00e4nde, Gesch\u00e4fte und Freizeiteinrichtungen der Costa Blanca. Entfernungen zu wichtigen Orten: Str\u00e4nde (Levante, Poniente, Cala de Finestrat) \u2013 4 km.<br \/>\nGolfpl\u00e4tze (Sierra Cortina, Villaitana) \u2013 1 km. Stadtzentrum von Benidorm \u2013 5 Minuten mit dem Auto. Internationaler Flughafen Alicante \u2013 40 km (30 Minuten Fahrt). Hochgeschwindigkeitszugverbindung (AVE) \u2013 30 Minuten.<br \/>\nDie Gegend bietet eine hervorragende Anbindung und ist von allen notwendigen Dienstleistungen umgeben, darunter Krankenh\u00e4user, Schulen, \u00f6ffentliche Verkehrsmittel, Einkaufszentren und Restaurants. Premium-Ausstattung f\u00fcr Komfort und Qualit\u00e4t Jedes Haus verf\u00fcgt \u00fcber: Privater Parkplatz. Optionale Abstellr\u00e4ume gegen Aufpreis. Verst\u00e4rkte Sicherheitst\u00fcren.<br \/>\nPVC-Fenster mit thermischer Trennung und Doppelverglasung. Vorinstallation f\u00fcr eine Kanal-Klimaanlage. Aerothermisches System f\u00fcr Warmwasser. Zugang zu einem gro\u00dfen Gemeinschaftspool. Eine einzigartige Gelegenheit f\u00fcr eine Investition und eine hohe Lebensqualit\u00e4t<br \/>\nFinestrat liegt in der wundersch\u00f6nen Region Marina Baixa und bietet eine ruhige Atmosph\u00e4re, w\u00e4hrend es nur wenige Minuten vom pulsierenden Benidorm entfernt ist. Genie\u00dfen Sie das Beste aus beiden Welten \u2013 entspannen Sie sich in einer ruhigen Umgebung und haben Sie gleichzeitig Zugang zu den wichtigsten Attraktionen wie Terra M\u00edtica, Aqualandia, Mundomar und Terra Natura.<\/p>\n<p>Dank der N\u00e4he zu Str\u00e4nden, Golfpl\u00e4tzen und Outdoor-Aktivit\u00e4ten wie Wandern in Puig Campana ist dies eine der besten Gegenden f\u00fcr Investitionen an der Costa Blanca. Verpassen Sie diese einmalige Gelegenheit nicht! Kontaktieren Sie uns noch heute, um einen Besichtigungstermin zu vereinbaren und Ihr Traumhaus in Finestrat-Benidorm zu finden.<\/p>\n","protected":false},"excerpt":{"rendered":"<p>Neue H\u00e4user mit Panoramablick in Finestrat-Benidorm Exklusive Wohnanlage mit Meer- und Stadtblick Willkommen in der zweiten Phase einer exklusiven neuen Wohnanlage in Finestrat-Benidorm mit herrlichem Panoramablick auf das Mittelmeer und die Skyline von Benidorm. Diese modernen H\u00e4user verf\u00fcgen \u00fcber 2 oder 3 Schlafzimmer, 2 Badezimmer und ger\u00e4umige, lichtdurchflutete Wohnzimmer. Bungalows im obersten Stockwerk mit privater&#8230;<\/p>\n","protected":false},"author":4,"featured_media":0,"menu_order":0,"template":"","meta":{"_acf_changed":false,"_kad_blocks_custom_css":"","_kad_blocks_head_custom_js":"","_kad_blocks_body_custom_js":"","_kad_blocks_footer_custom_js":"","_kad_post_transparent":"","_kad_post_title":"","_kad_post_layout":"","_kad_post_sidebar_id":"","_kad_post_content_style":"","_kad_post_vertical_padding":"","_kad_post_feature":"","_kad_post_feature_position":"","_kad_post_header":false,"_kad_post_footer":false,"_joinchat":[],"footnotes":""},"categories":[],"tags":[],"class_list":["post-349177","property","type-property","status-publish","hentry"],"acf":{"add_photos":[215519,215520,215521,215522,215523,215524,215525,215526,215527,215528,215529,215530,215531,215532,215533,215534,215535,215536,215537,215538,215539],"video":""},"yoast_head":"<!-- This site is optimized with the Yoast SEO plugin v24.5 - https:\/\/yoast.com\/wordpress\/plugins\/seo\/ -->\n<title>N8643 - Devetoper<\/title>\n<meta name=\"robots\" content=\"noindex, follow\" \/>\n<meta property=\"og:locale\" content=\"de_DE\" \/>\n<meta property=\"og:type\" content=\"article\" \/>\n<meta property=\"og:title\" content=\"N8643 - Devetoper\" \/>\n<meta property=\"og:description\" content=\"Neue H\u00e4user mit Panoramablick in Finestrat-Benidorm Exklusive Wohnanlage mit Meer- und Stadtblick Willkommen in der zweiten Phase einer exklusiven neuen Wohnanlage in Finestrat-Benidorm mit herrlichem Panoramablick auf das Mittelmeer und die Skyline von Benidorm. Diese modernen H\u00e4user verf\u00fcgen \u00fcber 2 oder 3 Schlafzimmer, 2 Badezimmer und ger\u00e4umige, lichtdurchflutete Wohnzimmer. Bungalows im obersten Stockwerk mit privater...\" \/>\n<meta property=\"og:url\" content=\"https:\/\/devetoper.com\/de\/properties\/n8643\/\" \/>\n<meta property=\"og:site_name\" content=\"Devetoper\" \/>\n<meta property=\"article:publisher\" content=\"https:\/\/www.facebook.com\/DEVETOPERCOM\" \/>\n<meta property=\"og:image\" content=\"https:\/\/devetoper.com\/wp-content\/uploads\/2024\/05\/FALLBACK.png\" \/>\n\t<meta property=\"og:image:width\" content=\"1200\" \/>\n\t<meta property=\"og:image:height\" content=\"675\" \/>\n\t<meta property=\"og:image:type\" content=\"image\/png\" \/>\n<meta name=\"twitter:card\" content=\"summary_large_image\" \/>\n<meta name=\"twitter:site\" content=\"@DEVETOPER\" \/>\n<meta name=\"twitter:label1\" content=\"Gesch\u00e4tzte Lesezeit\" \/>\n\t<meta name=\"twitter:data1\" content=\"2 minute\" \/>\n<script type=\"application\/ld+json\" class=\"yoast-schema-graph\">{\"@context\":\"https:\/\/schema.org\",\"@graph\":[{\"@type\":[\"WebPage\",\"RealEstateListing\"],\"@id\":\"https:\/\/devetoper.com\/de\/properties\/n8643\/\",\"url\":\"https:\/\/devetoper.com\/de\/properties\/n8643\/\",\"name\":\"N8643 - Devetoper\",\"isPartOf\":{\"@id\":\"https:\/\/devetoper.com\/de\/#website\"},\"datePublished\":\"2026-01-25T14:13:38+00:00\",\"breadcrumb\":{\"@id\":\"https:\/\/devetoper.com\/de\/properties\/n8643\/#breadcrumb\"},\"inLanguage\":\"de-DE\",\"potentialAction\":[{\"@type\":\"ReadAction\",\"target\":[\"https:\/\/devetoper.com\/de\/properties\/n8643\/\"]}]},{\"@type\":\"BreadcrumbList\",\"@id\":\"https:\/\/devetoper.com\/de\/properties\/n8643\/#breadcrumb\",\"itemListElement\":[{\"@type\":\"ListItem\",\"position\":1,\"name\":\"Startseite\",\"item\":\"https:\/\/devetoper.com\/de\/\"},{\"@type\":\"ListItem\",\"position\":2,\"name\":\"Properties\",\"item\":\"https:\/\/devetoper.com\/de\/properties\/\"},{\"@type\":\"ListItem\",\"position\":3,\"name\":\"N8643\"}]},{\"@type\":\"WebSite\",\"@id\":\"https:\/\/devetoper.com\/de\/#website\",\"url\":\"https:\/\/devetoper.com\/de\/\",\"name\":\"Devetoper\",\"description\":\"\u041f\u0440\u043e\u0444\u0435\u0441\u0441\u0438\u043e\u043d\u0430\u043b\u0438\u0437\u043c, \u043e\u0431\u0435\u0441\u043f\u0435\u0447\u0438\u0432\u0430\u044e\u0449\u0438\u0439 \u0431\u0435\u0437\u043e\u043f\u0430\u0441\u043d\u043e\u0441\u0442\u044c \u043a\u0430\u0436\u0434\u043e\u0439 \u0442\u0440\u0430\u043d\u0437\u0430\u043a\u0446\u0438\u0438\",\"publisher\":{\"@id\":\"https:\/\/devetoper.com\/de\/#organization\"},\"potentialAction\":[{\"@type\":\"SearchAction\",\"target\":{\"@type\":\"EntryPoint\",\"urlTemplate\":\"https:\/\/devetoper.com\/de\/?s={search_term_string}\"},\"query-input\":{\"@type\":\"PropertyValueSpecification\",\"valueRequired\":true,\"valueName\":\"search_term_string\"}}],\"inLanguage\":\"de-DE\"},{\"@type\":\"Organization\",\"@id\":\"https:\/\/devetoper.com\/de\/#organization\",\"name\":\"Devetoper\",\"url\":\"https:\/\/devetoper.com\/de\/\",\"logo\":{\"@type\":\"ImageObject\",\"inLanguage\":\"de-DE\",\"@id\":\"https:\/\/devetoper.com\/de\/#\/schema\/logo\/image\/\",\"url\":\"https:\/\/devetoper.com\/wp-content\/uploads\/2024\/05\/ORG_FALLBACK.png\",\"contentUrl\":\"https:\/\/devetoper.com\/wp-content\/uploads\/2024\/05\/ORG_FALLBACK.png\",\"width\":696,\"height\":696,\"caption\":\"Devetoper\"},\"image\":{\"@id\":\"https:\/\/devetoper.com\/de\/#\/schema\/logo\/image\/\"},\"sameAs\":[\"https:\/\/www.facebook.com\/DEVETOPERCOM\",\"https:\/\/x.com\/DEVETOPER\",\"https:\/\/www.youtube.com\/channel\/UCRF8haCQIXnFKmW464sqApQ\",\"https:\/\/www.tiktok.com\/@devetoper\",\"https:\/\/www.instagram.com\/devetoper_\/\"]}]}<\/script>\n<!-- \/ Yoast SEO plugin. -->","yoast_head_json":{"title":"N8643 - Devetoper","robots":{"index":"noindex","follow":"follow"},"og_locale":"de_DE","og_type":"article","og_title":"N8643 - Devetoper","og_description":"Neue H\u00e4user mit Panoramablick in Finestrat-Benidorm Exklusive Wohnanlage mit Meer- und Stadtblick Willkommen in der zweiten Phase einer exklusiven neuen Wohnanlage in Finestrat-Benidorm mit herrlichem Panoramablick auf das Mittelmeer und die Skyline von Benidorm. Diese modernen H\u00e4user verf\u00fcgen \u00fcber 2 oder 3 Schlafzimmer, 2 Badezimmer und ger\u00e4umige, lichtdurchflutete Wohnzimmer. Bungalows im obersten Stockwerk mit privater...","og_url":"https:\/\/devetoper.com\/de\/properties\/n8643\/","og_site_name":"Devetoper","article_publisher":"https:\/\/www.facebook.com\/DEVETOPERCOM","og_image":[{"width":1200,"height":675,"url":"https:\/\/devetoper.com\/wp-content\/uploads\/2024\/05\/FALLBACK.png","type":"image\/png"}],"twitter_card":"summary_large_image","twitter_site":"@DEVETOPER","twitter_misc":{"Gesch\u00e4tzte Lesezeit":"2 minute"},"schema":{"@context":"https:\/\/schema.org","@graph":[{"@type":["WebPage","RealEstateListing"],"@id":"https:\/\/devetoper.com\/de\/properties\/n8643\/","url":"https:\/\/devetoper.com\/de\/properties\/n8643\/","name":"N8643 - Devetoper","isPartOf":{"@id":"https:\/\/devetoper.com\/de\/#website"},"datePublished":"2026-01-25T14:13:38+00:00","breadcrumb":{"@id":"https:\/\/devetoper.com\/de\/properties\/n8643\/#breadcrumb"},"inLanguage":"de-DE","potentialAction":[{"@type":"ReadAction","target":["https:\/\/devetoper.com\/de\/properties\/n8643\/"]}]},{"@type":"BreadcrumbList","@id":"https:\/\/devetoper.com\/de\/properties\/n8643\/#breadcrumb","itemListElement":[{"@type":"ListItem","position":1,"name":"Startseite","item":"https:\/\/devetoper.com\/de\/"},{"@type":"ListItem","position":2,"name":"Properties","item":"https:\/\/devetoper.com\/de\/properties\/"},{"@type":"ListItem","position":3,"name":"N8643"}]},{"@type":"WebSite","@id":"https:\/\/devetoper.com\/de\/#website","url":"https:\/\/devetoper.com\/de\/","name":"Devetoper","description":"\u041f\u0440\u043e\u0444\u0435\u0441\u0441\u0438\u043e\u043d\u0430\u043b\u0438\u0437\u043c, \u043e\u0431\u0435\u0441\u043f\u0435\u0447\u0438\u0432\u0430\u044e\u0449\u0438\u0439 \u0431\u0435\u0437\u043e\u043f\u0430\u0441\u043d\u043e\u0441\u0442\u044c \u043a\u0430\u0436\u0434\u043e\u0439 \u0442\u0440\u0430\u043d\u0437\u0430\u043a\u0446\u0438\u0438","publisher":{"@id":"https:\/\/devetoper.com\/de\/#organization"},"potentialAction":[{"@type":"SearchAction","target":{"@type":"EntryPoint","urlTemplate":"https:\/\/devetoper.com\/de\/?s={search_term_string}"},"query-input":{"@type":"PropertyValueSpecification","valueRequired":true,"valueName":"search_term_string"}}],"inLanguage":"de-DE"},{"@type":"Organization","@id":"https:\/\/devetoper.com\/de\/#organization","name":"Devetoper","url":"https:\/\/devetoper.com\/de\/","logo":{"@type":"ImageObject","inLanguage":"de-DE","@id":"https:\/\/devetoper.com\/de\/#\/schema\/logo\/image\/","url":"https:\/\/devetoper.com\/wp-content\/uploads\/2024\/05\/ORG_FALLBACK.png","contentUrl":"https:\/\/devetoper.com\/wp-content\/uploads\/2024\/05\/ORG_FALLBACK.png","width":696,"height":696,"caption":"Devetoper"},"image":{"@id":"https:\/\/devetoper.com\/de\/#\/schema\/logo\/image\/"},"sameAs":["https:\/\/www.facebook.com\/DEVETOPERCOM","https:\/\/x.com\/DEVETOPER","https:\/\/www.youtube.com\/channel\/UCRF8haCQIXnFKmW464sqApQ","https:\/\/www.tiktok.com\/@devetoper","https:\/\/www.instagram.com\/devetoper_\/"]}]}},"taxonomy_info":[],"featured_image_src_large":false,"author_info":{"display_name":"DEVETOPER","author_link":"https:\/\/devetoper.com\/de\/author\/main-agency\/"},"comment_info":"","jetpack_sharing_enabled":true,"_links":{"self":[{"href":"https:\/\/devetoper.com\/de\/wp-json\/wp\/v2\/property\/349177","targetHints":{"allow":["GET"]}}],"collection":[{"href":"https:\/\/devetoper.com\/de\/wp-json\/wp\/v2\/property"}],"about":[{"href":"https:\/\/devetoper.com\/de\/wp-json\/wp\/v2\/types\/property"}],"author":[{"embeddable":true,"href":"https:\/\/devetoper.com\/de\/wp-json\/wp\/v2\/users\/4"}],"version-history":[{"count":0,"href":"https:\/\/devetoper.com\/de\/wp-json\/wp\/v2\/property\/349177\/revisions"}],"acf:attachment":[{"embeddable":true,"href":"https:\/\/devetoper.com\/de\/wp-json\/wp\/v2\/media\/215539"},{"embeddable":true,"href":"https:\/\/devetoper.com\/de\/wp-json\/wp\/v2\/media\/215538"},{"embeddable":true,"href":"https:\/\/devetoper.com\/de\/wp-json\/wp\/v2\/media\/215537"},{"embeddable":true,"href":"https:\/\/devetoper.com\/de\/wp-json\/wp\/v2\/media\/215536"},{"embeddable":true,"href":"https:\/\/devetoper.com\/de\/wp-json\/wp\/v2\/media\/215535"},{"embeddable":true,"href":"https:\/\/devetoper.com\/de\/wp-json\/wp\/v2\/media\/215534"},{"embeddable":true,"href":"https:\/\/devetoper.com\/de\/wp-json\/wp\/v2\/media\/215533"},{"embeddable":true,"href":"https:\/\/devetoper.com\/de\/wp-json\/wp\/v2\/media\/215532"},{"embeddable":true,"href":"https:\/\/devetoper.com\/de\/wp-json\/wp\/v2\/media\/215531"},{"embeddable":true,"href":"https:\/\/devetoper.com\/de\/wp-json\/wp\/v2\/media\/215530"},{"embeddable":true,"href":"https:\/\/devetoper.com\/de\/wp-json\/wp\/v2\/media\/215529"},{"embeddable":true,"href":"https:\/\/devetoper.com\/de\/wp-json\/wp\/v2\/media\/215528"},{"embeddable":true,"href":"https:\/\/devetoper.com\/de\/wp-json\/wp\/v2\/media\/215527"},{"embeddable":true,"href":"https:\/\/devetoper.com\/de\/wp-json\/wp\/v2\/media\/215526"},{"embeddable":true,"href":"https:\/\/devetoper.com\/de\/wp-json\/wp\/v2\/media\/215525"},{"embeddable":true,"href":"https:\/\/devetoper.com\/de\/wp-json\/wp\/v2\/media\/215524"},{"embeddable":true,"href":"https:\/\/devetoper.com\/de\/wp-json\/wp\/v2\/media\/215523"},{"embeddable":true,"href":"https:\/\/devetoper.com\/de\/wp-json\/wp\/v2\/media\/215522"},{"embeddable":true,"href":"https:\/\/devetoper.com\/de\/wp-json\/wp\/v2\/media\/215521"},{"embeddable":true,"href":"https:\/\/devetoper.com\/de\/wp-json\/wp\/v2\/media\/215520"},{"embeddable":true,"href":"https:\/\/devetoper.com\/de\/wp-json\/wp\/v2\/media\/215519"}],"wp:attachment":[{"href":"https:\/\/devetoper.com\/de\/wp-json\/wp\/v2\/media?parent=349177"}],"wp:term":[{"taxonomy":"category","embeddable":true,"href":"https:\/\/devetoper.com\/de\/wp-json\/wp\/v2\/categories?post=349177"},{"taxonomy":"post_tag","embeddable":true,"href":"https:\/\/devetoper.com\/de\/wp-json\/wp\/v2\/tags?post=349177"}],"curies":[{"name":"wp","href":"https:\/\/api.w.org\/{rel}","templated":true}]}}