{"id":353968,"date":"2026-02-06T13:50:06","date_gmt":"2026-02-06T12:50:06","guid":{"rendered":"https:\/\/devetoper.com\/properties\/his985-3\/"},"modified":"2026-02-06T13:50:06","modified_gmt":"2026-02-06T12:50:06","slug":"his985-3","status":"publish","type":"property","link":"https:\/\/devetoper.com\/de\/properties\/his985-3\/","title":{"rendered":"HIS985"},"content":{"rendered":"<section id=\"vista-general\" class=\"hero__detalle vc-component vc-autoid-c728fe7dff3e38b18e157475a31e78f06989aafa\" data-component-name=\"hero-detalle\" data-gtm-position=\"foto\">\n<div class=\"hero__box\">\n<div class=\"card-promo--info\"><\/div>\n<\/div>\n<\/section>\n<div id=\"descripcion\" class=\"text-top--promo-detalle vc-component vc-autoid-38ef95e1228cd8a9322246d4b92381888ce72e14\" data-component-name=\"text-top--promo-detalle\">\n<div class=\"circle circle-component vc-component vc-autoid-72dc16d16f3e2da78bcf8e488d7e9d92e906d5e4\" data-component-name=\"circle\">\n<div><\/div>\n<\/div>\n<div class=\"box-text--2col\">\n<p><strong><span dir=\"auto\">C\u00e9lere Vitta Marina<\/span><\/strong><span dir=\"auto\">ist<\/span><strong><span dir=\"auto\">ein moderner und funktionaler, umz\u00e4unter Wohnkomplex<\/span><\/strong><span dir=\"auto\">, ein idealer Ort zum Leben. Die Investition umfasst<\/span><strong><span dir=\"auto\">72 Zwei-, Drei- und Vierzimmerwohnungen<\/span><\/strong><span dir=\"auto\">, die sich im Erdgeschoss, im ersten und zweiten Stock sowie im Penthouse befinden. Alle Apartments sind nach S\u00fcden oder S\u00fcdwesten ausgerichtet und<\/span><strong><span dir=\"auto\">viele bieten Meerblick.<\/span><\/strong><span dir=\"auto\">Dar\u00fcber hinaus verf\u00fcgen die Apartments im Erdgeschoss \u00fcber einen sch\u00f6nen Garten und die Penth\u00e4user \u00fcber gro\u00dfz\u00fcgige Terrassen. Zu jedem Apartment geh\u00f6ren mindestens<\/span><strong><span dir=\"auto\">ein Parkplatz und ein Abstellraum<\/span><\/strong><span dir=\"auto\">.<\/span><\/p>\n<p><span dir=\"auto\">Die Gemeinschaftsbereiche sind f\u00fcr Erholung und Sport in einer ruhigen Atmosph\u00e4re konzipiert.<\/span><strong><span dir=\"auto\">Im C\u00e9lere Vitta Marina<\/span><\/strong><span dir=\"auto\">finden Sie<\/span><strong><span dir=\"auto\">wundersch\u00f6ne G\u00e4rten mit einem Gemeinschaftspool, einem Fitnessraum und einem Gemeinschafts-\/Restaurantbereich<\/span><\/strong><span dir=\"auto\">, wo Sie Ihre Freizeit in vollen Z\u00fcgen genie\u00dfen k\u00f6nnen.<\/span><\/p>\n<p><span dir=\"auto\">Wir haben uns um jedes Detail gek\u00fcmmert, damit diese Anlage Ihr zuk\u00fcnftiges Zuhause wird. Wir bieten attraktive H\u00e4user mit<\/span><strong><span dir=\"auto\">exklusivem, funktionalem und urbanem Design<\/span><\/strong><span dir=\"auto\">, die mit hochwertigen Ausstattungen versehen sind. Dar\u00fcber hinaus bieten wir eine Vielzahl von Individualisierungsm\u00f6glichkeiten, um sie dem Geschmack jedes Eigent\u00fcmers anzupassen.<\/span><\/p>\n<div class=\"vc-component vc-autoid-fb94a383c1f3f565f91bd927c8818fbcc264825a\" data-component-name=\"promo-ubicacion-y-alrededores\">\n<div id=\"ubicacion\" class=\"title-right--text vc-component vc-autoid-308be6fe0995d9554c5fe1cc4aa0552d844971d8\" data-nav-name=\"ubicacion\" data-component-name=\"title-right--text\">\n<div class=\"rich-text\">\n<p><strong><span dir=\"auto\">C\u00e9lere Vitta Marina<\/span><\/strong><span dir=\"auto\">ist ein Ort, an dem es sich lohnt zu verweilen. Er liegt in<\/span><strong><span dir=\"auto\">der Stadt Mijas, zwischen Cala de Mijas und Fuengirola<\/span><\/strong><span dir=\"auto\">, nur<\/span><strong><span dir=\"auto\">2 Gehminuten vom Strand Playamarina<\/span><\/strong><span dir=\"auto\">entfernt<\/span><strong><span dir=\"auto\">.<\/span><\/strong><\/p>\n<p><span dir=\"auto\">Die Wohnanlage bietet viele Freizeitm\u00f6glichkeiten und Dienstleistungen, wie z. B.<\/span><strong><span dir=\"auto\">verschiedene Golfpl\u00e4tze<\/span><\/strong><span dir=\"auto\">, darunter<\/span><span dir=\"auto\">den weniger als zwei Kilometer entfernten<\/span><em><span dir=\"auto\">\u201eChaparral Golf Club\u201d<\/span><\/em><span dir=\"auto\">,<\/span><strong><span dir=\"auto\">Einkaufszentren, Superm\u00e4rkte, Restaurants, ein Gesundheitszentrum und mehrere Apotheken.<\/span><\/strong><\/p>\n<p><span dir=\"auto\">Cala de Mijas befindet sich in<\/span><strong><span dir=\"auto\">einer einzigartigen und gut angebundenen Lage.<\/span><\/strong><span dir=\"auto\">Es ist \u00fcber die Autobahn A-7 Costa del Sol zu erreichen und liegt in unmittelbarer N\u00e4he der mautpflichtigen Autobahn AP-7. Au\u00dferdem ist es weniger als 25 Minuten vom internationalen Flughafen M\u00e1laga und 40 Autominuten vom Bahnhof Mar\u00eda Zambrano entfernt. In der N\u00e4he befinden sich auch wichtige Touristenattraktionen wie Puerto Ban\u00fas, das historische Zentrum von Marbella und Fuengirola.<\/span><\/p>\n<\/div>\n<\/div>\n<\/div>\n<div id=\"map\" class=\"box__map-embed vc-component vc-autoid-a074c263b857b47f7dd7ee2f55b87b0b439540b2\" data-component-name=\"iframe-map\"><\/div>\n<\/div>\n<\/div>\n","protected":false},"excerpt":{"rendered":"<p>C\u00e9lere Vitta Marinaistein moderner und funktionaler, umz\u00e4unter Wohnkomplex, ein idealer Ort zum Leben. Die Investition umfasst72 Zwei-, Drei- und Vierzimmerwohnungen, die sich im Erdgeschoss, im ersten und zweiten Stock sowie im Penthouse befinden. Alle Apartments sind nach S\u00fcden oder S\u00fcdwesten ausgerichtet undviele bieten Meerblick.Dar\u00fcber hinaus verf\u00fcgen die Apartments im Erdgeschoss \u00fcber einen sch\u00f6nen Garten und&#8230;<\/p>\n","protected":false},"author":1156,"featured_media":0,"menu_order":0,"template":"","meta":{"_acf_changed":false,"_kad_blocks_custom_css":"","_kad_blocks_head_custom_js":"","_kad_blocks_body_custom_js":"","_kad_blocks_footer_custom_js":"","_kad_post_transparent":"","_kad_post_title":"","_kad_post_layout":"","_kad_post_sidebar_id":"","_kad_post_content_style":"","_kad_post_vertical_padding":"","_kad_post_feature":"","_kad_post_feature_position":"","_kad_post_header":false,"_kad_post_footer":false,"_joinchat":[],"footnotes":""},"categories":[],"tags":[],"class_list":["post-353968","property","type-property","status-publish","hentry"],"acf":{"add_photos":[320865,320861,320863,320877,320870,320866,320875,320874,320864,320876,320873,320868,320872,320871,320867,320869,320862],"video":""},"yoast_head":"<!-- This site is optimized with the Yoast SEO plugin v24.5 - https:\/\/yoast.com\/wordpress\/plugins\/seo\/ -->\n<title>HIS985 - Devetoper<\/title>\n<meta name=\"robots\" content=\"noindex, follow\" \/>\n<meta property=\"og:locale\" content=\"de_DE\" \/>\n<meta property=\"og:type\" content=\"article\" \/>\n<meta property=\"og:title\" content=\"HIS985 - Devetoper\" \/>\n<meta property=\"og:description\" content=\"C\u00e9lere Vitta Marinaistein moderner und funktionaler, umz\u00e4unter Wohnkomplex, ein idealer Ort zum Leben. Die Investition umfasst72 Zwei-, Drei- und Vierzimmerwohnungen, die sich im Erdgeschoss, im ersten und zweiten Stock sowie im Penthouse befinden. Alle Apartments sind nach S\u00fcden oder S\u00fcdwesten ausgerichtet undviele bieten Meerblick.Dar\u00fcber hinaus verf\u00fcgen die Apartments im Erdgeschoss \u00fcber einen sch\u00f6nen Garten und...\" \/>\n<meta property=\"og:url\" content=\"https:\/\/devetoper.com\/de\/properties\/his985-3\/\" \/>\n<meta property=\"og:site_name\" content=\"Devetoper\" \/>\n<meta property=\"article:publisher\" content=\"https:\/\/www.facebook.com\/DEVETOPERCOM\" \/>\n<meta property=\"og:image\" content=\"https:\/\/devetoper.com\/wp-content\/uploads\/2024\/05\/FALLBACK.png\" \/>\n\t<meta property=\"og:image:width\" content=\"1200\" \/>\n\t<meta property=\"og:image:height\" content=\"675\" \/>\n\t<meta property=\"og:image:type\" content=\"image\/png\" \/>\n<meta name=\"twitter:card\" content=\"summary_large_image\" \/>\n<meta name=\"twitter:site\" content=\"@DEVETOPER\" \/>\n<meta name=\"twitter:label1\" content=\"Gesch\u00e4tzte Lesezeit\" \/>\n\t<meta name=\"twitter:data1\" content=\"2 minute\" \/>\n<script type=\"application\/ld+json\" class=\"yoast-schema-graph\">{\"@context\":\"https:\/\/schema.org\",\"@graph\":[{\"@type\":[\"WebPage\",\"RealEstateListing\"],\"@id\":\"https:\/\/devetoper.com\/de\/properties\/his985-3\/\",\"url\":\"https:\/\/devetoper.com\/de\/properties\/his985-3\/\",\"name\":\"HIS985 - Devetoper\",\"isPartOf\":{\"@id\":\"https:\/\/devetoper.com\/de\/#website\"},\"datePublished\":\"2026-02-06T12:50:06+00:00\",\"breadcrumb\":{\"@id\":\"https:\/\/devetoper.com\/de\/properties\/his985-3\/#breadcrumb\"},\"inLanguage\":\"de-DE\",\"potentialAction\":[{\"@type\":\"ReadAction\",\"target\":[\"https:\/\/devetoper.com\/de\/properties\/his985-3\/\"]}]},{\"@type\":\"BreadcrumbList\",\"@id\":\"https:\/\/devetoper.com\/de\/properties\/his985-3\/#breadcrumb\",\"itemListElement\":[{\"@type\":\"ListItem\",\"position\":1,\"name\":\"Startseite\",\"item\":\"https:\/\/devetoper.com\/de\/\"},{\"@type\":\"ListItem\",\"position\":2,\"name\":\"Properties\",\"item\":\"https:\/\/devetoper.com\/de\/properties\/\"},{\"@type\":\"ListItem\",\"position\":3,\"name\":\"HIS985\"}]},{\"@type\":\"WebSite\",\"@id\":\"https:\/\/devetoper.com\/de\/#website\",\"url\":\"https:\/\/devetoper.com\/de\/\",\"name\":\"Devetoper\",\"description\":\"\u041f\u0440\u043e\u0444\u0435\u0441\u0441\u0438\u043e\u043d\u0430\u043b\u0438\u0437\u043c, \u043e\u0431\u0435\u0441\u043f\u0435\u0447\u0438\u0432\u0430\u044e\u0449\u0438\u0439 \u0431\u0435\u0437\u043e\u043f\u0430\u0441\u043d\u043e\u0441\u0442\u044c \u043a\u0430\u0436\u0434\u043e\u0439 \u0442\u0440\u0430\u043d\u0437\u0430\u043a\u0446\u0438\u0438\",\"publisher\":{\"@id\":\"https:\/\/devetoper.com\/de\/#organization\"},\"potentialAction\":[{\"@type\":\"SearchAction\",\"target\":{\"@type\":\"EntryPoint\",\"urlTemplate\":\"https:\/\/devetoper.com\/de\/?s={search_term_string}\"},\"query-input\":{\"@type\":\"PropertyValueSpecification\",\"valueRequired\":true,\"valueName\":\"search_term_string\"}}],\"inLanguage\":\"de-DE\"},{\"@type\":\"Organization\",\"@id\":\"https:\/\/devetoper.com\/de\/#organization\",\"name\":\"Devetoper\",\"url\":\"https:\/\/devetoper.com\/de\/\",\"logo\":{\"@type\":\"ImageObject\",\"inLanguage\":\"de-DE\",\"@id\":\"https:\/\/devetoper.com\/de\/#\/schema\/logo\/image\/\",\"url\":\"https:\/\/devetoper.com\/wp-content\/uploads\/2024\/05\/ORG_FALLBACK.png\",\"contentUrl\":\"https:\/\/devetoper.com\/wp-content\/uploads\/2024\/05\/ORG_FALLBACK.png\",\"width\":696,\"height\":696,\"caption\":\"Devetoper\"},\"image\":{\"@id\":\"https:\/\/devetoper.com\/de\/#\/schema\/logo\/image\/\"},\"sameAs\":[\"https:\/\/www.facebook.com\/DEVETOPERCOM\",\"https:\/\/x.com\/DEVETOPER\",\"https:\/\/www.youtube.com\/channel\/UCRF8haCQIXnFKmW464sqApQ\",\"https:\/\/www.tiktok.com\/@devetoper\",\"https:\/\/www.instagram.com\/devetoper_\/\"]}]}<\/script>\n<!-- \/ Yoast SEO plugin. -->","yoast_head_json":{"title":"HIS985 - Devetoper","robots":{"index":"noindex","follow":"follow"},"og_locale":"de_DE","og_type":"article","og_title":"HIS985 - Devetoper","og_description":"C\u00e9lere Vitta Marinaistein moderner und funktionaler, umz\u00e4unter Wohnkomplex, ein idealer Ort zum Leben. Die Investition umfasst72 Zwei-, Drei- und Vierzimmerwohnungen, die sich im Erdgeschoss, im ersten und zweiten Stock sowie im Penthouse befinden. Alle Apartments sind nach S\u00fcden oder S\u00fcdwesten ausgerichtet undviele bieten Meerblick.Dar\u00fcber hinaus verf\u00fcgen die Apartments im Erdgeschoss \u00fcber einen sch\u00f6nen Garten und...","og_url":"https:\/\/devetoper.com\/de\/properties\/his985-3\/","og_site_name":"Devetoper","article_publisher":"https:\/\/www.facebook.com\/DEVETOPERCOM","og_image":[{"width":1200,"height":675,"url":"https:\/\/devetoper.com\/wp-content\/uploads\/2024\/05\/FALLBACK.png","type":"image\/png"}],"twitter_card":"summary_large_image","twitter_site":"@DEVETOPER","twitter_misc":{"Gesch\u00e4tzte Lesezeit":"2 minute"},"schema":{"@context":"https:\/\/schema.org","@graph":[{"@type":["WebPage","RealEstateListing"],"@id":"https:\/\/devetoper.com\/de\/properties\/his985-3\/","url":"https:\/\/devetoper.com\/de\/properties\/his985-3\/","name":"HIS985 - Devetoper","isPartOf":{"@id":"https:\/\/devetoper.com\/de\/#website"},"datePublished":"2026-02-06T12:50:06+00:00","breadcrumb":{"@id":"https:\/\/devetoper.com\/de\/properties\/his985-3\/#breadcrumb"},"inLanguage":"de-DE","potentialAction":[{"@type":"ReadAction","target":["https:\/\/devetoper.com\/de\/properties\/his985-3\/"]}]},{"@type":"BreadcrumbList","@id":"https:\/\/devetoper.com\/de\/properties\/his985-3\/#breadcrumb","itemListElement":[{"@type":"ListItem","position":1,"name":"Startseite","item":"https:\/\/devetoper.com\/de\/"},{"@type":"ListItem","position":2,"name":"Properties","item":"https:\/\/devetoper.com\/de\/properties\/"},{"@type":"ListItem","position":3,"name":"HIS985"}]},{"@type":"WebSite","@id":"https:\/\/devetoper.com\/de\/#website","url":"https:\/\/devetoper.com\/de\/","name":"Devetoper","description":"\u041f\u0440\u043e\u0444\u0435\u0441\u0441\u0438\u043e\u043d\u0430\u043b\u0438\u0437\u043c, \u043e\u0431\u0435\u0441\u043f\u0435\u0447\u0438\u0432\u0430\u044e\u0449\u0438\u0439 \u0431\u0435\u0437\u043e\u043f\u0430\u0441\u043d\u043e\u0441\u0442\u044c \u043a\u0430\u0436\u0434\u043e\u0439 \u0442\u0440\u0430\u043d\u0437\u0430\u043a\u0446\u0438\u0438","publisher":{"@id":"https:\/\/devetoper.com\/de\/#organization"},"potentialAction":[{"@type":"SearchAction","target":{"@type":"EntryPoint","urlTemplate":"https:\/\/devetoper.com\/de\/?s={search_term_string}"},"query-input":{"@type":"PropertyValueSpecification","valueRequired":true,"valueName":"search_term_string"}}],"inLanguage":"de-DE"},{"@type":"Organization","@id":"https:\/\/devetoper.com\/de\/#organization","name":"Devetoper","url":"https:\/\/devetoper.com\/de\/","logo":{"@type":"ImageObject","inLanguage":"de-DE","@id":"https:\/\/devetoper.com\/de\/#\/schema\/logo\/image\/","url":"https:\/\/devetoper.com\/wp-content\/uploads\/2024\/05\/ORG_FALLBACK.png","contentUrl":"https:\/\/devetoper.com\/wp-content\/uploads\/2024\/05\/ORG_FALLBACK.png","width":696,"height":696,"caption":"Devetoper"},"image":{"@id":"https:\/\/devetoper.com\/de\/#\/schema\/logo\/image\/"},"sameAs":["https:\/\/www.facebook.com\/DEVETOPERCOM","https:\/\/x.com\/DEVETOPER","https:\/\/www.youtube.com\/channel\/UCRF8haCQIXnFKmW464sqApQ","https:\/\/www.tiktok.com\/@devetoper","https:\/\/www.instagram.com\/devetoper_\/"]}]}},"taxonomy_info":[],"featured_image_src_large":false,"author_info":{"display_name":"DEVETOPER","author_link":"https:\/\/devetoper.com\/de\/author\/devetoper\/"},"comment_info":"","jetpack_sharing_enabled":true,"_links":{"self":[{"href":"https:\/\/devetoper.com\/de\/wp-json\/wp\/v2\/property\/353968","targetHints":{"allow":["GET"]}}],"collection":[{"href":"https:\/\/devetoper.com\/de\/wp-json\/wp\/v2\/property"}],"about":[{"href":"https:\/\/devetoper.com\/de\/wp-json\/wp\/v2\/types\/property"}],"author":[{"embeddable":true,"href":"https:\/\/devetoper.com\/de\/wp-json\/wp\/v2\/users\/1156"}],"version-history":[{"count":0,"href":"https:\/\/devetoper.com\/de\/wp-json\/wp\/v2\/property\/353968\/revisions"}],"acf:attachment":[{"embeddable":true,"href":"https:\/\/devetoper.com\/de\/wp-json\/wp\/v2\/media\/320862"},{"embeddable":true,"href":"https:\/\/devetoper.com\/de\/wp-json\/wp\/v2\/media\/320869"},{"embeddable":true,"href":"https:\/\/devetoper.com\/de\/wp-json\/wp\/v2\/media\/320867"},{"embeddable":true,"href":"https:\/\/devetoper.com\/de\/wp-json\/wp\/v2\/media\/320871"},{"embeddable":true,"href":"https:\/\/devetoper.com\/de\/wp-json\/wp\/v2\/media\/320872"},{"embeddable":true,"href":"https:\/\/devetoper.com\/de\/wp-json\/wp\/v2\/media\/320868"},{"embeddable":true,"href":"https:\/\/devetoper.com\/de\/wp-json\/wp\/v2\/media\/320873"},{"embeddable":true,"href":"https:\/\/devetoper.com\/de\/wp-json\/wp\/v2\/media\/320876"},{"embeddable":true,"href":"https:\/\/devetoper.com\/de\/wp-json\/wp\/v2\/media\/320864"},{"embeddable":true,"href":"https:\/\/devetoper.com\/de\/wp-json\/wp\/v2\/media\/320874"},{"embeddable":true,"href":"https:\/\/devetoper.com\/de\/wp-json\/wp\/v2\/media\/320875"},{"embeddable":true,"href":"https:\/\/devetoper.com\/de\/wp-json\/wp\/v2\/media\/320866"},{"embeddable":true,"href":"https:\/\/devetoper.com\/de\/wp-json\/wp\/v2\/media\/320870"},{"embeddable":true,"href":"https:\/\/devetoper.com\/de\/wp-json\/wp\/v2\/media\/320877"},{"embeddable":true,"href":"https:\/\/devetoper.com\/de\/wp-json\/wp\/v2\/media\/320863"},{"embeddable":true,"href":"https:\/\/devetoper.com\/de\/wp-json\/wp\/v2\/media\/320861"},{"embeddable":true,"href":"https:\/\/devetoper.com\/de\/wp-json\/wp\/v2\/media\/320865"}],"wp:attachment":[{"href":"https:\/\/devetoper.com\/de\/wp-json\/wp\/v2\/media?parent=353968"}],"wp:term":[{"taxonomy":"category","embeddable":true,"href":"https:\/\/devetoper.com\/de\/wp-json\/wp\/v2\/categories?post=353968"},{"taxonomy":"post_tag","embeddable":true,"href":"https:\/\/devetoper.com\/de\/wp-json\/wp\/v2\/tags?post=353968"}],"curies":[{"name":"wp","href":"https:\/\/api.w.org\/{rel}","templated":true}]}}