{"id":354098,"date":"2026-02-06T23:16:54","date_gmt":"2026-02-06T22:16:54","guid":{"rendered":"https:\/\/devetoper.com\/properties\/his949-5\/"},"modified":"2026-02-06T23:16:54","modified_gmt":"2026-02-06T22:16:54","slug":"his949-5","status":"publish","type":"property","link":"https:\/\/devetoper.com\/de\/properties\/his949-5\/","title":{"rendered":"HIS949"},"content":{"rendered":"<div class=\"elementor-element elementor-element-68e5564d animated-slow elementor-widget elementor-widget-heading animated fadeIn\" data-id=\"68e5564d\" data-element_type=\"widget\" data-widget_type=\"heading.default\">\n<div class=\"elementor-widget-container\">\n<h1 class=\"elementor-heading-title elementor-size-default\"><span dir=\"auto\">Residenz Mirador de Castalla<\/span><\/h1>\n<\/div>\n<\/div>\n<div class=\"elementor-element elementor-element-06097f2 elementor-widget elementor-widget-image\" data-id=\"06097f2\" data-element_type=\"widget\" data-widget_type=\"image.default\">\n<div class=\"elementor-widget-container\"><img loading=\"lazy\" decoding=\"async\" class=\"attachment-full size-full wp-image-961\" src=\"https:\/\/tarancon-inmobiliaria.com\/wp-content\/uploads\/2025\/02\/3_piscinagSinLogo.jpg\" alt=\"\" width=\"1000\" height=\"748\" \/><\/div>\n<\/div>\n<div class=\"elementor-element elementor-element-21c6bbe2 elementor-widget elementor-widget-text-editor animated fadeIn\" data-id=\"21c6bbe2\" data-element_type=\"widget\" data-widget_type=\"text-editor.default\">\n<div class=\"elementor-widget-container\">\n<p><span dir=\"auto\">Entdecken Sie die zweite Phase unserer exklusiven Wohnanlage in Castalla: 12 Einfamilienh\u00e4user mit Garagen, privater Wohnanlage und Swimmingpool. Jetzt mit neuem Design und verbesserten Ausstattungsmerkmalen, um Ihnen noch mehr Komfort und Exklusivit\u00e4t in einer privilegierten Umgebung zu bieten.<\/span><\/p>\n<\/div>\n<\/div>\n<div class=\"elementor-element elementor-element-3e132524 elementor-widget elementor-widget-heading animated fadeInRight\" data-id=\"3e132524\" data-element_type=\"widget\" data-widget_type=\"heading.default\">\n<div class=\"elementor-widget-container\">\n<h2 class=\"elementor-heading-title elementor-size-default\"><span dir=\"auto\">ZUSAMMENFASSUNG<\/span><\/h2>\n<\/div>\n<\/div>\n<div class=\"elementor-element elementor-element-3c25fdf1 elementor-widget elementor-widget-heading animated fadeIn\" data-id=\"3c25fdf1\" data-element_type=\"widget\" data-widget_type=\"heading.default\">\n<div class=\"elementor-widget-container\">\n<h3 class=\"elementor-heading-title elementor-size-default\"><span dir=\"auto\">STATUS: WARTET AUF DEN BAUBEGINN<\/span><\/h3>\n<\/div>\n<\/div>\n<div class=\"elementor-element elementor-element-4fe91e81 elementor-widget elementor-widget-heading animated fadeIn\" data-id=\"4fe91e81\" data-element_type=\"widget\" data-widget_type=\"heading.default\">\n<div class=\"elementor-widget-container\">\n<h3 class=\"elementor-heading-title elementor-size-default\"><span dir=\"auto\">VORAUSSICHTLICHE FERTIGSTELLUNG: 30 MONATE NACH BAUBEGINN<\/span><\/h3>\n<\/div>\n<\/div>\n<div class=\"elementor-element elementor-element-7e89e016 elementor-widget elementor-widget-heading animated fadeIn\" data-id=\"7e89e016\" data-element_type=\"widget\" data-widget_type=\"heading.default\">\n<div class=\"elementor-widget-container\">\n<h3 class=\"elementor-heading-title elementor-size-default\"><span dir=\"auto\">ADRESSE: C\/RIU SEGURA, CASTALLA<\/span><\/h3>\n<\/div>\n<\/div>\n<div class=\"elementor-element elementor-element-1159685 elementor-widget elementor-widget-heading animated fadeIn\" data-id=\"1159685\" data-element_type=\"widget\" data-widget_type=\"heading.default\">\n<div class=\"elementor-widget-container\">\n<h3 class=\"elementor-heading-title elementor-size-default\"><span dir=\"auto\">WOHNUNGSTYPEN: 3 SCHLAFZIMMER<\/span><\/h3>\n<\/div>\n<\/div>\n<div class=\"elementor-element elementor-element-413d72ec elementor-widget elementor-widget-heading animated fadeInRight\" data-id=\"413d72ec\" data-element_type=\"widget\" data-widget_type=\"heading.default\">\n<div class=\"elementor-widget-container\">\n<h2 class=\"elementor-heading-title elementor-size-default\"><span dir=\"auto\">IM AUSLAND<\/span><\/h2>\n<\/div>\n<\/div>\n<div class=\"elementor-element elementor-element-c713b46 elementor-widget elementor-widget-image\" data-id=\"c713b46\" data-element_type=\"widget\" data-widget_type=\"image.default\">\n<div class=\"elementor-widget-container\"><img loading=\"lazy\" decoding=\"async\" class=\"attachment-large size-large wp-image-965\" src=\"https:\/\/tarancon-inmobiliaria.com\/wp-content\/uploads\/2025\/02\/fachaIndividualSinLogo.jpg\" alt=\"\" width=\"800\" height=\"682\" \/><\/div>\n<\/div>\n<div class=\"elementor-element elementor-element-85618d1 elementor-widget elementor-widget-image animated fadeIn\" data-id=\"85618d1\" data-element_type=\"widget\" data-widget_type=\"image.default\">\n<div class=\"elementor-widget-container\"><img loading=\"lazy\" decoding=\"async\" class=\"attachment-large size-large wp-image-959\" src=\"https:\/\/tarancon-inmobiliaria.com\/wp-content\/uploads\/2025\/02\/1_fachadag.jpg\" alt=\"\" width=\"800\" height=\"307\" \/><\/div>\n<\/div>\n<div><\/div>\n<div><\/div>\n<div class=\"elementor-element elementor-element-85618d1 elementor-widget elementor-widget-image animated fadeIn\" data-id=\"85618d1\" data-element_type=\"widget\" data-widget_type=\"image.default\">\n<div>\u00a0 \u00a0 \u00a0 \u00a0 \u00a0 \u00a0Bitte kontaktieren Sie unser B\u00fcro, um weitere Informationen zu diesem Angebot zu erhalten!!!!!!!!!!!!!!!!!!!!!!!!!!!!!!!<\/div>\n<\/div>\n<div><\/div>\n<div><\/div>\n<div class=\"elementor-element elementor-element-85618d1 elementor-widget elementor-widget-image animated fadeIn\" data-id=\"85618d1\" data-element_type=\"widget\" data-widget_type=\"image.default\">\n<div>Dieses neue Bauprojekt an der Avenida de la Vega, PAU 12, Sektor A, Orihuela (Alicante) befindet sich in einem der vielversprechendsten Stadtteile. Dank seiner strategisch g\u00fcnstigen Lage sind Dienstleistungen, Gesch\u00e4fte und \u00f6ffentliche Verkehrsmittel leicht zu erreichen, was es zu einem idealen Ort zum Leben und Investieren macht.<\/div>\n<\/div>\n","protected":false},"excerpt":{"rendered":"<p>Residenz Mirador de Castalla Entdecken Sie die zweite Phase unserer exklusiven Wohnanlage in Castalla: 12 Einfamilienh\u00e4user mit Garagen, privater Wohnanlage und Swimmingpool. Jetzt mit neuem Design und verbesserten Ausstattungsmerkmalen, um Ihnen noch mehr Komfort und Exklusivit\u00e4t in einer privilegierten Umgebung zu bieten. ZUSAMMENFASSUNG STATUS: WARTET AUF DEN BAUBEGINN VORAUSSICHTLICHE FERTIGSTELLUNG: 30 MONATE NACH BAUBEGINN ADRESSE:&#8230;<\/p>\n","protected":false},"author":1156,"featured_media":0,"menu_order":0,"template":"","meta":{"_acf_changed":false,"_kad_blocks_custom_css":"","_kad_blocks_head_custom_js":"","_kad_blocks_body_custom_js":"","_kad_blocks_footer_custom_js":"","_kad_post_transparent":"","_kad_post_title":"","_kad_post_layout":"","_kad_post_sidebar_id":"","_kad_post_content_style":"","_kad_post_vertical_padding":"","_kad_post_feature":"","_kad_post_feature_position":"","_kad_post_header":false,"_kad_post_footer":false,"_joinchat":[],"footnotes":""},"categories":[],"tags":[],"class_list":["post-354098","property","type-property","status-publish","hentry"],"acf":{"add_photos":[316023,316024,316025,316026],"video":""},"yoast_head":"<!-- This site is optimized with the Yoast SEO plugin v24.5 - https:\/\/yoast.com\/wordpress\/plugins\/seo\/ -->\n<title>HIS949 - Devetoper<\/title>\n<meta name=\"robots\" content=\"noindex, follow\" \/>\n<meta property=\"og:locale\" content=\"de_DE\" \/>\n<meta property=\"og:type\" content=\"article\" \/>\n<meta property=\"og:title\" content=\"HIS949 - Devetoper\" \/>\n<meta property=\"og:description\" content=\"Residenz Mirador de Castalla Entdecken Sie die zweite Phase unserer exklusiven Wohnanlage in Castalla: 12 Einfamilienh\u00e4user mit Garagen, privater Wohnanlage und Swimmingpool. Jetzt mit neuem Design und verbesserten Ausstattungsmerkmalen, um Ihnen noch mehr Komfort und Exklusivit\u00e4t in einer privilegierten Umgebung zu bieten. ZUSAMMENFASSUNG STATUS: WARTET AUF DEN BAUBEGINN VORAUSSICHTLICHE FERTIGSTELLUNG: 30 MONATE NACH BAUBEGINN ADRESSE:...\" \/>\n<meta property=\"og:url\" content=\"https:\/\/devetoper.com\/de\/properties\/his949-5\/\" \/>\n<meta property=\"og:site_name\" content=\"Devetoper\" \/>\n<meta property=\"article:publisher\" content=\"https:\/\/www.facebook.com\/DEVETOPERCOM\" \/>\n<meta property=\"og:image\" content=\"https:\/\/devetoper.com\/wp-content\/uploads\/2024\/05\/FALLBACK.png\" \/>\n\t<meta property=\"og:image:width\" content=\"1200\" \/>\n\t<meta property=\"og:image:height\" content=\"675\" \/>\n\t<meta property=\"og:image:type\" content=\"image\/png\" \/>\n<meta name=\"twitter:card\" content=\"summary_large_image\" \/>\n<meta name=\"twitter:site\" content=\"@DEVETOPER\" \/>\n<meta name=\"twitter:label1\" content=\"Gesch\u00e4tzte Lesezeit\" \/>\n\t<meta name=\"twitter:data1\" content=\"1 minute\" \/>\n<script type=\"application\/ld+json\" class=\"yoast-schema-graph\">{\"@context\":\"https:\/\/schema.org\",\"@graph\":[{\"@type\":[\"WebPage\",\"RealEstateListing\"],\"@id\":\"https:\/\/devetoper.com\/de\/properties\/his949-5\/\",\"url\":\"https:\/\/devetoper.com\/de\/properties\/his949-5\/\",\"name\":\"HIS949 - Devetoper\",\"isPartOf\":{\"@id\":\"https:\/\/devetoper.com\/de\/#website\"},\"primaryImageOfPage\":{\"@id\":\"https:\/\/devetoper.com\/de\/properties\/his949-5\/#primaryimage\"},\"image\":{\"@id\":\"https:\/\/devetoper.com\/de\/properties\/his949-5\/#primaryimage\"},\"thumbnailUrl\":\"https:\/\/tarancon-inmobiliaria.com\/wp-content\/uploads\/2025\/02\/3_piscinagSinLogo.jpg\",\"datePublished\":\"2026-02-06T22:16:54+00:00\",\"breadcrumb\":{\"@id\":\"https:\/\/devetoper.com\/de\/properties\/his949-5\/#breadcrumb\"},\"inLanguage\":\"de-DE\",\"potentialAction\":[{\"@type\":\"ReadAction\",\"target\":[\"https:\/\/devetoper.com\/de\/properties\/his949-5\/\"]}]},{\"@type\":\"ImageObject\",\"inLanguage\":\"de-DE\",\"@id\":\"https:\/\/devetoper.com\/de\/properties\/his949-5\/#primaryimage\",\"url\":\"https:\/\/tarancon-inmobiliaria.com\/wp-content\/uploads\/2025\/02\/3_piscinagSinLogo.jpg\",\"contentUrl\":\"https:\/\/tarancon-inmobiliaria.com\/wp-content\/uploads\/2025\/02\/3_piscinagSinLogo.jpg\"},{\"@type\":\"BreadcrumbList\",\"@id\":\"https:\/\/devetoper.com\/de\/properties\/his949-5\/#breadcrumb\",\"itemListElement\":[{\"@type\":\"ListItem\",\"position\":1,\"name\":\"Startseite\",\"item\":\"https:\/\/devetoper.com\/de\/\"},{\"@type\":\"ListItem\",\"position\":2,\"name\":\"Properties\",\"item\":\"https:\/\/devetoper.com\/de\/properties\/\"},{\"@type\":\"ListItem\",\"position\":3,\"name\":\"HIS949\"}]},{\"@type\":\"WebSite\",\"@id\":\"https:\/\/devetoper.com\/de\/#website\",\"url\":\"https:\/\/devetoper.com\/de\/\",\"name\":\"Devetoper\",\"description\":\"\u041f\u0440\u043e\u0444\u0435\u0441\u0441\u0438\u043e\u043d\u0430\u043b\u0438\u0437\u043c, \u043e\u0431\u0435\u0441\u043f\u0435\u0447\u0438\u0432\u0430\u044e\u0449\u0438\u0439 \u0431\u0435\u0437\u043e\u043f\u0430\u0441\u043d\u043e\u0441\u0442\u044c \u043a\u0430\u0436\u0434\u043e\u0439 \u0442\u0440\u0430\u043d\u0437\u0430\u043a\u0446\u0438\u0438\",\"publisher\":{\"@id\":\"https:\/\/devetoper.com\/de\/#organization\"},\"potentialAction\":[{\"@type\":\"SearchAction\",\"target\":{\"@type\":\"EntryPoint\",\"urlTemplate\":\"https:\/\/devetoper.com\/de\/?s={search_term_string}\"},\"query-input\":{\"@type\":\"PropertyValueSpecification\",\"valueRequired\":true,\"valueName\":\"search_term_string\"}}],\"inLanguage\":\"de-DE\"},{\"@type\":\"Organization\",\"@id\":\"https:\/\/devetoper.com\/de\/#organization\",\"name\":\"Devetoper\",\"url\":\"https:\/\/devetoper.com\/de\/\",\"logo\":{\"@type\":\"ImageObject\",\"inLanguage\":\"de-DE\",\"@id\":\"https:\/\/devetoper.com\/de\/#\/schema\/logo\/image\/\",\"url\":\"https:\/\/devetoper.com\/wp-content\/uploads\/2024\/05\/ORG_FALLBACK.png\",\"contentUrl\":\"https:\/\/devetoper.com\/wp-content\/uploads\/2024\/05\/ORG_FALLBACK.png\",\"width\":696,\"height\":696,\"caption\":\"Devetoper\"},\"image\":{\"@id\":\"https:\/\/devetoper.com\/de\/#\/schema\/logo\/image\/\"},\"sameAs\":[\"https:\/\/www.facebook.com\/DEVETOPERCOM\",\"https:\/\/x.com\/DEVETOPER\",\"https:\/\/www.youtube.com\/channel\/UCRF8haCQIXnFKmW464sqApQ\",\"https:\/\/www.tiktok.com\/@devetoper\",\"https:\/\/www.instagram.com\/devetoper_\/\"]}]}<\/script>\n<!-- \/ Yoast SEO plugin. -->","yoast_head_json":{"title":"HIS949 - Devetoper","robots":{"index":"noindex","follow":"follow"},"og_locale":"de_DE","og_type":"article","og_title":"HIS949 - Devetoper","og_description":"Residenz Mirador de Castalla Entdecken Sie die zweite Phase unserer exklusiven Wohnanlage in Castalla: 12 Einfamilienh\u00e4user mit Garagen, privater Wohnanlage und Swimmingpool. Jetzt mit neuem Design und verbesserten Ausstattungsmerkmalen, um Ihnen noch mehr Komfort und Exklusivit\u00e4t in einer privilegierten Umgebung zu bieten. ZUSAMMENFASSUNG STATUS: WARTET AUF DEN BAUBEGINN VORAUSSICHTLICHE FERTIGSTELLUNG: 30 MONATE NACH BAUBEGINN ADRESSE:...","og_url":"https:\/\/devetoper.com\/de\/properties\/his949-5\/","og_site_name":"Devetoper","article_publisher":"https:\/\/www.facebook.com\/DEVETOPERCOM","og_image":[{"width":1200,"height":675,"url":"https:\/\/devetoper.com\/wp-content\/uploads\/2024\/05\/FALLBACK.png","type":"image\/png"}],"twitter_card":"summary_large_image","twitter_site":"@DEVETOPER","twitter_misc":{"Gesch\u00e4tzte Lesezeit":"1 minute"},"schema":{"@context":"https:\/\/schema.org","@graph":[{"@type":["WebPage","RealEstateListing"],"@id":"https:\/\/devetoper.com\/de\/properties\/his949-5\/","url":"https:\/\/devetoper.com\/de\/properties\/his949-5\/","name":"HIS949 - Devetoper","isPartOf":{"@id":"https:\/\/devetoper.com\/de\/#website"},"primaryImageOfPage":{"@id":"https:\/\/devetoper.com\/de\/properties\/his949-5\/#primaryimage"},"image":{"@id":"https:\/\/devetoper.com\/de\/properties\/his949-5\/#primaryimage"},"thumbnailUrl":"https:\/\/tarancon-inmobiliaria.com\/wp-content\/uploads\/2025\/02\/3_piscinagSinLogo.jpg","datePublished":"2026-02-06T22:16:54+00:00","breadcrumb":{"@id":"https:\/\/devetoper.com\/de\/properties\/his949-5\/#breadcrumb"},"inLanguage":"de-DE","potentialAction":[{"@type":"ReadAction","target":["https:\/\/devetoper.com\/de\/properties\/his949-5\/"]}]},{"@type":"ImageObject","inLanguage":"de-DE","@id":"https:\/\/devetoper.com\/de\/properties\/his949-5\/#primaryimage","url":"https:\/\/tarancon-inmobiliaria.com\/wp-content\/uploads\/2025\/02\/3_piscinagSinLogo.jpg","contentUrl":"https:\/\/tarancon-inmobiliaria.com\/wp-content\/uploads\/2025\/02\/3_piscinagSinLogo.jpg"},{"@type":"BreadcrumbList","@id":"https:\/\/devetoper.com\/de\/properties\/his949-5\/#breadcrumb","itemListElement":[{"@type":"ListItem","position":1,"name":"Startseite","item":"https:\/\/devetoper.com\/de\/"},{"@type":"ListItem","position":2,"name":"Properties","item":"https:\/\/devetoper.com\/de\/properties\/"},{"@type":"ListItem","position":3,"name":"HIS949"}]},{"@type":"WebSite","@id":"https:\/\/devetoper.com\/de\/#website","url":"https:\/\/devetoper.com\/de\/","name":"Devetoper","description":"\u041f\u0440\u043e\u0444\u0435\u0441\u0441\u0438\u043e\u043d\u0430\u043b\u0438\u0437\u043c, \u043e\u0431\u0435\u0441\u043f\u0435\u0447\u0438\u0432\u0430\u044e\u0449\u0438\u0439 \u0431\u0435\u0437\u043e\u043f\u0430\u0441\u043d\u043e\u0441\u0442\u044c \u043a\u0430\u0436\u0434\u043e\u0439 \u0442\u0440\u0430\u043d\u0437\u0430\u043a\u0446\u0438\u0438","publisher":{"@id":"https:\/\/devetoper.com\/de\/#organization"},"potentialAction":[{"@type":"SearchAction","target":{"@type":"EntryPoint","urlTemplate":"https:\/\/devetoper.com\/de\/?s={search_term_string}"},"query-input":{"@type":"PropertyValueSpecification","valueRequired":true,"valueName":"search_term_string"}}],"inLanguage":"de-DE"},{"@type":"Organization","@id":"https:\/\/devetoper.com\/de\/#organization","name":"Devetoper","url":"https:\/\/devetoper.com\/de\/","logo":{"@type":"ImageObject","inLanguage":"de-DE","@id":"https:\/\/devetoper.com\/de\/#\/schema\/logo\/image\/","url":"https:\/\/devetoper.com\/wp-content\/uploads\/2024\/05\/ORG_FALLBACK.png","contentUrl":"https:\/\/devetoper.com\/wp-content\/uploads\/2024\/05\/ORG_FALLBACK.png","width":696,"height":696,"caption":"Devetoper"},"image":{"@id":"https:\/\/devetoper.com\/de\/#\/schema\/logo\/image\/"},"sameAs":["https:\/\/www.facebook.com\/DEVETOPERCOM","https:\/\/x.com\/DEVETOPER","https:\/\/www.youtube.com\/channel\/UCRF8haCQIXnFKmW464sqApQ","https:\/\/www.tiktok.com\/@devetoper","https:\/\/www.instagram.com\/devetoper_\/"]}]}},"taxonomy_info":[],"featured_image_src_large":false,"author_info":{"display_name":"DEVETOPER","author_link":"https:\/\/devetoper.com\/de\/author\/devetoper\/"},"comment_info":"","jetpack_sharing_enabled":true,"_links":{"self":[{"href":"https:\/\/devetoper.com\/de\/wp-json\/wp\/v2\/property\/354098","targetHints":{"allow":["GET"]}}],"collection":[{"href":"https:\/\/devetoper.com\/de\/wp-json\/wp\/v2\/property"}],"about":[{"href":"https:\/\/devetoper.com\/de\/wp-json\/wp\/v2\/types\/property"}],"author":[{"embeddable":true,"href":"https:\/\/devetoper.com\/de\/wp-json\/wp\/v2\/users\/1156"}],"version-history":[{"count":0,"href":"https:\/\/devetoper.com\/de\/wp-json\/wp\/v2\/property\/354098\/revisions"}],"acf:attachment":[{"embeddable":true,"href":"https:\/\/devetoper.com\/de\/wp-json\/wp\/v2\/media\/316026"},{"embeddable":true,"href":"https:\/\/devetoper.com\/de\/wp-json\/wp\/v2\/media\/316025"},{"embeddable":true,"href":"https:\/\/devetoper.com\/de\/wp-json\/wp\/v2\/media\/316024"},{"embeddable":true,"href":"https:\/\/devetoper.com\/de\/wp-json\/wp\/v2\/media\/316023"}],"wp:attachment":[{"href":"https:\/\/devetoper.com\/de\/wp-json\/wp\/v2\/media?parent=354098"}],"wp:term":[{"taxonomy":"category","embeddable":true,"href":"https:\/\/devetoper.com\/de\/wp-json\/wp\/v2\/categories?post=354098"},{"taxonomy":"post_tag","embeddable":true,"href":"https:\/\/devetoper.com\/de\/wp-json\/wp\/v2\/tags?post=354098"}],"curies":[{"name":"wp","href":"https:\/\/api.w.org\/{rel}","templated":true}]}}