{"id":360022,"date":"2026-02-18T03:34:03","date_gmt":"2026-02-18T02:34:03","guid":{"rendered":"https:\/\/devetoper.com\/properties\/his976\/"},"modified":"2026-02-18T03:34:03","modified_gmt":"2026-02-18T02:34:03","slug":"his976","status":"publish","type":"property","link":"https:\/\/devetoper.com\/de\/properties\/his976\/","title":{"rendered":"HIS976"},"content":{"rendered":"<section id=\"vista-general\" class=\"hero__detalle vc-component vc-autoid-20bf75d55c27bdc196ea7a58b4ffc7829bbeb991\" data-component-name=\"hero-detalle\" data-gtm-position=\"foto\">\n<div class=\"hero__box\"><\/div>\n<\/section>\n<div id=\"descripcion\" class=\"text-top--promo-detalle vc-component vc-autoid-1ab467ef76e763bd435b18bc9a4cc3c26018cf46\" data-component-name=\"text-top--promo-detalle\">\n<div class=\"circle circle-component vc-component vc-autoid-37043756f4f4d10eb61719c50b11469db2a8ae5c\" data-component-name=\"circle\">\n<div><\/div>\n<\/div>\n<div class=\"box-text--2col\">\n<h3><\/h3>\n<p><strong><span dir=\"auto\">C\u00e9lere Altos de Ripagaina<\/span><\/strong><span dir=\"auto\">ist ein gro\u00dfartiges neues Wohnbauprojekt, das sich in einem der neuesten Stadtentwicklungsprojekte im Gro\u00dfraum<\/span><strong><span dir=\"auto\">Pamplona<\/span><\/strong><span dir=\"auto\"><\/span><span dir=\"auto\">befindet. Es liegt direkt neben einem weitl\u00e4ufigen Naturgebiet, dem Arga-Flusspark. Phase 1 umfasst 71 H\u00e4user und Phase 2 umfasst 54 H\u00e4user mit 1, 2 und 3 Schlafzimmern, die sich in Apartments im Erdgeschoss mit Gartenterrassen und auf acht Etagen befinden, alle mit gro\u00dfz\u00fcgigen Terrassen.<\/span><\/p>\n<p><span dir=\"auto\">Alle H\u00e4user verf\u00fcgen \u00fcber einen Parkplatz und einen Abstellraum.<\/span><\/p>\n<p><strong><span dir=\"auto\">Ihr Haus wird der ideale Ort f\u00fcr ein unbeschwertes Leben sein<\/span><\/strong><span dir=\"auto\">, mit einer perfekten Kombination aus Gemeinschaftsr\u00e4umen,<\/span><strong><span dir=\"auto\">ruhiger Umgebung und st\u00e4dtischen Annehmlichkeiten<\/span><\/strong><span dir=\"auto\">. Die Wohnanlage bietet einen Gemeinschafts-\/Exklusivraum, einen gro\u00dfz\u00fcgigen Au\u00dfenbereich und einen Kinderspielplatz.<\/span><\/p>\n<p><span dir=\"auto\">Wir haben uns um jedes noch so kleine Detail gek\u00fcmmert, und die Qualit\u00e4t und das moderne Design verleihen diesem Projekt einen einzigartigen, unverwechselbaren Charakter.<\/span><\/p>\n<p><span dir=\"auto\">Bei<\/span><em><span dir=\"auto\">C\u00e9lere Altos de Ripagaina<\/span><\/em><span dir=\"auto\">m\u00f6chten wir, dass Sie sich vom ersten Tag an wie zu Hause f\u00fchlen. Deshalb<\/span><strong><span dir=\"auto\">bieten wir Ihnen die M\u00f6glichkeit<\/span><\/strong><span dir=\"auto\">, aus verschiedenen Materialien, Farben und Strukturen zu w\u00e4hlen,<\/span><strong><span dir=\"auto\">damit Sie Ihr Zuhause<\/span><\/strong><span dir=\"auto\">ganz nach Ihren W\u00fcnschen<\/span><strong><span dir=\"auto\">gestalten k\u00f6nnen<\/span><\/strong><span dir=\"auto\">.<\/span><\/p>\n<p><span dir=\"auto\">C\u00e9lere Altos de Ripagaina hat<\/span><strong><span dir=\"auto\">die Energieeffizienzklasse A<\/span><\/strong><span dir=\"auto\">, was Energie- und Geldersparnis bedeutet, sodass Sie komfortabel und unkompliziert leben k\u00f6nnen.<\/span><\/p>\n<p><span dir=\"auto\">C\u00e9lere Altos de Ripagaina sind H\u00e4user, die Ihre Zukunft gestalten.<\/span><\/p>\n<div class=\"vc-component vc-autoid-b89b68961b5229bc032e9a42771423673f152ee2\" data-component-name=\"promo-ubicacion-y-alrededores\">\n<div id=\"ubicacion\" class=\"title-right--text vc-component vc-autoid-f7e33bdb92afa4a9b90c46a1e9567fdcd3e7c11e\" data-nav-name=\"ubicacion\" data-component-name=\"title-right--text\">\n<div class=\"rich-text\">\n<p><strong><span dir=\"auto\">C\u00e9lere Altos de Ripagaina ist ein Ort, der einen Besuch wert ist<\/span><\/strong><span dir=\"auto\">und sich in einem der neuesten Stadtentwicklungsprojekte im Gro\u00dfraum Pamplona befindet.<\/span><\/p>\n<p><span dir=\"auto\">Die Anlage befindet sich in<\/span><strong><span dir=\"auto\">einer einzigartigen Umgebung<\/span><\/strong><span dir=\"auto\">, direkt neben<\/span><strong><span dir=\"auto\">einem<\/span><\/strong><span dir=\"auto\">wichtigen<\/span><strong><span dir=\"auto\">Naturgebiet<\/span><\/strong><span dir=\"auto\">, dem Arga-Flusspark. Die Anlage verf\u00fcgt auch \u00fcber eine weitl\u00e4ufige Gr\u00fcnfl\u00e4che, parallel zum Arga-Flusspark, der zu einem wichtigen Naturgebiet geworden ist.<\/span><\/p>\n<p><span dir=\"auto\">Es handelt sich um<\/span><strong><span dir=\"auto\">einen modernen Stadtteil<\/span><\/strong><span dir=\"auto\">in st\u00e4ndiger Entwicklung, der unz\u00e4hlige Freizeitm\u00f6glichkeiten und Dienstleistungen bietet, wie breite Alleen und Kinderspielpl\u00e4tze, Superm\u00e4rkte, rund um die Uhr ge\u00f6ffnete Apotheken, Gesch\u00e4fte, darunter Friseursalons und Gesundheitszentren, sodass alles in Reichweite ist.<\/span><\/p>\n<p><span dir=\"auto\">Dar\u00fcber hinaus besteht die M\u00f6glichkeit,<\/span><strong><span dir=\"auto\">die nachhaltige Mobilit\u00e4t<\/span><\/strong><span dir=\"auto\">zu nutzen<\/span><span dir=\"auto\">, die ein charakteristisches Merkmal des modernen Stadtteils ist: Mit dem Fahrrad oder zu Fu\u00df kann man jeden Punkt der Stadt leicht erreichen.<\/span><\/p>\n<p><strong><span dir=\"auto\">C\u00e9lere Altos de Ripagaina kann sich einer unvergleichlichen Lage <\/span><\/strong><span dir=\"auto\"> im Vergleich zum Rest der Stadt<\/span><strong><span dir=\"auto\">r\u00fchmen<\/span><\/strong><span dir=\"auto\">. Umgeben von der Ronda, bietet das Objekt eine gute Anbindung an die gesamte Region mit schnellen Autobahnauffahrten nach Saragossa oder San Sebasti\u00e1n. In der N\u00e4he befinden sich auch mehrere Bushaltestellen.<\/span><\/p>\n<\/div>\n<\/div>\n<\/div>\n<div id=\"map\" class=\"box__map-embed vc-component vc-autoid-a01aea21b8e547b180f0ef4abac4d29a1318bc9d\" data-component-name=\"iframe-map\"><\/div>\n<\/div>\n<\/div>\n","protected":false},"excerpt":{"rendered":"<p>C\u00e9lere Altos de Ripagainaist ein gro\u00dfartiges neues Wohnbauprojekt, das sich in einem der neuesten Stadtentwicklungsprojekte im Gro\u00dfraumPamplonabefindet. Es liegt direkt neben einem weitl\u00e4ufigen Naturgebiet, dem Arga-Flusspark. Phase 1 umfasst 71 H\u00e4user und Phase 2 umfasst 54 H\u00e4user mit 1, 2 und 3 Schlafzimmern, die sich in Apartments im Erdgeschoss mit Gartenterrassen und auf acht Etagen&#8230;<\/p>\n","protected":false},"author":1156,"featured_media":0,"menu_order":0,"template":"","meta":{"_acf_changed":false,"_kad_blocks_custom_css":"","_kad_blocks_head_custom_js":"","_kad_blocks_body_custom_js":"","_kad_blocks_footer_custom_js":"","_kad_post_transparent":"","_kad_post_title":"","_kad_post_layout":"","_kad_post_sidebar_id":"","_kad_post_content_style":"","_kad_post_vertical_padding":"","_kad_post_feature":"","_kad_post_feature_position":"","_kad_post_header":false,"_kad_post_footer":false,"_joinchat":[],"footnotes":""},"categories":[],"tags":[],"class_list":["post-360022","property","type-property","status-publish","hentry"],"acf":{"add_photos":[320500,320509,320501,320506,320502,320496,320503,320497,320508,320511,320505,320498,320499,320488,320491,320492,320494,320495,320493,320490,320504,320489,320507,320510],"video":""},"yoast_head":"<!-- This site is optimized with the Yoast SEO plugin v24.5 - https:\/\/yoast.com\/wordpress\/plugins\/seo\/ -->\n<title>HIS976 - Devetoper<\/title>\n<meta name=\"robots\" content=\"noindex, follow\" \/>\n<meta property=\"og:locale\" content=\"de_DE\" \/>\n<meta property=\"og:type\" content=\"article\" \/>\n<meta property=\"og:title\" content=\"HIS976 - Devetoper\" \/>\n<meta property=\"og:description\" content=\"C\u00e9lere Altos de Ripagainaist ein gro\u00dfartiges neues Wohnbauprojekt, das sich in einem der neuesten Stadtentwicklungsprojekte im Gro\u00dfraumPamplonabefindet. Es liegt direkt neben einem weitl\u00e4ufigen Naturgebiet, dem Arga-Flusspark. Phase 1 umfasst 71 H\u00e4user und Phase 2 umfasst 54 H\u00e4user mit 1, 2 und 3 Schlafzimmern, die sich in Apartments im Erdgeschoss mit Gartenterrassen und auf acht Etagen...\" \/>\n<meta property=\"og:url\" content=\"https:\/\/devetoper.com\/de\/properties\/his976\/\" \/>\n<meta property=\"og:site_name\" content=\"Devetoper\" \/>\n<meta property=\"article:publisher\" content=\"https:\/\/www.facebook.com\/DEVETOPERCOM\" \/>\n<meta property=\"og:image\" content=\"https:\/\/devetoper.com\/wp-content\/uploads\/2024\/05\/FALLBACK.png\" \/>\n\t<meta property=\"og:image:width\" content=\"1200\" \/>\n\t<meta property=\"og:image:height\" content=\"675\" \/>\n\t<meta property=\"og:image:type\" content=\"image\/png\" \/>\n<meta name=\"twitter:card\" content=\"summary_large_image\" \/>\n<meta name=\"twitter:site\" content=\"@DEVETOPER\" \/>\n<meta name=\"twitter:label1\" content=\"Gesch\u00e4tzte Lesezeit\" \/>\n\t<meta name=\"twitter:data1\" content=\"2 minute\" \/>\n<script type=\"application\/ld+json\" class=\"yoast-schema-graph\">{\"@context\":\"https:\/\/schema.org\",\"@graph\":[{\"@type\":[\"WebPage\",\"RealEstateListing\"],\"@id\":\"https:\/\/devetoper.com\/de\/properties\/his976\/\",\"url\":\"https:\/\/devetoper.com\/de\/properties\/his976\/\",\"name\":\"HIS976 - Devetoper\",\"isPartOf\":{\"@id\":\"https:\/\/devetoper.com\/de\/#website\"},\"datePublished\":\"2026-02-18T02:34:03+00:00\",\"breadcrumb\":{\"@id\":\"https:\/\/devetoper.com\/de\/properties\/his976\/#breadcrumb\"},\"inLanguage\":\"de-DE\",\"potentialAction\":[{\"@type\":\"ReadAction\",\"target\":[\"https:\/\/devetoper.com\/de\/properties\/his976\/\"]}]},{\"@type\":\"BreadcrumbList\",\"@id\":\"https:\/\/devetoper.com\/de\/properties\/his976\/#breadcrumb\",\"itemListElement\":[{\"@type\":\"ListItem\",\"position\":1,\"name\":\"Startseite\",\"item\":\"https:\/\/devetoper.com\/de\/\"},{\"@type\":\"ListItem\",\"position\":2,\"name\":\"Properties\",\"item\":\"https:\/\/devetoper.com\/de\/properties\/\"},{\"@type\":\"ListItem\",\"position\":3,\"name\":\"HIS976\"}]},{\"@type\":\"WebSite\",\"@id\":\"https:\/\/devetoper.com\/de\/#website\",\"url\":\"https:\/\/devetoper.com\/de\/\",\"name\":\"Devetoper\",\"description\":\"\u041f\u0440\u043e\u0444\u0435\u0441\u0441\u0438\u043e\u043d\u0430\u043b\u0438\u0437\u043c, \u043e\u0431\u0435\u0441\u043f\u0435\u0447\u0438\u0432\u0430\u044e\u0449\u0438\u0439 \u0431\u0435\u0437\u043e\u043f\u0430\u0441\u043d\u043e\u0441\u0442\u044c \u043a\u0430\u0436\u0434\u043e\u0439 \u0442\u0440\u0430\u043d\u0437\u0430\u043a\u0446\u0438\u0438\",\"publisher\":{\"@id\":\"https:\/\/devetoper.com\/de\/#organization\"},\"potentialAction\":[{\"@type\":\"SearchAction\",\"target\":{\"@type\":\"EntryPoint\",\"urlTemplate\":\"https:\/\/devetoper.com\/de\/?s={search_term_string}\"},\"query-input\":{\"@type\":\"PropertyValueSpecification\",\"valueRequired\":true,\"valueName\":\"search_term_string\"}}],\"inLanguage\":\"de-DE\"},{\"@type\":\"Organization\",\"@id\":\"https:\/\/devetoper.com\/de\/#organization\",\"name\":\"Devetoper\",\"url\":\"https:\/\/devetoper.com\/de\/\",\"logo\":{\"@type\":\"ImageObject\",\"inLanguage\":\"de-DE\",\"@id\":\"https:\/\/devetoper.com\/de\/#\/schema\/logo\/image\/\",\"url\":\"https:\/\/devetoper.com\/wp-content\/uploads\/2024\/05\/ORG_FALLBACK.png\",\"contentUrl\":\"https:\/\/devetoper.com\/wp-content\/uploads\/2024\/05\/ORG_FALLBACK.png\",\"width\":696,\"height\":696,\"caption\":\"Devetoper\"},\"image\":{\"@id\":\"https:\/\/devetoper.com\/de\/#\/schema\/logo\/image\/\"},\"sameAs\":[\"https:\/\/www.facebook.com\/DEVETOPERCOM\",\"https:\/\/x.com\/DEVETOPER\",\"https:\/\/www.youtube.com\/channel\/UCRF8haCQIXnFKmW464sqApQ\",\"https:\/\/www.tiktok.com\/@devetoper\",\"https:\/\/www.instagram.com\/devetoper_\/\"]}]}<\/script>\n<!-- \/ Yoast SEO plugin. -->","yoast_head_json":{"title":"HIS976 - Devetoper","robots":{"index":"noindex","follow":"follow"},"og_locale":"de_DE","og_type":"article","og_title":"HIS976 - Devetoper","og_description":"C\u00e9lere Altos de Ripagainaist ein gro\u00dfartiges neues Wohnbauprojekt, das sich in einem der neuesten Stadtentwicklungsprojekte im Gro\u00dfraumPamplonabefindet. Es liegt direkt neben einem weitl\u00e4ufigen Naturgebiet, dem Arga-Flusspark. Phase 1 umfasst 71 H\u00e4user und Phase 2 umfasst 54 H\u00e4user mit 1, 2 und 3 Schlafzimmern, die sich in Apartments im Erdgeschoss mit Gartenterrassen und auf acht Etagen...","og_url":"https:\/\/devetoper.com\/de\/properties\/his976\/","og_site_name":"Devetoper","article_publisher":"https:\/\/www.facebook.com\/DEVETOPERCOM","og_image":[{"width":1200,"height":675,"url":"https:\/\/devetoper.com\/wp-content\/uploads\/2024\/05\/FALLBACK.png","type":"image\/png"}],"twitter_card":"summary_large_image","twitter_site":"@DEVETOPER","twitter_misc":{"Gesch\u00e4tzte Lesezeit":"2 minute"},"schema":{"@context":"https:\/\/schema.org","@graph":[{"@type":["WebPage","RealEstateListing"],"@id":"https:\/\/devetoper.com\/de\/properties\/his976\/","url":"https:\/\/devetoper.com\/de\/properties\/his976\/","name":"HIS976 - Devetoper","isPartOf":{"@id":"https:\/\/devetoper.com\/de\/#website"},"datePublished":"2026-02-18T02:34:03+00:00","breadcrumb":{"@id":"https:\/\/devetoper.com\/de\/properties\/his976\/#breadcrumb"},"inLanguage":"de-DE","potentialAction":[{"@type":"ReadAction","target":["https:\/\/devetoper.com\/de\/properties\/his976\/"]}]},{"@type":"BreadcrumbList","@id":"https:\/\/devetoper.com\/de\/properties\/his976\/#breadcrumb","itemListElement":[{"@type":"ListItem","position":1,"name":"Startseite","item":"https:\/\/devetoper.com\/de\/"},{"@type":"ListItem","position":2,"name":"Properties","item":"https:\/\/devetoper.com\/de\/properties\/"},{"@type":"ListItem","position":3,"name":"HIS976"}]},{"@type":"WebSite","@id":"https:\/\/devetoper.com\/de\/#website","url":"https:\/\/devetoper.com\/de\/","name":"Devetoper","description":"\u041f\u0440\u043e\u0444\u0435\u0441\u0441\u0438\u043e\u043d\u0430\u043b\u0438\u0437\u043c, \u043e\u0431\u0435\u0441\u043f\u0435\u0447\u0438\u0432\u0430\u044e\u0449\u0438\u0439 \u0431\u0435\u0437\u043e\u043f\u0430\u0441\u043d\u043e\u0441\u0442\u044c \u043a\u0430\u0436\u0434\u043e\u0439 \u0442\u0440\u0430\u043d\u0437\u0430\u043a\u0446\u0438\u0438","publisher":{"@id":"https:\/\/devetoper.com\/de\/#organization"},"potentialAction":[{"@type":"SearchAction","target":{"@type":"EntryPoint","urlTemplate":"https:\/\/devetoper.com\/de\/?s={search_term_string}"},"query-input":{"@type":"PropertyValueSpecification","valueRequired":true,"valueName":"search_term_string"}}],"inLanguage":"de-DE"},{"@type":"Organization","@id":"https:\/\/devetoper.com\/de\/#organization","name":"Devetoper","url":"https:\/\/devetoper.com\/de\/","logo":{"@type":"ImageObject","inLanguage":"de-DE","@id":"https:\/\/devetoper.com\/de\/#\/schema\/logo\/image\/","url":"https:\/\/devetoper.com\/wp-content\/uploads\/2024\/05\/ORG_FALLBACK.png","contentUrl":"https:\/\/devetoper.com\/wp-content\/uploads\/2024\/05\/ORG_FALLBACK.png","width":696,"height":696,"caption":"Devetoper"},"image":{"@id":"https:\/\/devetoper.com\/de\/#\/schema\/logo\/image\/"},"sameAs":["https:\/\/www.facebook.com\/DEVETOPERCOM","https:\/\/x.com\/DEVETOPER","https:\/\/www.youtube.com\/channel\/UCRF8haCQIXnFKmW464sqApQ","https:\/\/www.tiktok.com\/@devetoper","https:\/\/www.instagram.com\/devetoper_\/"]}]}},"taxonomy_info":[],"featured_image_src_large":false,"author_info":{"display_name":"DEVETOPER","author_link":"https:\/\/devetoper.com\/de\/author\/devetoper\/"},"comment_info":"","jetpack_sharing_enabled":true,"_links":{"self":[{"href":"https:\/\/devetoper.com\/de\/wp-json\/wp\/v2\/property\/360022","targetHints":{"allow":["GET"]}}],"collection":[{"href":"https:\/\/devetoper.com\/de\/wp-json\/wp\/v2\/property"}],"about":[{"href":"https:\/\/devetoper.com\/de\/wp-json\/wp\/v2\/types\/property"}],"author":[{"embeddable":true,"href":"https:\/\/devetoper.com\/de\/wp-json\/wp\/v2\/users\/1156"}],"version-history":[{"count":0,"href":"https:\/\/devetoper.com\/de\/wp-json\/wp\/v2\/property\/360022\/revisions"}],"acf:attachment":[{"embeddable":true,"href":"https:\/\/devetoper.com\/de\/wp-json\/wp\/v2\/media\/320510"},{"embeddable":true,"href":"https:\/\/devetoper.com\/de\/wp-json\/wp\/v2\/media\/320507"},{"embeddable":true,"href":"https:\/\/devetoper.com\/de\/wp-json\/wp\/v2\/media\/320489"},{"embeddable":true,"href":"https:\/\/devetoper.com\/de\/wp-json\/wp\/v2\/media\/320504"},{"embeddable":true,"href":"https:\/\/devetoper.com\/de\/wp-json\/wp\/v2\/media\/320490"},{"embeddable":true,"href":"https:\/\/devetoper.com\/de\/wp-json\/wp\/v2\/media\/320493"},{"embeddable":true,"href":"https:\/\/devetoper.com\/de\/wp-json\/wp\/v2\/media\/320495"},{"embeddable":true,"href":"https:\/\/devetoper.com\/de\/wp-json\/wp\/v2\/media\/320494"},{"embeddable":true,"href":"https:\/\/devetoper.com\/de\/wp-json\/wp\/v2\/media\/320492"},{"embeddable":true,"href":"https:\/\/devetoper.com\/de\/wp-json\/wp\/v2\/media\/320491"},{"embeddable":true,"href":"https:\/\/devetoper.com\/de\/wp-json\/wp\/v2\/media\/320488"},{"embeddable":true,"href":"https:\/\/devetoper.com\/de\/wp-json\/wp\/v2\/media\/320499"},{"embeddable":true,"href":"https:\/\/devetoper.com\/de\/wp-json\/wp\/v2\/media\/320498"},{"embeddable":true,"href":"https:\/\/devetoper.com\/de\/wp-json\/wp\/v2\/media\/320505"},{"embeddable":true,"href":"https:\/\/devetoper.com\/de\/wp-json\/wp\/v2\/media\/320511"},{"embeddable":true,"href":"https:\/\/devetoper.com\/de\/wp-json\/wp\/v2\/media\/320508"},{"embeddable":true,"href":"https:\/\/devetoper.com\/de\/wp-json\/wp\/v2\/media\/320497"},{"embeddable":true,"href":"https:\/\/devetoper.com\/de\/wp-json\/wp\/v2\/media\/320503"},{"embeddable":true,"href":"https:\/\/devetoper.com\/de\/wp-json\/wp\/v2\/media\/320496"},{"embeddable":true,"href":"https:\/\/devetoper.com\/de\/wp-json\/wp\/v2\/media\/320502"},{"embeddable":true,"href":"https:\/\/devetoper.com\/de\/wp-json\/wp\/v2\/media\/320506"},{"embeddable":true,"href":"https:\/\/devetoper.com\/de\/wp-json\/wp\/v2\/media\/320501"},{"embeddable":true,"href":"https:\/\/devetoper.com\/de\/wp-json\/wp\/v2\/media\/320509"},{"embeddable":true,"href":"https:\/\/devetoper.com\/de\/wp-json\/wp\/v2\/media\/320500"}],"wp:attachment":[{"href":"https:\/\/devetoper.com\/de\/wp-json\/wp\/v2\/media?parent=360022"}],"wp:term":[{"taxonomy":"category","embeddable":true,"href":"https:\/\/devetoper.com\/de\/wp-json\/wp\/v2\/categories?post=360022"},{"taxonomy":"post_tag","embeddable":true,"href":"https:\/\/devetoper.com\/de\/wp-json\/wp\/v2\/tags?post=360022"}],"curies":[{"name":"wp","href":"https:\/\/api.w.org\/{rel}","templated":true}]}}